




{"id":74850,"date":"2021-11-30T15:08:17","date_gmt":"2021-11-30T12:08:17","guid":{"rendered":"https:\/\/qtmm.org\/leaders\/aslan-omer-kyrymly\/"},"modified":"2022-09-21T14:15:40","modified_gmt":"2022-09-21T11:15:40","slug":"aslan-omer-kyrymly","status":"publish","type":"leaders","link":"https:\/\/qtmm.org\/qt\/leaders\/aslan-omer-kyrymly\/","title":{"rendered":"\u00d6mer Q\u0131r\u0131ml\u0131 Aslan"},"content":{"rendered":"\n<p>Q\u0131r\u0131mtatar Milliy Meclisini\u00f1 Ba\u015f\u0131n\u0131\u00f1 muavini<\/p>\n\n\n\n<h4 class=\"wp-block-heading\"><strong>Tercimeial<\/strong><\/h4>\n\n\n\n<figure class=\"wp-block-table\"><table><tbody><tr><td>Do\u011f\u011fan k\u00fcn\u00fc:<\/td><td>10.08.1976<\/td><\/tr><tr><td>Tasil:<\/td><td>iqtisadiyat\u00e7\u0131<\/td><\/tr><tr><td>Aile al\u0131:<\/td><td>evli<\/td><\/tr><\/tbody><\/table><\/figure>\n\n\n\n<ul class=\"wp-block-list\"><li>2015 senesi dekabr ay\u0131nda AQ\u015edaki Harvard universitetinde tasil, ilmiy ve tedqiqiy faaliyeti.<\/li><\/ul>\n\n\n\n<ul class=\"wp-block-list\"><li>2015 senesi&nbsp;avgust ay\u0131ndan dekabr ay\u0131na qadar Q\u0131r\u0131m Muhtar Cumhuriyeti ve Aqyar \u015feeri meseleleri \u00fck\u00fcmetini\u00f1 vekili.<\/li><\/ul>\n\n\n\n<ul class=\"wp-block-list\"><li>2015 may\u0131s ay\u0131ndan avgust ay\u0131na qadar Q\u0131r\u0131m Muhtar Cumhuriyeti ve Aqyar \u015feeri meseleleri devlet h\u0131zmetini\u00f1 ba\u015f\u0131.<\/li><\/ul>\n\n\n\n<ul class=\"wp-block-list\"><li>2014 senesi&nbsp;mart ay\u0131ndan 2015 senesini\u00f1 may\u0131s ay\u0131na qadar Q\u0131r\u0131m Muhtar Cumhuriyeti ve Aqyar \u015feeri meseleleri departamentini\u00f1 M\u00fcdiri.<\/li><\/ul>\n\n\n\n<ul class=\"wp-block-list\"><li> 2013 senesinden 2014 senesi mart ay\u0131n\u0131\u00f1 29-\u0131na qadar &#8211; Q\u0131r\u0131mtatar Milliy Meclisini\u00f1&nbsp;ba\u015f\u0131n\u0131\u00f1 muavini.<\/li><\/ul>\n\n\n\n<ul class=\"wp-block-list\"><li>2013 senesinden &#8211; Q\u0131r\u0131mtatar halq\u0131n\u0131\u00f1 Qurultay\u0131n\u0131\u00f1 vekili.<\/li><\/ul>\n\n\n\n<ul class=\"wp-block-list\"><li> 2007 senesinden 2014 senesi sent\u00e2br ay\u0131na qadar q\u0131r\u0131mtatar haql\u0131n\u0131\u00f1 lideri ve Ukraina halq mebus\u0131 Mustafa Cemilevni\u00f1 yard\u0131mc\u0131s\u0131 ve mesleat\u00e7\u0131s\u0131.<\/li><\/ul>\n\n\n\n<ul class=\"wp-block-list\"><li>2011 senesinden 2014 senesi fevral ay\u0131n\u0131\u00f1 27-sine qadar Q\u0131r\u0131m halqara \u2018S\u0130VA\u2019 (\u00abCIBA\u00bb) biznes birligini\u00f1&nbsp;idaresini\u00f1 ba\u015f\u0131 ve quruc\u0131lar\u0131ndan biri.<\/li><\/ul>\n\n\n\n<ul class=\"wp-block-list\"><li>2010 senesinden 2014 senesi fevral ay\u0131n\u0131\u00f1 27-sine \u2018Q\u0131r\u0131m inki\u015faf fondu\u2019 nezaret \u015furas\u0131n\u0131\u00f1 ba\u015f\u0131, quruc\u0131lar\u0131ndan biri.<\/li><\/ul>\n\n\n\n<ul class=\"wp-block-list\"><li>2008 senesinden 2014 senesi aprel ay\u0131na qadar &#8211; \u2018Q\u0131r\u0131mtatarlarn\u0131\u00f1 vatanda\u015fl\u0131\u011f\u0131\u2019 cemaat te\u015fkil\u00e2t\u0131n\u0131\u00f1 idaresini\u00f1 ba\u015f\u0131.<\/li><\/ul>\n\n\n\n<ul class=\"wp-block-list\"><li>2007 senesi &#8211; \u2018Q\u0131r\u0131mtatarlarn\u0131\u00f1 vatanda\u015fl\u0131\u011f\u0131\u2019 cemaat te\u015fkil\u00e2t\u0131n\u0131\u00f1 quruc\u0131lar\u0131ndan biri.<\/li><\/ul>\n","protected":false},"excerpt":{"rendered":"<p>Q\u0131r\u0131mtatar Milliy Meclisini\u00f1 Ba\u015f\u0131n\u0131\u00f1 muavini<\/p>\n","protected":false},"featured_media":85119,"template":"","categories_staff":[269,268],"class_list":["post-74850","leaders","type-leaders","status-publish","has-post-thumbnail","hentry","categories_staff-leadership-qt","categories_staff-presidium-qt"],"acf":[],"yoast_head":"<!-- This site is optimized with the Yoast SEO plugin v27.4 - https:\/\/yoast.com\/product\/yoast-seo-wordpress\/ -->\n<title>\u00d6mer Q\u0131r\u0131ml\u0131 Aslan - \u041c\u0435\u0434\u0436\u043b\u0456\u0441<\/title>\n<meta name=\"robots\" content=\"index, follow, max-snippet:-1, max-image-preview:large, max-video-preview:-1\" \/>\n<link rel=\"canonical\" href=\"https:\/\/qtmm.org\/qt\/leaders\/aslan-omer-kyrymly\/\" \/>\n<meta property=\"og:locale\" content=\"en_US\" \/>\n<meta property=\"og:type\" content=\"article\" \/>\n<meta property=\"og:title\" content=\"\u00d6mer Q\u0131r\u0131ml\u0131 Aslan - \u041c\u0435\u0434\u0436\u043b\u0456\u0441\" \/>\n<meta property=\"og:description\" content=\"Q\u0131r\u0131mtatar Milliy Meclisini\u00f1 Ba\u015f\u0131n\u0131\u00f1 muavini\" \/>\n<meta property=\"og:url\" content=\"https:\/\/qtmm.org\/qt\/leaders\/aslan-omer-kyrymly\/\" \/>\n<meta property=\"og:site_name\" content=\"\u041c\u0435\u0434\u0436\u043b\u0456\u0441\" \/>\n<meta property=\"article:publisher\" content=\"https:\/\/www.facebook.com\/qtmm.info\/\" \/>\n<meta property=\"article:modified_time\" content=\"2022-09-21T11:15:40+00:00\" \/>\n<meta property=\"og:image\" content=\"https:\/\/qtmm.org\/wp-content\/uploads\/2021\/11\/18-1.png\" \/>\n\t<meta property=\"og:image:width\" content=\"940\" \/>\n\t<meta property=\"og:image:height\" content=\"788\" \/>\n\t<meta property=\"og:image:type\" content=\"image\/png\" \/>\n<meta name=\"twitter:card\" content=\"summary_large_image\" \/>\n<meta name=\"twitter:label1\" content=\"Est. reading time\" \/>\n\t<meta name=\"twitter:data1\" content=\"1 minute\" \/>\n<script type=\"application\/ld+json\" class=\"yoast-schema-graph\">{\"@context\":\"https:\\\/\\\/schema.org\",\"@graph\":[{\"@type\":\"WebPage\",\"@id\":\"https:\\\/\\\/qtmm.org\\\/qt\\\/leaders\\\/aslan-omer-kyrymly\\\/\",\"url\":\"https:\\\/\\\/qtmm.org\\\/qt\\\/leaders\\\/aslan-omer-kyrymly\\\/\",\"name\":\"\u00d6mer Q\u0131r\u0131ml\u0131 Aslan - \u041c\u0435\u0434\u0436\u043b\u0456\u0441\",\"isPartOf\":{\"@id\":\"https:\\\/\\\/qtmm.org\\\/qt\\\/#website\"},\"primaryImageOfPage\":{\"@id\":\"https:\\\/\\\/qtmm.org\\\/qt\\\/leaders\\\/aslan-omer-kyrymly\\\/#primaryimage\"},\"image\":{\"@id\":\"https:\\\/\\\/qtmm.org\\\/qt\\\/leaders\\\/aslan-omer-kyrymly\\\/#primaryimage\"},\"thumbnailUrl\":\"https:\\\/\\\/qtmm.org\\\/wp-content\\\/uploads\\\/2021\\\/10\\\/18.png\",\"datePublished\":\"2021-11-30T12:08:17+00:00\",\"dateModified\":\"2022-09-21T11:15:40+00:00\",\"breadcrumb\":{\"@id\":\"https:\\\/\\\/qtmm.org\\\/qt\\\/leaders\\\/aslan-omer-kyrymly\\\/#breadcrumb\"},\"inLanguage\":\"qt\",\"potentialAction\":[{\"@type\":\"ReadAction\",\"target\":[\"https:\\\/\\\/qtmm.org\\\/qt\\\/leaders\\\/aslan-omer-kyrymly\\\/\"]}]},{\"@type\":\"ImageObject\",\"inLanguage\":\"qt\",\"@id\":\"https:\\\/\\\/qtmm.org\\\/qt\\\/leaders\\\/aslan-omer-kyrymly\\\/#primaryimage\",\"url\":\"https:\\\/\\\/qtmm.org\\\/wp-content\\\/uploads\\\/2021\\\/10\\\/18.png\",\"contentUrl\":\"https:\\\/\\\/qtmm.org\\\/wp-content\\\/uploads\\\/2021\\\/10\\\/18.png\",\"width\":940,\"height\":788},{\"@type\":\"BreadcrumbList\",\"@id\":\"https:\\\/\\\/qtmm.org\\\/qt\\\/leaders\\\/aslan-omer-kyrymly\\\/#breadcrumb\",\"itemListElement\":[{\"@type\":\"ListItem\",\"position\":1,\"name\":\"\u0413\u043e\u043b\u043e\u0432\u043d\u0430\",\"item\":\"https:\\\/\\\/qtmm.org\\\/qt\\\/\"},{\"@type\":\"ListItem\",\"position\":2,\"name\":\"\u0421\u043a\u043b\u0430\u0434\",\"item\":\"https:\\\/\\\/qtmm.org\\\/qt\\\/leaders\\\/\"},{\"@type\":\"ListItem\",\"position\":3,\"name\":\"\u00d6mer Q\u0131r\u0131ml\u0131 Aslan\"}]},{\"@type\":\"WebSite\",\"@id\":\"https:\\\/\\\/qtmm.org\\\/qt\\\/#website\",\"url\":\"https:\\\/\\\/qtmm.org\\\/qt\\\/\",\"name\":\"\u041c\u0435\u0434\u0436\u043b\u0456\u0441\",\"description\":\"\",\"publisher\":{\"@id\":\"https:\\\/\\\/qtmm.org\\\/qt\\\/#organization\"},\"potentialAction\":[{\"@type\":\"SearchAction\",\"target\":{\"@type\":\"EntryPoint\",\"urlTemplate\":\"https:\\\/\\\/qtmm.org\\\/qt\\\/?s={search_term_string}\"},\"query-input\":{\"@type\":\"PropertyValueSpecification\",\"valueRequired\":true,\"valueName\":\"search_term_string\"}}],\"inLanguage\":\"qt\"},{\"@type\":\"Organization\",\"@id\":\"https:\\\/\\\/qtmm.org\\\/qt\\\/#organization\",\"name\":\"\u041c\u0435\u0434\u0436\u043b\u0456\u0441\",\"url\":\"https:\\\/\\\/qtmm.org\\\/qt\\\/\",\"logo\":{\"@type\":\"ImageObject\",\"inLanguage\":\"qt\",\"@id\":\"https:\\\/\\\/qtmm.org\\\/qt\\\/#\\\/schema\\\/logo\\\/image\\\/\",\"url\":\"https:\\\/\\\/qtmm.org\\\/wp-content\\\/uploads\\\/2024\\\/12\\\/ua-mejlis-logo-rgb.svg\",\"contentUrl\":\"https:\\\/\\\/qtmm.org\\\/wp-content\\\/uploads\\\/2024\\\/12\\\/ua-mejlis-logo-rgb.svg\",\"caption\":\"\u041c\u0435\u0434\u0436\u043b\u0456\u0441\"},\"image\":{\"@id\":\"https:\\\/\\\/qtmm.org\\\/qt\\\/#\\\/schema\\\/logo\\\/image\\\/\"},\"sameAs\":[\"https:\\\/\\\/www.facebook.com\\\/qtmm.info\\\/\"]}]}<\/script>\n<!-- \/ Yoast SEO plugin. -->","yoast_head_json":{"title":"\u00d6mer Q\u0131r\u0131ml\u0131 Aslan - \u041c\u0435\u0434\u0436\u043b\u0456\u0441","robots":{"index":"index","follow":"follow","max-snippet":"max-snippet:-1","max-image-preview":"max-image-preview:large","max-video-preview":"max-video-preview:-1"},"canonical":"https:\/\/qtmm.org\/qt\/leaders\/aslan-omer-kyrymly\/","og_locale":"en_US","og_type":"article","og_title":"\u00d6mer Q\u0131r\u0131ml\u0131 Aslan - \u041c\u0435\u0434\u0436\u043b\u0456\u0441","og_description":"Q\u0131r\u0131mtatar Milliy Meclisini\u00f1 Ba\u015f\u0131n\u0131\u00f1 muavini","og_url":"https:\/\/qtmm.org\/qt\/leaders\/aslan-omer-kyrymly\/","og_site_name":"\u041c\u0435\u0434\u0436\u043b\u0456\u0441","article_publisher":"https:\/\/www.facebook.com\/qtmm.info\/","article_modified_time":"2022-09-21T11:15:40+00:00","og_image":[{"width":940,"height":788,"url":"https:\/\/qtmm.org\/wp-content\/uploads\/2021\/11\/18-1.png","type":"image\/png"}],"twitter_card":"summary_large_image","twitter_misc":{"Est. reading time":"1 minute"},"schema":{"@context":"https:\/\/schema.org","@graph":[{"@type":"WebPage","@id":"https:\/\/qtmm.org\/qt\/leaders\/aslan-omer-kyrymly\/","url":"https:\/\/qtmm.org\/qt\/leaders\/aslan-omer-kyrymly\/","name":"\u00d6mer Q\u0131r\u0131ml\u0131 Aslan - \u041c\u0435\u0434\u0436\u043b\u0456\u0441","isPartOf":{"@id":"https:\/\/qtmm.org\/qt\/#website"},"primaryImageOfPage":{"@id":"https:\/\/qtmm.org\/qt\/leaders\/aslan-omer-kyrymly\/#primaryimage"},"image":{"@id":"https:\/\/qtmm.org\/qt\/leaders\/aslan-omer-kyrymly\/#primaryimage"},"thumbnailUrl":"https:\/\/qtmm.org\/wp-content\/uploads\/2021\/10\/18.png","datePublished":"2021-11-30T12:08:17+00:00","dateModified":"2022-09-21T11:15:40+00:00","breadcrumb":{"@id":"https:\/\/qtmm.org\/qt\/leaders\/aslan-omer-kyrymly\/#breadcrumb"},"inLanguage":"qt","potentialAction":[{"@type":"ReadAction","target":["https:\/\/qtmm.org\/qt\/leaders\/aslan-omer-kyrymly\/"]}]},{"@type":"ImageObject","inLanguage":"qt","@id":"https:\/\/qtmm.org\/qt\/leaders\/aslan-omer-kyrymly\/#primaryimage","url":"https:\/\/qtmm.org\/wp-content\/uploads\/2021\/10\/18.png","contentUrl":"https:\/\/qtmm.org\/wp-content\/uploads\/2021\/10\/18.png","width":940,"height":788},{"@type":"BreadcrumbList","@id":"https:\/\/qtmm.org\/qt\/leaders\/aslan-omer-kyrymly\/#breadcrumb","itemListElement":[{"@type":"ListItem","position":1,"name":"\u0413\u043e\u043b\u043e\u0432\u043d\u0430","item":"https:\/\/qtmm.org\/qt\/"},{"@type":"ListItem","position":2,"name":"\u0421\u043a\u043b\u0430\u0434","item":"https:\/\/qtmm.org\/qt\/leaders\/"},{"@type":"ListItem","position":3,"name":"\u00d6mer Q\u0131r\u0131ml\u0131 Aslan"}]},{"@type":"WebSite","@id":"https:\/\/qtmm.org\/qt\/#website","url":"https:\/\/qtmm.org\/qt\/","name":"\u041c\u0435\u0434\u0436\u043b\u0456\u0441","description":"","publisher":{"@id":"https:\/\/qtmm.org\/qt\/#organization"},"potentialAction":[{"@type":"SearchAction","target":{"@type":"EntryPoint","urlTemplate":"https:\/\/qtmm.org\/qt\/?s={search_term_string}"},"query-input":{"@type":"PropertyValueSpecification","valueRequired":true,"valueName":"search_term_string"}}],"inLanguage":"qt"},{"@type":"Organization","@id":"https:\/\/qtmm.org\/qt\/#organization","name":"\u041c\u0435\u0434\u0436\u043b\u0456\u0441","url":"https:\/\/qtmm.org\/qt\/","logo":{"@type":"ImageObject","inLanguage":"qt","@id":"https:\/\/qtmm.org\/qt\/#\/schema\/logo\/image\/","url":"https:\/\/qtmm.org\/wp-content\/uploads\/2024\/12\/ua-mejlis-logo-rgb.svg","contentUrl":"https:\/\/qtmm.org\/wp-content\/uploads\/2024\/12\/ua-mejlis-logo-rgb.svg","caption":"\u041c\u0435\u0434\u0436\u043b\u0456\u0441"},"image":{"@id":"https:\/\/qtmm.org\/qt\/#\/schema\/logo\/image\/"},"sameAs":["https:\/\/www.facebook.com\/qtmm.info\/"]}]}},"_links":{"self":[{"href":"https:\/\/qtmm.org\/qt\/wp-json\/wp\/v2\/leaders\/74850","targetHints":{"allow":["GET"]}}],"collection":[{"href":"https:\/\/qtmm.org\/qt\/wp-json\/wp\/v2\/leaders"}],"about":[{"href":"https:\/\/qtmm.org\/qt\/wp-json\/wp\/v2\/types\/leaders"}],"wp:featuredmedia":[{"embeddable":true,"href":"https:\/\/qtmm.org\/qt\/wp-json\/wp\/v2\/media\/85119"}],"wp:attachment":[{"href":"https:\/\/qtmm.org\/qt\/wp-json\/wp\/v2\/media?parent=74850"}],"wp:term":[{"taxonomy":"categories_staff","embeddable":true,"href":"https:\/\/qtmm.org\/qt\/wp-json\/wp\/v2\/categories_staff?post=74850"}],"curies":[{"name":"wp","href":"https:\/\/api.w.org\/{rel}","templated":true}]}}