




{"version":"1.0","provider_name":"\u041c\u0435\u0434\u0436\u043b\u0456\u0441","provider_url":"https:\/\/qtmm.org\/qt\/","author_name":"Developer","author_url":"https:\/\/qtmm.org\/qt\/author\/Developer\/","title":"Zarur meselelerni \u00e7ezmek i\u00e7\u00fcn ameliy ad\u0131mlar atmaq kerek - \u041c\u0435\u0434\u0436\u043b\u0456\u0441","type":"rich","width":600,"height":338,"html":"<blockquote class=\"wp-embedded-content\" data-secret=\"uSUuazZ9pu\"><a href=\"https:\/\/qtmm.org\/qt\/zarur-meselelerni-cezmek-icun-ameliy-adimlar-atmaq-kerek\/\">Zarur meselelerni \u00e7ezmek i\u00e7\u00fcn ameliy ad\u0131mlar atmaq kerek<\/a><\/blockquote><iframe sandbox=\"allow-scripts\" security=\"restricted\" src=\"https:\/\/qtmm.org\/qt\/zarur-meselelerni-cezmek-icun-ameliy-adimlar-atmaq-kerek\/embed\/#?secret=uSUuazZ9pu\" width=\"600\" height=\"338\" title=\"&#8220;Zarur meselelerni \u00e7ezmek i\u00e7\u00fcn ameliy ad\u0131mlar atmaq kerek&#8221; &#8212; \u041c\u0435\u0434\u0436\u043b\u0456\u0441\" data-secret=\"uSUuazZ9pu\" frameborder=\"0\" marginwidth=\"0\" marginheight=\"0\" scrolling=\"no\" class=\"wp-embedded-content\"><\/iframe><script>\n\/*! This file is auto-generated *\/\n!function(d,l){\"use strict\";l.querySelector&&d.addEventListener&&\"undefined\"!=typeof URL&&(d.wp=d.wp||{},d.wp.receiveEmbedMessage||(d.wp.receiveEmbedMessage=function(e){var t=e.data;if((t||t.secret||t.message||t.value)&&!\/[^a-zA-Z0-9]\/.test(t.secret)){for(var s,r,n,a=l.querySelectorAll('iframe[data-secret=\"'+t.secret+'\"]'),o=l.querySelectorAll('blockquote[data-secret=\"'+t.secret+'\"]'),c=new RegExp(\"^https?:$\",\"i\"),i=0;i<o.length;i++)o[i].style.display=\"none\";for(i=0;i<a.length;i++)s=a[i],e.source===s.contentWindow&&(s.removeAttribute(\"style\"),\"height\"===t.message?(1e3<(r=parseInt(t.value,10))?r=1e3:~~r<200&&(r=200),s.height=r):\"link\"===t.message&&(r=new URL(s.getAttribute(\"src\")),n=new URL(t.value),c.test(n.protocol))&&n.host===r.host&&l.activeElement===s&&(d.top.location.href=t.value))}},d.addEventListener(\"message\",d.wp.receiveEmbedMessage,!1),l.addEventListener(\"DOMContentLoaded\",function(){for(var e,t,s=l.querySelectorAll(\"iframe.wp-embedded-content\"),r=0;r<s.length;r++)(t=(e=s[r]).getAttribute(\"data-secret\"))||(t=Math.random().toString(36).substring(2,12),e.src+=\"#?secret=\"+t,e.setAttribute(\"data-secret\",t)),e.contentWindow.postMessage({message:\"ready\",secret:t},\"*\")},!1)))}(window,document);\n\/\/# sourceURL=https:\/\/qtmm.org\/wp-includes\/js\/wp-embed.min.js\n<\/script>\n","thumbnail_url":"https:\/\/qtmm.org\/wp-content\/uploads\/2022\/01\/2_21-1.jpeg","thumbnail_width":650,"thumbnail_height":390,"description":"Fevral 29 k\u00fcn\u00fc Q\u0131r\u0131m Yuqar\u0131 \u015euras\u0131n\u0131\u00f1 Milletlerara munasebetleri ve deportatsiya\u011fa o\u011fra\u011fan grajdanlarn\u0131\u00f1 Daimiy komissiyas\u0131nda Q\u0131r\u0131mtatar Yaz\u0131c\u0131lar\u0131 birligini\u00f1 keni\u015fletilgen topla\u015fuv\u0131 ol\u0131p ke\u00e7ti. Topla\u015fuvda QMC Yuqar\u0131 \u015euras\u0131 Milletlerara munasebetler ve s\u00fcrg\u00fcn olun\u011fan grajdanlarn\u0131\u00f1 meseleleri boyunca daimiy komissiyas\u0131n\u0131\u00f1 reisi, Milliy Meclis reisini\u00f1 muavini Remzi \u0130lyasov, Reskomnats reisi Edem Dudakov, Milliy Meclis medeniyet ve tasil idaresini\u00f1 reberi, QMC Yuqar\u0131 [&hellip;]"}