




{"version":"1.0","provider_name":"\u041c\u0435\u0434\u0436\u043b\u0456\u0441","provider_url":"https:\/\/qtmm.org\/qt\/","author_name":"Developer","author_url":"https:\/\/qtmm.org\/qt\/author\/Developer\/","title":"Zair Smedl\u00e2yev: \u00abMilliy bayraq k\u00fcn\u00fc aytqan s\u00f6zlerimden vazge\u00e7meyim\u00bb - \u041c\u0435\u0434\u0436\u043b\u0456\u0441","type":"rich","width":600,"height":338,"html":"<blockquote class=\"wp-embedded-content\" data-secret=\"D9oC57urLn\"><a href=\"https:\/\/qtmm.org\/qt\/zair-smedlayev-milliy-bayraq-kunu-aytqan-sozlerimden-vazgecmeyim\/\">Zair Smedl\u00e2yev: \u00abMilliy bayraq k\u00fcn\u00fc aytqan s\u00f6zlerimden vazge\u00e7meyim\u00bb<\/a><\/blockquote><iframe sandbox=\"allow-scripts\" security=\"restricted\" src=\"https:\/\/qtmm.org\/qt\/zair-smedlayev-milliy-bayraq-kunu-aytqan-sozlerimden-vazgecmeyim\/embed\/#?secret=D9oC57urLn\" width=\"600\" height=\"338\" title=\"&#8220;Zair Smedl\u00e2yev: \u00abMilliy bayraq k\u00fcn\u00fc aytqan s\u00f6zlerimden vazge\u00e7meyim\u00bb&#8221; &#8212; \u041c\u0435\u0434\u0436\u043b\u0456\u0441\" data-secret=\"D9oC57urLn\" frameborder=\"0\" marginwidth=\"0\" marginheight=\"0\" scrolling=\"no\" class=\"wp-embedded-content\"><\/iframe><script>\n\/*! This file is auto-generated *\/\n!function(d,l){\"use strict\";l.querySelector&&d.addEventListener&&\"undefined\"!=typeof URL&&(d.wp=d.wp||{},d.wp.receiveEmbedMessage||(d.wp.receiveEmbedMessage=function(e){var t=e.data;if((t||t.secret||t.message||t.value)&&!\/[^a-zA-Z0-9]\/.test(t.secret)){for(var s,r,n,a=l.querySelectorAll('iframe[data-secret=\"'+t.secret+'\"]'),o=l.querySelectorAll('blockquote[data-secret=\"'+t.secret+'\"]'),c=new RegExp(\"^https?:$\",\"i\"),i=0;i<o.length;i++)o[i].style.display=\"none\";for(i=0;i<a.length;i++)s=a[i],e.source===s.contentWindow&&(s.removeAttribute(\"style\"),\"height\"===t.message?(1e3<(r=parseInt(t.value,10))?r=1e3:~~r<200&&(r=200),s.height=r):\"link\"===t.message&&(r=new URL(s.getAttribute(\"src\")),n=new URL(t.value),c.test(n.protocol))&&n.host===r.host&&l.activeElement===s&&(d.top.location.href=t.value))}},d.addEventListener(\"message\",d.wp.receiveEmbedMessage,!1),l.addEventListener(\"DOMContentLoaded\",function(){for(var e,t,s=l.querySelectorAll(\"iframe.wp-embedded-content\"),r=0;r<s.length;r++)(t=(e=s[r]).getAttribute(\"data-secret\"))||(t=Math.random().toString(36).substring(2,12),e.src+=\"#?secret=\"+t,e.setAttribute(\"data-secret\",t)),e.contentWindow.postMessage({message:\"ready\",secret:t},\"*\")},!1)))}(window,document);\n\/\/# sourceURL=https:\/\/qtmm.org\/wp-includes\/js\/wp-embed.min.js\n<\/script>\n","thumbnail_url":"https:\/\/qtmm.org\/wp-content\/uploads\/2022\/01\/img_3230.jpeg","thumbnail_width":650,"thumbnail_height":351,"description":"\u0130y\u00fcl 1 k\u00fcn\u00fc Meclis K\u00e2tibiyetini\u00f1 ba\u015f\u0131 Zair Smedl\u00e2yevni Ukraina Tel\u00fckesizligi h\u0131zmetini\u00f1 Q\u0131r\u0131mdaki Ba\u015f idaresine \u00e7a\u011f\u0131rd\u0131lar. Bu\u00f1a on\u0131\u00f1 Bayraq bayram\u0131nda Q\u0131r\u0131mtatar milliy bayra\u011f\u0131 devlet timsalidir, degen s\u00f6zleri sebep old\u0131. UTHge \u00e7a\u011f\u0131r\u0131lmas\u0131n\u0131\u00f1 sebebi a\u00f1latqan Zair Smedl\u00e2yev b\u00f6yle dedi: &#8220;bes-belli bun\u0131\u00f1 sebebi Bayraq bayram\u0131 k\u00fcn\u00fc men milliy a\u00f1\u0131 olma\u011fan vazifedar \u015fah\u0131slar on\u0131 qayd ettirmemek i\u00e7\u00fcn er \u015feyni yaparlar [&hellip;]"}