




{"version":"1.0","provider_name":"\u041c\u0435\u0434\u0436\u043b\u0456\u0441","provider_url":"https:\/\/qtmm.org\/qt\/","author_name":"Developer","author_url":"https:\/\/qtmm.org\/qt\/author\/Developer\/","title":"Viktor Plakida Meclis reisini do\u011f\u011fan k\u00fcn\u00fc ile hay\u0131rlad\u0131 - \u041c\u0435\u0434\u0436\u043b\u0456\u0441","type":"rich","width":600,"height":338,"html":"<blockquote class=\"wp-embedded-content\" data-secret=\"d8BrtomPwb\"><a href=\"https:\/\/qtmm.org\/qt\/viktor-plakida-meclis-reisini-doggan-kunu-ile-hayirladi\/\">Viktor Plakida Meclis reisini do\u011f\u011fan k\u00fcn\u00fc ile hay\u0131rlad\u0131<\/a><\/blockquote><iframe sandbox=\"allow-scripts\" security=\"restricted\" src=\"https:\/\/qtmm.org\/qt\/viktor-plakida-meclis-reisini-doggan-kunu-ile-hayirladi\/embed\/#?secret=d8BrtomPwb\" width=\"600\" height=\"338\" title=\"&#8220;Viktor Plakida Meclis reisini do\u011f\u011fan k\u00fcn\u00fc ile hay\u0131rlad\u0131&#8221; &#8212; \u041c\u0435\u0434\u0436\u043b\u0456\u0441\" data-secret=\"d8BrtomPwb\" frameborder=\"0\" marginwidth=\"0\" marginheight=\"0\" scrolling=\"no\" class=\"wp-embedded-content\"><\/iframe><script>\n\/*! This file is auto-generated *\/\n!function(d,l){\"use strict\";l.querySelector&&d.addEventListener&&\"undefined\"!=typeof URL&&(d.wp=d.wp||{},d.wp.receiveEmbedMessage||(d.wp.receiveEmbedMessage=function(e){var t=e.data;if((t||t.secret||t.message||t.value)&&!\/[^a-zA-Z0-9]\/.test(t.secret)){for(var s,r,n,a=l.querySelectorAll('iframe[data-secret=\"'+t.secret+'\"]'),o=l.querySelectorAll('blockquote[data-secret=\"'+t.secret+'\"]'),c=new RegExp(\"^https?:$\",\"i\"),i=0;i<o.length;i++)o[i].style.display=\"none\";for(i=0;i<a.length;i++)s=a[i],e.source===s.contentWindow&&(s.removeAttribute(\"style\"),\"height\"===t.message?(1e3<(r=parseInt(t.value,10))?r=1e3:~~r<200&&(r=200),s.height=r):\"link\"===t.message&&(r=new URL(s.getAttribute(\"src\")),n=new URL(t.value),c.test(n.protocol))&&n.host===r.host&&l.activeElement===s&&(d.top.location.href=t.value))}},d.addEventListener(\"message\",d.wp.receiveEmbedMessage,!1),l.addEventListener(\"DOMContentLoaded\",function(){for(var e,t,s=l.querySelectorAll(\"iframe.wp-embedded-content\"),r=0;r<s.length;r++)(t=(e=s[r]).getAttribute(\"data-secret\"))||(t=Math.random().toString(36).substring(2,12),e.src+=\"#?secret=\"+t,e.setAttribute(\"data-secret\",t)),e.contentWindow.postMessage({message:\"ready\",secret:t},\"*\")},!1)))}(window,document);\n\/\/# sourceURL=https:\/\/qtmm.org\/wp-includes\/js\/wp-embed.min.js\n<\/script>\n","description":"Ukraina Prezidenti Q\u0131r\u0131mdaki Daimiy temsilcisini\u00f1 vazifesini eda etici Viktor Plakida ve on\u0131\u00f1 muavini \u0130braim Mamutov Q\u0131r\u0131mtatar halq\u0131 Meclisini\u00f1 reisini do\u011f\u011fan k\u00fcn\u00fcnen samimiy hay\u0131rlad\u0131lar. Noyabr 13 k\u00fcn\u00fc Meclis reisi 68 ya\u015f\u0131n\u0131 toldurd\u0131. Mustafa Cemilevni Meclis ofisinde hay\u0131rla\u011fan, Viktor Plakida ve \u0130braim Mamutov belli siyaset\u00e7ige s\u00f6nmez k\u00fc\u00e7-\u011fayret, sa\u011fl\u0131q, bolluq ve eyilik tilediler. &#8220;Sizi\u00f1 i\u015fi\u00f1izge sad\u0131ql\u0131\u011f\u0131\u00f1\u0131z, tecribe ve [&hellip;]"}