




{"version":"1.0","provider_name":"\u041c\u0435\u0434\u0436\u043b\u0456\u0441","provider_url":"https:\/\/qtmm.org\/qt\/","author_name":"Developer","author_url":"https:\/\/qtmm.org\/qt\/author\/Developer\/","title":"Ukraina Nazirler kabineti Ukraina Yuqar\u0131 \u015e\u00e7uras\u0131na - \u041c\u0435\u0434\u0436\u043b\u0456\u0441","type":"rich","width":600,"height":338,"html":"<blockquote class=\"wp-embedded-content\" data-secret=\"P7EZ7TG4XF\"><a href=\"https:\/\/qtmm.org\/qt\/ukraina-nazirler-kabineti-ukraina-yuqari-scurasina\/\">Ukraina Nazirler kabineti Ukraina Yuqar\u0131 \u015e\u00e7uras\u0131na<\/a><\/blockquote><iframe sandbox=\"allow-scripts\" security=\"restricted\" src=\"https:\/\/qtmm.org\/qt\/ukraina-nazirler-kabineti-ukraina-yuqari-scurasina\/embed\/#?secret=P7EZ7TG4XF\" width=\"600\" height=\"338\" title=\"&#8220;Ukraina Nazirler kabineti Ukraina Yuqar\u0131 \u015e\u00e7uras\u0131na&#8221; &#8212; \u041c\u0435\u0434\u0436\u043b\u0456\u0441\" data-secret=\"P7EZ7TG4XF\" frameborder=\"0\" marginwidth=\"0\" marginheight=\"0\" scrolling=\"no\" class=\"wp-embedded-content\"><\/iframe><script>\n\/*! This file is auto-generated *\/\n!function(d,l){\"use strict\";l.querySelector&&d.addEventListener&&\"undefined\"!=typeof URL&&(d.wp=d.wp||{},d.wp.receiveEmbedMessage||(d.wp.receiveEmbedMessage=function(e){var t=e.data;if((t||t.secret||t.message||t.value)&&!\/[^a-zA-Z0-9]\/.test(t.secret)){for(var s,r,n,a=l.querySelectorAll('iframe[data-secret=\"'+t.secret+'\"]'),o=l.querySelectorAll('blockquote[data-secret=\"'+t.secret+'\"]'),c=new RegExp(\"^https?:$\",\"i\"),i=0;i<o.length;i++)o[i].style.display=\"none\";for(i=0;i<a.length;i++)s=a[i],e.source===s.contentWindow&&(s.removeAttribute(\"style\"),\"height\"===t.message?(1e3<(r=parseInt(t.value,10))?r=1e3:~~r<200&&(r=200),s.height=r):\"link\"===t.message&&(r=new URL(s.getAttribute(\"src\")),n=new URL(t.value),c.test(n.protocol))&&n.host===r.host&&l.activeElement===s&&(d.top.location.href=t.value))}},d.addEventListener(\"message\",d.wp.receiveEmbedMessage,!1),l.addEventListener(\"DOMContentLoaded\",function(){for(var e,t,s=l.querySelectorAll(\"iframe.wp-embedded-content\"),r=0;r<s.length;r++)(t=(e=s[r]).getAttribute(\"data-secret\"))||(t=Math.random().toString(36).substring(2,12),e.src+=\"#?secret=\"+t,e.setAttribute(\"data-secret\",t)),e.contentWindow.postMessage({message:\"ready\",secret:t},\"*\")},!1)))}(window,document);\n\/\/# sourceURL=https:\/\/qtmm.org\/wp-includes\/js\/wp-embed.min.js\n<\/script>\n","description":"2012 senesi mart 12-de Ukraina Nazirler kabineti Ukraina Yuqar\u0131 \u015e\u00e7uras\u0131na \u00f6z\u00fc az\u0131rla\u011fan &#8220;Ukraina devlet etnik milliy k\u00f6ntseptsiyas\u0131 aqq\u0131nda&#8221; Qanun\u0131n\u0131\u00f1 evelden \u00fck\u00fcmet topla\u015fuv\u0131nda maqullengen leyhas\u0131n\u0131 taqdim etti Belli ki, cemaat taraf\u0131ndan muzakere etil\u00fcvini\u00f1 neticeleri boyunca mezk\u00fcr Qanunn\u0131\u00f1 Ukraina halq deputat\u0131, Q\u0131r\u0131mtatar halq\u0131 Meclisini\u00f1 reisi Mustafa Cemilev teklif etken leyhas\u0131 Ukraina parlamentine daa mart 7 k\u00fcn\u00fc kirsetilgen [&hellip;]"}