




{"version":"1.0","provider_name":"\u041c\u0435\u0434\u0436\u043b\u0456\u0441","provider_url":"https:\/\/qtmm.org\/qt\/","author_name":"Developer","author_url":"https:\/\/qtmm.org\/qt\/author\/Developer\/","title":"Ukraina halq deputat\u0131 Mustafa Cemilevni\u00f1 Viln\u00fcsteki sammite \u00e7\u0131q\u0131\u015f\u0131 - \u041c\u0435\u0434\u0436\u043b\u0456\u0441","type":"rich","width":600,"height":338,"html":"<blockquote class=\"wp-embedded-content\" data-secret=\"7JT6QnGrDR\"><a href=\"https:\/\/qtmm.org\/qt\/ukraina-halq-deputati-mustafa-cemilevnin-vilnusteki-sammite-ciqisi\/\">Ukraina halq deputat\u0131 Mustafa Cemilevni\u00f1 Viln\u00fcsteki sammite \u00e7\u0131q\u0131\u015f\u0131<\/a><\/blockquote><iframe sandbox=\"allow-scripts\" security=\"restricted\" src=\"https:\/\/qtmm.org\/qt\/ukraina-halq-deputati-mustafa-cemilevnin-vilnusteki-sammite-ciqisi\/embed\/#?secret=7JT6QnGrDR\" width=\"600\" height=\"338\" title=\"&#8220;Ukraina halq deputat\u0131 Mustafa Cemilevni\u00f1 Viln\u00fcsteki sammite \u00e7\u0131q\u0131\u015f\u0131&#8221; &#8212; \u041c\u0435\u0434\u0436\u043b\u0456\u0441\" data-secret=\"7JT6QnGrDR\" frameborder=\"0\" marginwidth=\"0\" marginheight=\"0\" scrolling=\"no\" class=\"wp-embedded-content\"><\/iframe><script>\n\/*! This file is auto-generated *\/\n!function(d,l){\"use strict\";l.querySelector&&d.addEventListener&&\"undefined\"!=typeof URL&&(d.wp=d.wp||{},d.wp.receiveEmbedMessage||(d.wp.receiveEmbedMessage=function(e){var t=e.data;if((t||t.secret||t.message||t.value)&&!\/[^a-zA-Z0-9]\/.test(t.secret)){for(var s,r,n,a=l.querySelectorAll('iframe[data-secret=\"'+t.secret+'\"]'),o=l.querySelectorAll('blockquote[data-secret=\"'+t.secret+'\"]'),c=new RegExp(\"^https?:$\",\"i\"),i=0;i<o.length;i++)o[i].style.display=\"none\";for(i=0;i<a.length;i++)s=a[i],e.source===s.contentWindow&&(s.removeAttribute(\"style\"),\"height\"===t.message?(1e3<(r=parseInt(t.value,10))?r=1e3:~~r<200&&(r=200),s.height=r):\"link\"===t.message&&(r=new URL(s.getAttribute(\"src\")),n=new URL(t.value),c.test(n.protocol))&&n.host===r.host&&l.activeElement===s&&(d.top.location.href=t.value))}},d.addEventListener(\"message\",d.wp.receiveEmbedMessage,!1),l.addEventListener(\"DOMContentLoaded\",function(){for(var e,t,s=l.querySelectorAll(\"iframe.wp-embedded-content\"),r=0;r<s.length;r++)(t=(e=s[r]).getAttribute(\"data-secret\"))||(t=Math.random().toString(36).substring(2,12),e.src+=\"#?secret=\"+t,e.setAttribute(\"data-secret\",t)),e.contentWindow.postMessage({message:\"ready\",secret:t},\"*\")},!1)))}(window,document);\n\/\/# sourceURL=https:\/\/qtmm.org\/wp-includes\/js\/wp-embed.min.js\n<\/script>\n","thumbnail_url":"https:\/\/qtmm.org\/wp-content\/uploads\/2022\/01\/doklad_m.dzhemileva-na-sammite_1.jpg","thumbnail_width":650,"thumbnail_height":377,"description":"Ukraina halq deputat\u0131 Mustafa Cemilevni\u00f1 Viln\u00fcsteki sammite \u00e7\u0131q\u0131\u015f\u0131 &#8220;Demokratiya parlament sammiti&#8221;2013 senesi noyabr 28, Litvaniya, Viln\u00fcs \u015f. Say\u011f\u0131l\u0131 reis cenaplar\u0131, \u00fcrmetli han\u0131m ve beyefendiler! Q\u0131r\u0131mtatar halq\u0131 Qurultay\u0131n\u0131\u00f1 qarar\u0131na binaen men m\u0131nda faqat Ukraina halq deputat\u0131 olaraq degil de, Q\u0131r\u0131m yar\u0131madas\u0131n\u0131\u00f1 tam\u0131r halq\u0131, 1944 senesi \u00f6z yurtundan s\u00fcrg\u00fcn etilgen, soyq\u0131r\u0131m\u011fa o\u011frat\u0131l\u011fan, so\u00f1ra on y\u0131llar devam\u0131nda zorbal\u0131qs\u0131z [&hellip;]"}