




{"version":"1.0","provider_name":"\u041c\u0435\u0434\u0436\u043b\u0456\u0441","provider_url":"https:\/\/qtmm.org\/qt\/","author_name":"Developer","author_url":"https:\/\/qtmm.org\/qt\/author\/Developer\/","title":"Ukraina akimiyeti Q\u0131r\u0131mtatarlar meselesi boyunca halqara forumdan saq\u0131nam\u0131? - \u041c\u0435\u0434\u0436\u043b\u0456\u0441","type":"rich","width":600,"height":338,"html":"<blockquote class=\"wp-embedded-content\" data-secret=\"As3SKshHV4\"><a href=\"https:\/\/qtmm.org\/qt\/ukraina-akimiyeti-qirimtatarlar-meselesi-boyunca-halqara-forumdan-saqinami\/\">Ukraina akimiyeti Q\u0131r\u0131mtatarlar meselesi boyunca halqara forumdan saq\u0131nam\u0131?<\/a><\/blockquote><iframe sandbox=\"allow-scripts\" security=\"restricted\" src=\"https:\/\/qtmm.org\/qt\/ukraina-akimiyeti-qirimtatarlar-meselesi-boyunca-halqara-forumdan-saqinami\/embed\/#?secret=As3SKshHV4\" width=\"600\" height=\"338\" title=\"&#8220;Ukraina akimiyeti Q\u0131r\u0131mtatarlar meselesi boyunca halqara forumdan saq\u0131nam\u0131?&#8221; &#8212; \u041c\u0435\u0434\u0436\u043b\u0456\u0441\" data-secret=\"As3SKshHV4\" frameborder=\"0\" marginwidth=\"0\" marginheight=\"0\" scrolling=\"no\" class=\"wp-embedded-content\"><\/iframe><script>\n\/*! This file is auto-generated *\/\n!function(d,l){\"use strict\";l.querySelector&&d.addEventListener&&\"undefined\"!=typeof URL&&(d.wp=d.wp||{},d.wp.receiveEmbedMessage||(d.wp.receiveEmbedMessage=function(e){var t=e.data;if((t||t.secret||t.message||t.value)&&!\/[^a-zA-Z0-9]\/.test(t.secret)){for(var s,r,n,a=l.querySelectorAll('iframe[data-secret=\"'+t.secret+'\"]'),o=l.querySelectorAll('blockquote[data-secret=\"'+t.secret+'\"]'),c=new RegExp(\"^https?:$\",\"i\"),i=0;i<o.length;i++)o[i].style.display=\"none\";for(i=0;i<a.length;i++)s=a[i],e.source===s.contentWindow&&(s.removeAttribute(\"style\"),\"height\"===t.message?(1e3<(r=parseInt(t.value,10))?r=1e3:~~r<200&&(r=200),s.height=r):\"link\"===t.message&&(r=new URL(s.getAttribute(\"src\")),n=new URL(t.value),c.test(n.protocol))&&n.host===r.host&&l.activeElement===s&&(d.top.location.href=t.value))}},d.addEventListener(\"message\",d.wp.receiveEmbedMessage,!1),l.addEventListener(\"DOMContentLoaded\",function(){for(var e,t,s=l.querySelectorAll(\"iframe.wp-embedded-content\"),r=0;r<s.length;r++)(t=(e=s[r]).getAttribute(\"data-secret\"))||(t=Math.random().toString(36).substring(2,12),e.src+=\"#?secret=\"+t,e.setAttribute(\"data-secret\",t)),e.contentWindow.postMessage({message:\"ready\",secret:t},\"*\")},!1)))}(window,document);\n\/\/# sourceURL=https:\/\/qtmm.org\/wp-includes\/js\/wp-embed.min.js\n<\/script>\n","description":"Q\u0131r\u0131mtatar halq\u0131n\u0131\u00f1 \u00f6z Vatan\u0131nda aqlar\u0131n\u0131 \u011fayr\u0131dan tiklev, Ukrainada on\u0131\u00f1 inki\u015faf\u0131 ve tel\u00fckesizligini teminlev meseleleri boyunca halqara forumda i\u015ftirak etmek teklifinen Milliy Meclis muracaat ettigi taraflardan bun\u0131 tek Ukraina akimiyeti red etti.\u00a0Bu aqta aprel 24-26 k\u00fcnleri Pragada i\u015f ziyaretinen bulun\u011fan\u00a0Meclis reisi Mustafa Cemilev\u00a0Svoboda Radios\u0131na\u00a0bergen intervy\u00fcs\u0131nda aytt\u0131. &#8211; Ke\u00e7ken sene sent\u00e2br 18-de Ukrainada diplomatlarnen ol\u011fan k\u00f6r\u00fc\u015f\u00fcvde q\u0131r\u0131mtatar [&hellip;]"}