




{"version":"1.0","provider_name":"\u041c\u0435\u0434\u0436\u043b\u0456\u0441","provider_url":"https:\/\/qtmm.org\/qt\/","author_name":"Developer","author_url":"https:\/\/qtmm.org\/qt\/author\/Developer\/","title":"T\u00fcrkiyede q\u0131r\u0131mtatar halq\u0131 soyq\u0131r\u0131m\u0131 qurbanlar\u0131n\u0131\u00f1 hat\u0131ras\u0131 a\u00f1\u0131ld\u0131 - \u041c\u0435\u0434\u0436\u043b\u0456\u0441","type":"rich","width":600,"height":338,"html":"<blockquote class=\"wp-embedded-content\" data-secret=\"GS54OsPaET\"><a href=\"https:\/\/qtmm.org\/qt\/turkiyede-qirimtatar-halqi-soyqirimi-qurbanlarinin-hatirasi-anildi\/\">T\u00fcrkiyede q\u0131r\u0131mtatar halq\u0131 soyq\u0131r\u0131m\u0131 qurbanlar\u0131n\u0131\u00f1 hat\u0131ras\u0131 a\u00f1\u0131ld\u0131<\/a><\/blockquote><iframe sandbox=\"allow-scripts\" security=\"restricted\" src=\"https:\/\/qtmm.org\/qt\/turkiyede-qirimtatar-halqi-soyqirimi-qurbanlarinin-hatirasi-anildi\/embed\/#?secret=GS54OsPaET\" width=\"600\" height=\"338\" title=\"&#8220;T\u00fcrkiyede q\u0131r\u0131mtatar halq\u0131 soyq\u0131r\u0131m\u0131 qurbanlar\u0131n\u0131\u00f1 hat\u0131ras\u0131 a\u00f1\u0131ld\u0131&#8221; &#8212; \u041c\u0435\u0434\u0436\u043b\u0456\u0441\" data-secret=\"GS54OsPaET\" frameborder=\"0\" marginwidth=\"0\" marginheight=\"0\" scrolling=\"no\" class=\"wp-embedded-content\"><\/iframe><script>\n\/*! This file is auto-generated *\/\n!function(d,l){\"use strict\";l.querySelector&&d.addEventListener&&\"undefined\"!=typeof URL&&(d.wp=d.wp||{},d.wp.receiveEmbedMessage||(d.wp.receiveEmbedMessage=function(e){var t=e.data;if((t||t.secret||t.message||t.value)&&!\/[^a-zA-Z0-9]\/.test(t.secret)){for(var s,r,n,a=l.querySelectorAll('iframe[data-secret=\"'+t.secret+'\"]'),o=l.querySelectorAll('blockquote[data-secret=\"'+t.secret+'\"]'),c=new RegExp(\"^https?:$\",\"i\"),i=0;i<o.length;i++)o[i].style.display=\"none\";for(i=0;i<a.length;i++)s=a[i],e.source===s.contentWindow&&(s.removeAttribute(\"style\"),\"height\"===t.message?(1e3<(r=parseInt(t.value,10))?r=1e3:~~r<200&&(r=200),s.height=r):\"link\"===t.message&&(r=new URL(s.getAttribute(\"src\")),n=new URL(t.value),c.test(n.protocol))&&n.host===r.host&&l.activeElement===s&&(d.top.location.href=t.value))}},d.addEventListener(\"message\",d.wp.receiveEmbedMessage,!1),l.addEventListener(\"DOMContentLoaded\",function(){for(var e,t,s=l.querySelectorAll(\"iframe.wp-embedded-content\"),r=0;r<s.length;r++)(t=(e=s[r]).getAttribute(\"data-secret\"))||(t=Math.random().toString(36).substring(2,12),e.src+=\"#?secret=\"+t,e.setAttribute(\"data-secret\",t)),e.contentWindow.postMessage({message:\"ready\",secret:t},\"*\")},!1)))}(window,document);\n\/\/# sourceURL=https:\/\/qtmm.org\/wp-includes\/js\/wp-embed.min.js\n<\/script>\n","thumbnail_url":"https:\/\/qtmm.org\/wp-content\/uploads\/2022\/01\/184521_10151602442789645_108484220_n.jpeg","thumbnail_width":700,"thumbnail_height":393,"description":"2013 senesi may\u0131s 18 \u0130stanbulda Ukraina ba\u015f konsull\u0131\u011f\u0131 binas\u0131n\u0131\u00f1 qar\u015f\u0131s\u0131nda q\u0131r\u0131mtatar halq\u0131 tarihiy Vatan\u0131 Q\u0131r\u0131mdan s\u00fcrg\u00fcn etilgenini\u00f1 69 y\u0131ll\u0131\u011f\u0131 munasebetinen miting \u00f6tkerildi. Tedbirni T\u00fcrkiye Q\u0131r\u0131m dernegini\u00f1 \u0130stanbul \u015f\u00fcbesi te\u015fkil\u00e2tland\u0131rd\u0131. Bu aqta \u0130stanbul Q\u0131r\u0131m t\u00fcrkleri medeniy ve yarl\u0131mla\u015fma dernegini\u00f1 ba\u015f\u0131 Cel\u00e2l \u0130\u00e7ten bildirdi. 500 insan i\u015ftirakinde ke\u00e7ken miting q\u0131r\u0131mtatarlarn\u0131\u00f1 milliy gimni ve T\u00fcrkiye Cumhuriyetini\u00f1 devlet gimninden [&hellip;]"}