




{"version":"1.0","provider_name":"\u041c\u0435\u0434\u0436\u043b\u0456\u0441","provider_url":"https:\/\/qtmm.org\/qt\/","author_name":"Developer","author_url":"https:\/\/qtmm.org\/qt\/author\/Developer\/","title":"T\u00fcrkiye ya\u00f1\u0131lan\u011fan Ukraina\u011fa er tarafl\u0131 yard\u0131m k\u00f6stermege az\u0131r - \u041c\u0435\u0434\u0436\u043b\u0456\u0441","type":"rich","width":600,"height":338,"html":"<blockquote class=\"wp-embedded-content\" data-secret=\"WEyM5rQKkr\"><a href=\"https:\/\/qtmm.org\/qt\/turkiye-yanilangan-ukrainaga-er-tarafli-yardim-kostermege-azir\/\">T\u00fcrkiye ya\u00f1\u0131lan\u011fan Ukraina\u011fa er tarafl\u0131 yard\u0131m k\u00f6stermege az\u0131r<\/a><\/blockquote><iframe sandbox=\"allow-scripts\" security=\"restricted\" src=\"https:\/\/qtmm.org\/qt\/turkiye-yanilangan-ukrainaga-er-tarafli-yardim-kostermege-azir\/embed\/#?secret=WEyM5rQKkr\" width=\"600\" height=\"338\" title=\"&#8220;T\u00fcrkiye ya\u00f1\u0131lan\u011fan Ukraina\u011fa er tarafl\u0131 yard\u0131m k\u00f6stermege az\u0131r&#8221; &#8212; \u041c\u0435\u0434\u0436\u043b\u0456\u0441\" data-secret=\"WEyM5rQKkr\" frameborder=\"0\" marginwidth=\"0\" marginheight=\"0\" scrolling=\"no\" class=\"wp-embedded-content\"><\/iframe><script>\n\/*! This file is auto-generated *\/\n!function(d,l){\"use strict\";l.querySelector&&d.addEventListener&&\"undefined\"!=typeof URL&&(d.wp=d.wp||{},d.wp.receiveEmbedMessage||(d.wp.receiveEmbedMessage=function(e){var t=e.data;if((t||t.secret||t.message||t.value)&&!\/[^a-zA-Z0-9]\/.test(t.secret)){for(var s,r,n,a=l.querySelectorAll('iframe[data-secret=\"'+t.secret+'\"]'),o=l.querySelectorAll('blockquote[data-secret=\"'+t.secret+'\"]'),c=new RegExp(\"^https?:$\",\"i\"),i=0;i<o.length;i++)o[i].style.display=\"none\";for(i=0;i<a.length;i++)s=a[i],e.source===s.contentWindow&&(s.removeAttribute(\"style\"),\"height\"===t.message?(1e3<(r=parseInt(t.value,10))?r=1e3:~~r<200&&(r=200),s.height=r):\"link\"===t.message&&(r=new URL(s.getAttribute(\"src\")),n=new URL(t.value),c.test(n.protocol))&&n.host===r.host&&l.activeElement===s&&(d.top.location.href=t.value))}},d.addEventListener(\"message\",d.wp.receiveEmbedMessage,!1),l.addEventListener(\"DOMContentLoaded\",function(){for(var e,t,s=l.querySelectorAll(\"iframe.wp-embedded-content\"),r=0;r<s.length;r++)(t=(e=s[r]).getAttribute(\"data-secret\"))||(t=Math.random().toString(36).substring(2,12),e.src+=\"#?secret=\"+t,e.setAttribute(\"data-secret\",t)),e.contentWindow.postMessage({message:\"ready\",secret:t},\"*\")},!1)))}(window,document);\n\/\/# sourceURL=https:\/\/qtmm.org\/wp-includes\/js\/wp-embed.min.js\n<\/script>\n","description":"2014 senesi fevral 22 k\u00fcn\u00fc Ukraina Yuqar\u0131 \u015euras\u0131nda ukrain parlamentini\u00f1 ya\u00f1\u0131 spikeri Aleksandr Tur\u00e7inov T\u00fcrkiyeni\u00f1 yaq\u0131nda akkreditatsiya etilgen Toluvek\u00e2letli ve Vefqulade El\u00e7isi Yonet Can Tezel ile k\u00f6r\u00fc\u015fti. K\u00f6r\u00fc\u015f\u00fcvde Ukraina halq deputat\u0131 Mustafa Cemilev i\u015ftirak etti. T\u00fcrkiyeni\u00f1 Ukrainadaki El\u00e7isi Yonet Can Tezel Ukraina Yuqar\u0131 \u015euras\u0131nda ukrain parlamentini\u00f1 ya\u00f1\u0131 spikeri Aleksandr Tur\u00e7inov\u011fa Ukraina i\u00e7\u00fcn b\u00f6yle bir m\u00fcrekkep [&hellip;]","thumbnail_url":"https:\/\/qtmm.org\/wp-content\/uploads\/2022\/01\/cimg1869.jpeg","thumbnail_width":676,"thumbnail_height":507}