




{"version":"1.0","provider_name":"\u041c\u0435\u0434\u0436\u043b\u0456\u0441","provider_url":"https:\/\/qtmm.org\/qt\/","author_name":"Developer","author_url":"https:\/\/qtmm.org\/qt\/author\/Developer\/","title":"T\u00fcrkiye Cumhuriyetini\u00f1 parlament delegatsiyas\u0131 Q\u0131r\u0131mda - \u041c\u0435\u0434\u0436\u043b\u0456\u0441","type":"rich","width":600,"height":338,"html":"<blockquote class=\"wp-embedded-content\" data-secret=\"ecEfglncm7\"><a href=\"https:\/\/qtmm.org\/qt\/turkiye-cumhuriyetinin-parlament-delegatsiyasi-qirimda\/\">T\u00fcrkiye Cumhuriyetini\u00f1 parlament delegatsiyas\u0131 Q\u0131r\u0131mda<\/a><\/blockquote><iframe sandbox=\"allow-scripts\" security=\"restricted\" src=\"https:\/\/qtmm.org\/qt\/turkiye-cumhuriyetinin-parlament-delegatsiyasi-qirimda\/embed\/#?secret=ecEfglncm7\" width=\"600\" height=\"338\" title=\"&#8220;T\u00fcrkiye Cumhuriyetini\u00f1 parlament delegatsiyas\u0131 Q\u0131r\u0131mda&#8221; &#8212; \u041c\u0435\u0434\u0436\u043b\u0456\u0441\" data-secret=\"ecEfglncm7\" frameborder=\"0\" marginwidth=\"0\" marginheight=\"0\" scrolling=\"no\" class=\"wp-embedded-content\"><\/iframe><script>\n\/*! This file is auto-generated *\/\n!function(d,l){\"use strict\";l.querySelector&&d.addEventListener&&\"undefined\"!=typeof URL&&(d.wp=d.wp||{},d.wp.receiveEmbedMessage||(d.wp.receiveEmbedMessage=function(e){var t=e.data;if((t||t.secret||t.message||t.value)&&!\/[^a-zA-Z0-9]\/.test(t.secret)){for(var s,r,n,a=l.querySelectorAll('iframe[data-secret=\"'+t.secret+'\"]'),o=l.querySelectorAll('blockquote[data-secret=\"'+t.secret+'\"]'),c=new RegExp(\"^https?:$\",\"i\"),i=0;i<o.length;i++)o[i].style.display=\"none\";for(i=0;i<a.length;i++)s=a[i],e.source===s.contentWindow&&(s.removeAttribute(\"style\"),\"height\"===t.message?(1e3<(r=parseInt(t.value,10))?r=1e3:~~r<200&&(r=200),s.height=r):\"link\"===t.message&&(r=new URL(s.getAttribute(\"src\")),n=new URL(t.value),c.test(n.protocol))&&n.host===r.host&&l.activeElement===s&&(d.top.location.href=t.value))}},d.addEventListener(\"message\",d.wp.receiveEmbedMessage,!1),l.addEventListener(\"DOMContentLoaded\",function(){for(var e,t,s=l.querySelectorAll(\"iframe.wp-embedded-content\"),r=0;r<s.length;r++)(t=(e=s[r]).getAttribute(\"data-secret\"))||(t=Math.random().toString(36).substring(2,12),e.src+=\"#?secret=\"+t,e.setAttribute(\"data-secret\",t)),e.contentWindow.postMessage({message:\"ready\",secret:t},\"*\")},!1)))}(window,document);\n\/\/# sourceURL=https:\/\/qtmm.org\/wp-includes\/js\/wp-embed.min.js\n<\/script>\n","description":"Aprel 6 k\u00fcn\u00fc Ukraina\u011fa resmiy ziyaret \u00e7er\u00e7ivesinde T\u00fcrkiye Cumhuriyeti d\u00f6rt parlament siyasiy partiyalar\u0131n\u0131\u00f1 deputatlar\u0131ndan ibaret T\u00fcrkiye B\u00fcy\u00fck Millet Meclisini\u00f1 ba\u015fqan\u0131 Cemil \u00c7i\u00e7ek yolba\u015f\u00e7\u0131l\u0131\u011f\u0131ndaki delegatsiya Q\u0131r\u0131mda bulund\u0131. \u015eu k\u00fcnni\u00f1 \u00f6z\u00fcnde T\u00fcrkiye B\u00fcy\u00fck Millet Meclisini\u00f1 ba\u015fqan\u0131 Cemil \u00c7i\u00e7ek yolba\u015f\u00e7\u0131l\u0131\u011f\u0131ndaki delegatsiya Q\u0131r\u0131m Yuqar\u0131 \u015euras\u0131, Ukraina Prezidentini\u00f1 Q\u0131r\u0131mdaki daimiy temsilciligi ve Q\u0131r\u0131mtatar halq\u0131 Meclisini ziyaret etip, Q\u0131r\u0131m Yuqar\u0131 \u015euras\u0131n\u0131\u00f1 [&hellip;]"}