




{"version":"1.0","provider_name":"\u041c\u0435\u0434\u0436\u043b\u0456\u0441","provider_url":"https:\/\/qtmm.org\/qt\/","author_name":"milena","author_url":"https:\/\/qtmm.org\/qt\/author\/milena\/","title":"Bariev, Q\u0131r\u0131mdaki i\u015f\u011falcilerni\u00f1\u00a0NATO aqq\u0131nda sahte haberlerini do\u011fru olma\u011fanlar\u0131n\u0131 isbatlad\u0131 - \u041c\u0435\u0434\u0436\u043b\u0456\u0441","type":"rich","width":600,"height":338,"html":"<blockquote class=\"wp-embedded-content\" data-secret=\"PMF92mgz9H\"><a href=\"https:\/\/qtmm.org\/qt\/taqiqatci-izolatorinda-siyasiy-mabus-gafarovnin-qalp-hastaligi-bar\/\">Bariev, Q\u0131r\u0131mdaki i\u015f\u011falcilerni\u00f1\u00a0NATO aqq\u0131nda sahte haberlerini do\u011fru olma\u011fanlar\u0131n\u0131 isbatlad\u0131<\/a><\/blockquote><iframe sandbox=\"allow-scripts\" security=\"restricted\" src=\"https:\/\/qtmm.org\/qt\/taqiqatci-izolatorinda-siyasiy-mabus-gafarovnin-qalp-hastaligi-bar\/embed\/#?secret=PMF92mgz9H\" width=\"600\" height=\"338\" title=\"&#8220;Bariev, Q\u0131r\u0131mdaki i\u015f\u011falcilerni\u00f1\u00a0NATO aqq\u0131nda sahte haberlerini do\u011fru olma\u011fanlar\u0131n\u0131 isbatlad\u0131&#8221; &#8212; \u041c\u0435\u0434\u0436\u043b\u0456\u0441\" data-secret=\"PMF92mgz9H\" frameborder=\"0\" marginwidth=\"0\" marginheight=\"0\" scrolling=\"no\" class=\"wp-embedded-content\"><\/iframe><script>\n\/*! This file is auto-generated *\/\n!function(d,l){\"use strict\";l.querySelector&&d.addEventListener&&\"undefined\"!=typeof URL&&(d.wp=d.wp||{},d.wp.receiveEmbedMessage||(d.wp.receiveEmbedMessage=function(e){var t=e.data;if((t||t.secret||t.message||t.value)&&!\/[^a-zA-Z0-9]\/.test(t.secret)){for(var s,r,n,a=l.querySelectorAll('iframe[data-secret=\"'+t.secret+'\"]'),o=l.querySelectorAll('blockquote[data-secret=\"'+t.secret+'\"]'),c=new RegExp(\"^https?:$\",\"i\"),i=0;i<o.length;i++)o[i].style.display=\"none\";for(i=0;i<a.length;i++)s=a[i],e.source===s.contentWindow&&(s.removeAttribute(\"style\"),\"height\"===t.message?(1e3<(r=parseInt(t.value,10))?r=1e3:~~r<200&&(r=200),s.height=r):\"link\"===t.message&&(r=new URL(s.getAttribute(\"src\")),n=new URL(t.value),c.test(n.protocol))&&n.host===r.host&&l.activeElement===s&&(d.top.location.href=t.value))}},d.addEventListener(\"message\",d.wp.receiveEmbedMessage,!1),l.addEventListener(\"DOMContentLoaded\",function(){for(var e,t,s=l.querySelectorAll(\"iframe.wp-embedded-content\"),r=0;r<s.length;r++)(t=(e=s[r]).getAttribute(\"data-secret\"))||(t=Math.random().toString(36).substring(2,12),e.src+=\"#?secret=\"+t,e.setAttribute(\"data-secret\",t)),e.contentWindow.postMessage({message:\"ready\",secret:t},\"*\")},!1)))}(window,document);\n\/\/# sourceURL=https:\/\/qtmm.org\/wp-includes\/js\/wp-embed.min.js\n<\/script>\n","thumbnail_url":"https:\/\/qtmm.org\/wp-content\/uploads\/2022\/11\/630_360_1667907434-461-1.jpg","thumbnail_width":630,"thumbnail_height":360,"description":"Meclis, sent\u00e2br-okt\u00e2br aylar\u0131nda vaqt\u0131nca i\u015f\u011fal etilgen Q\u0131r\u0131mda tecavuzc\u0131larn\u0131\u00f1 tarqatqanlar\u0131 NATO aqq\u0131nda sahte haberlerni a\u00f1latt\u0131. Ukrinform matbuat konferentsiyas\u0131nda Q\u0131r\u0131mtatar Milliy Meclisini\u00f1&nbsp;uquqiy meseleler ve t\u0131\u015f i\u015fler idaresini\u00f1 ba\u015f\u0131 Eskender Bariev bu aqq\u0131nda haber berdi. Barievni\u00f1 s\u00f6zlerine k\u00f6re, Ukraina Sil\u00e2l\u0131 Quvetlerini\u00f1\u00a0muvafaqiyetleri sebebinden rf, cemaatn\u0131 inand\u0131rma\u011fa t\u0131r\u0131\u015fa ki, NATO on\u0131 sanki zapt ete, ve NATO Q\u0131r\u0131mda rus ava mudafaa [&hellip;]"}