




{"version":"1.0","provider_name":"\u041c\u0435\u0434\u0436\u043b\u0456\u0441","provider_url":"https:\/\/qtmm.org\/qt\/","author_name":"Developer","author_url":"https:\/\/qtmm.org\/qt\/author\/Developer\/","title":"Saylav b\u00fclletenlerinde te\u015fkil\u00e2tlarn\u0131\u00f1 s\u0131ras\u0131 belgilendi - \u041c\u0435\u0434\u0436\u043b\u0456\u0441","type":"rich","width":600,"height":338,"html":"<blockquote class=\"wp-embedded-content\" data-secret=\"CcBhzRKfMi\"><a href=\"https:\/\/qtmm.org\/qt\/saylav-bulletenlerinde-teskilatlarnin-sirasi-belgilendi\/\">Saylav b\u00fclletenlerinde te\u015fkil\u00e2tlarn\u0131\u00f1 s\u0131ras\u0131 belgilendi<\/a><\/blockquote><iframe sandbox=\"allow-scripts\" security=\"restricted\" src=\"https:\/\/qtmm.org\/qt\/saylav-bulletenlerinde-teskilatlarnin-sirasi-belgilendi\/embed\/#?secret=CcBhzRKfMi\" width=\"600\" height=\"338\" title=\"&#8220;Saylav b\u00fclletenlerinde te\u015fkil\u00e2tlarn\u0131\u00f1 s\u0131ras\u0131 belgilendi&#8221; &#8212; \u041c\u0435\u0434\u0436\u043b\u0456\u0441\" data-secret=\"CcBhzRKfMi\" frameborder=\"0\" marginwidth=\"0\" marginheight=\"0\" scrolling=\"no\" class=\"wp-embedded-content\"><\/iframe><script>\n\/*! This file is auto-generated *\/\n!function(d,l){\"use strict\";l.querySelector&&d.addEventListener&&\"undefined\"!=typeof URL&&(d.wp=d.wp||{},d.wp.receiveEmbedMessage||(d.wp.receiveEmbedMessage=function(e){var t=e.data;if((t||t.secret||t.message||t.value)&&!\/[^a-zA-Z0-9]\/.test(t.secret)){for(var s,r,n,a=l.querySelectorAll('iframe[data-secret=\"'+t.secret+'\"]'),o=l.querySelectorAll('blockquote[data-secret=\"'+t.secret+'\"]'),c=new RegExp(\"^https?:$\",\"i\"),i=0;i<o.length;i++)o[i].style.display=\"none\";for(i=0;i<a.length;i++)s=a[i],e.source===s.contentWindow&&(s.removeAttribute(\"style\"),\"height\"===t.message?(1e3<(r=parseInt(t.value,10))?r=1e3:~~r<200&&(r=200),s.height=r):\"link\"===t.message&&(r=new URL(s.getAttribute(\"src\")),n=new URL(t.value),c.test(n.protocol))&&n.host===r.host&&l.activeElement===s&&(d.top.location.href=t.value))}},d.addEventListener(\"message\",d.wp.receiveEmbedMessage,!1),l.addEventListener(\"DOMContentLoaded\",function(){for(var e,t,s=l.querySelectorAll(\"iframe.wp-embedded-content\"),r=0;r<s.length;r++)(t=(e=s[r]).getAttribute(\"data-secret\"))||(t=Math.random().toString(36).substring(2,12),e.src+=\"#?secret=\"+t,e.setAttribute(\"data-secret\",t)),e.contentWindow.postMessage({message:\"ready\",secret:t},\"*\")},!1)))}(window,document);\n\/\/# sourceURL=https:\/\/qtmm.org\/wp-includes\/js\/wp-embed.min.js\n<\/script>\n","description":"Merkeziy saylav komissiyas\u0131 te\u015fkil etken ve ke\u00e7irgen merasimde cedvelge al\u0131n\u011fan 14 te\u015fkil\u00e2t i\u015ftirak etti. Tedbir ba\u015flamazdan evel Q\u0131r\u0131m musulmanlar\u0131n\u0131\u00f1 m\u00fcftisi ac\u0131 Emirali Ablayev er keske saylavlarda ye\u00f1i\u015f qazanmaqn\u0131 tilep, saylavlar vaqt\u0131nda faqat musaade etilgen usullardan qullanmaqn\u0131 tevsiye etti. Bundan so\u00f1 Merkeziy saylav komissiyan\u0131\u00f1 ba\u015f\u0131 Zair Smedl\u00e2yev cedvelge al\u0131n\u011fan te\u015fkil\u00e2t ve bloklar\u011fa Qurultay delegatl\u0131\u011f\u0131na namzetlik \u015feadetnamelerini [&hellip;]"}