




{"version":"1.0","provider_name":"\u041c\u0435\u0434\u0436\u043b\u0456\u0441","provider_url":"https:\/\/qtmm.org\/qt\/","author_name":"Developer","author_url":"https:\/\/qtmm.org\/qt\/author\/Developer\/","title":"Qurultay Tefti\u015f komisyon\u0131n\u0131\u00f1 topla\u015fuv\u0131 ol\u0131p ke\u00e7ti - \u041c\u0435\u0434\u0436\u043b\u0456\u0441","type":"rich","width":600,"height":338,"html":"<blockquote class=\"wp-embedded-content\" data-secret=\"3DGFcorvVD\"><a href=\"https:\/\/qtmm.org\/qt\/qurultay-teftis-komisyoninin-toplasuvi-olip-kecti\/\">Qurultay Tefti\u015f komisyon\u0131n\u0131\u00f1 topla\u015fuv\u0131 ol\u0131p ke\u00e7ti<\/a><\/blockquote><iframe sandbox=\"allow-scripts\" security=\"restricted\" src=\"https:\/\/qtmm.org\/qt\/qurultay-teftis-komisyoninin-toplasuvi-olip-kecti\/embed\/#?secret=3DGFcorvVD\" width=\"600\" height=\"338\" title=\"&#8220;Qurultay Tefti\u015f komisyon\u0131n\u0131\u00f1 topla\u015fuv\u0131 ol\u0131p ke\u00e7ti&#8221; &#8212; \u041c\u0435\u0434\u0436\u043b\u0456\u0441\" data-secret=\"3DGFcorvVD\" frameborder=\"0\" marginwidth=\"0\" marginheight=\"0\" scrolling=\"no\" class=\"wp-embedded-content\"><\/iframe><script>\n\/*! This file is auto-generated *\/\n!function(d,l){\"use strict\";l.querySelector&&d.addEventListener&&\"undefined\"!=typeof URL&&(d.wp=d.wp||{},d.wp.receiveEmbedMessage||(d.wp.receiveEmbedMessage=function(e){var t=e.data;if((t||t.secret||t.message||t.value)&&!\/[^a-zA-Z0-9]\/.test(t.secret)){for(var s,r,n,a=l.querySelectorAll('iframe[data-secret=\"'+t.secret+'\"]'),o=l.querySelectorAll('blockquote[data-secret=\"'+t.secret+'\"]'),c=new RegExp(\"^https?:$\",\"i\"),i=0;i<o.length;i++)o[i].style.display=\"none\";for(i=0;i<a.length;i++)s=a[i],e.source===s.contentWindow&&(s.removeAttribute(\"style\"),\"height\"===t.message?(1e3<(r=parseInt(t.value,10))?r=1e3:~~r<200&&(r=200),s.height=r):\"link\"===t.message&&(r=new URL(s.getAttribute(\"src\")),n=new URL(t.value),c.test(n.protocol))&&n.host===r.host&&l.activeElement===s&&(d.top.location.href=t.value))}},d.addEventListener(\"message\",d.wp.receiveEmbedMessage,!1),l.addEventListener(\"DOMContentLoaded\",function(){for(var e,t,s=l.querySelectorAll(\"iframe.wp-embedded-content\"),r=0;r<s.length;r++)(t=(e=s[r]).getAttribute(\"data-secret\"))||(t=Math.random().toString(36).substring(2,12),e.src+=\"#?secret=\"+t,e.setAttribute(\"data-secret\",t)),e.contentWindow.postMessage({message:\"ready\",secret:t},\"*\")},!1)))}(window,document);\n\/\/# sourceURL=https:\/\/qtmm.org\/wp-includes\/js\/wp-embed.min.js\n<\/script>\n","description":"2014 s., fevral 13-te q\u0131r\u0131mtatar halq\u0131 VI Qurultay\u0131 Tefti\u015f komisyon\u0131n\u0131\u00f1 nevbetteki topla\u015fuv\u0131 ol\u0131p ke\u00e7ti. K\u00fcn tertibini\u00f1 esas meselesi olaraq, Qarasuvbazar regional meclisteki vaziyet boyunca Milliy Qurultayn\u0131\u00f1 vekili Remzi Velill\u00e2yevni\u00f1 arizas\u0131 baq\u0131p \u00e7\u0131q\u0131ld\u0131. \u0130\u015fbu ar\u0131zada Qarasuvbazar regional meclisini\u00f1 reisi Mustafa Asaban\u0131\u00f1 \u00f6z maqam\u0131na l\u00e2y\u0131q olma\u011fan\u0131, salahiyetleri qanuns\u0131z ol\u011fan\u0131 bildirile. Arizan\u0131\u00f1 yan\u0131nda ol\u011fan regional meclis topla\u015fuv\u0131 protokol\u0131n\u0131\u00f1 [&hellip;]"}