




{"version":"1.0","provider_name":"\u041c\u0435\u0434\u0436\u043b\u0456\u0441","provider_url":"https:\/\/qtmm.org\/qt\/","author_name":"Developer","author_url":"https:\/\/qtmm.org\/qt\/author\/Developer\/","title":"Q\u0131r\u0131mtatar halq\u0131 Meclisini\u00f1 nevbetteki topla\u015fuv\u0131 - \u041c\u0435\u0434\u0436\u043b\u0456\u0441","type":"rich","width":600,"height":338,"html":"<blockquote class=\"wp-embedded-content\" data-secret=\"ATZe8Qnfyq\"><a href=\"https:\/\/qtmm.org\/qt\/qirimtatar-halqi-meclisinin-nevbetteki-toplasuvi-2\/\">Q\u0131r\u0131mtatar halq\u0131 Meclisini\u00f1 nevbetteki topla\u015fuv\u0131<\/a><\/blockquote><iframe sandbox=\"allow-scripts\" security=\"restricted\" src=\"https:\/\/qtmm.org\/qt\/qirimtatar-halqi-meclisinin-nevbetteki-toplasuvi-2\/embed\/#?secret=ATZe8Qnfyq\" width=\"600\" height=\"338\" title=\"&#8220;Q\u0131r\u0131mtatar halq\u0131 Meclisini\u00f1 nevbetteki topla\u015fuv\u0131&#8221; &#8212; \u041c\u0435\u0434\u0436\u043b\u0456\u0441\" data-secret=\"ATZe8Qnfyq\" frameborder=\"0\" marginwidth=\"0\" marginheight=\"0\" scrolling=\"no\" class=\"wp-embedded-content\"><\/iframe><script>\n\/*! This file is auto-generated *\/\n!function(d,l){\"use strict\";l.querySelector&&d.addEventListener&&\"undefined\"!=typeof URL&&(d.wp=d.wp||{},d.wp.receiveEmbedMessage||(d.wp.receiveEmbedMessage=function(e){var t=e.data;if((t||t.secret||t.message||t.value)&&!\/[^a-zA-Z0-9]\/.test(t.secret)){for(var s,r,n,a=l.querySelectorAll('iframe[data-secret=\"'+t.secret+'\"]'),o=l.querySelectorAll('blockquote[data-secret=\"'+t.secret+'\"]'),c=new RegExp(\"^https?:$\",\"i\"),i=0;i<o.length;i++)o[i].style.display=\"none\";for(i=0;i<a.length;i++)s=a[i],e.source===s.contentWindow&&(s.removeAttribute(\"style\"),\"height\"===t.message?(1e3<(r=parseInt(t.value,10))?r=1e3:~~r<200&&(r=200),s.height=r):\"link\"===t.message&&(r=new URL(s.getAttribute(\"src\")),n=new URL(t.value),c.test(n.protocol))&&n.host===r.host&&l.activeElement===s&&(d.top.location.href=t.value))}},d.addEventListener(\"message\",d.wp.receiveEmbedMessage,!1),l.addEventListener(\"DOMContentLoaded\",function(){for(var e,t,s=l.querySelectorAll(\"iframe.wp-embedded-content\"),r=0;r<s.length;r++)(t=(e=s[r]).getAttribute(\"data-secret\"))||(t=Math.random().toString(36).substring(2,12),e.src+=\"#?secret=\"+t,e.setAttribute(\"data-secret\",t)),e.contentWindow.postMessage({message:\"ready\",secret:t},\"*\")},!1)))}(window,document);\n\/\/# sourceURL=https:\/\/qtmm.org\/wp-includes\/js\/wp-embed.min.js\n<\/script>\n","description":"25 yanvar k\u00fcn\u00fc Q\u0131r\u0131mtatar halq\u0131 Meclisini\u00f1 nevbetteki topla\u015fuv\u0131 ol\u0131p ke\u00e7ti. Topla\u015fuvn\u0131\u00f1 ba\u015f\u0131nda Meclis azalar\u0131 al-az\u0131rda Aqmescitteki Sema\u015fko ad\u0131na cumhuriyet hastahanesinde tedaviylengen milliy areket i\u015ftirak\u00e7isi, Qurultay Tefti\u015f komissiyas\u0131n\u0131\u00f1 reisi Qurtseit Abdullayevni\u00f1 sa\u011fl\u0131\u011f\u0131 aqq\u0131nda mal\u00fcmatn\u0131 di\u00f1lediler. Belli ol\u011fan\u0131na k\u00f6re, yanvar 24 k\u00fcn\u00fc ke\u00e7 maalde bellisiz \u015fah\u0131slar Qurtseit Abdullayevge tecavuz ettiler. &#8220;Aqibette Qurtseit Abdullayevni\u00f1 ba\u015f\u0131 yaraland\u0131, miyi sars\u0131ld\u0131, [&hellip;]","thumbnail_url":"https:\/\/qtmm.org\/wp-content\/uploads\/2022\/01\/img_4906.jpeg","thumbnail_width":650,"thumbnail_height":350}