




{"version":"1.0","provider_name":"\u041c\u0435\u0434\u0436\u043b\u0456\u0441","provider_url":"https:\/\/qtmm.org\/qt\/","author_name":"milena","author_url":"https:\/\/qtmm.org\/qt\/author\/milena\/","title":"Q\u0131r\u0131mda q\u0131r\u0131mtatarlar zulum ast\u0131ndalar - Avropa Parlamentini\u00f1 mebus\u0131 - \u041c\u0435\u0434\u0436\u043b\u0456\u0441","type":"rich","width":600,"height":338,"html":"<blockquote class=\"wp-embedded-content\" data-secret=\"V6q2iSByDL\"><a href=\"https:\/\/qtmm.org\/qt\/qirimda-qirimtatarlar-zulum-astindalar-avropa-parlamentinin-mebusi\/\">Q\u0131r\u0131mda q\u0131r\u0131mtatarlar zulum ast\u0131ndalar &#8211; Avropa Parlamentini\u00f1 mebus\u0131<\/a><\/blockquote><iframe sandbox=\"allow-scripts\" security=\"restricted\" src=\"https:\/\/qtmm.org\/qt\/qirimda-qirimtatarlar-zulum-astindalar-avropa-parlamentinin-mebusi\/embed\/#?secret=V6q2iSByDL\" width=\"600\" height=\"338\" title=\"&#8220;Q\u0131r\u0131mda q\u0131r\u0131mtatarlar zulum ast\u0131ndalar &#8211; Avropa Parlamentini\u00f1 mebus\u0131&#8221; &#8212; \u041c\u0435\u0434\u0436\u043b\u0456\u0441\" data-secret=\"V6q2iSByDL\" frameborder=\"0\" marginwidth=\"0\" marginheight=\"0\" scrolling=\"no\" class=\"wp-embedded-content\"><\/iframe><script>\n\/*! This file is auto-generated *\/\n!function(d,l){\"use strict\";l.querySelector&&d.addEventListener&&\"undefined\"!=typeof URL&&(d.wp=d.wp||{},d.wp.receiveEmbedMessage||(d.wp.receiveEmbedMessage=function(e){var t=e.data;if((t||t.secret||t.message||t.value)&&!\/[^a-zA-Z0-9]\/.test(t.secret)){for(var s,r,n,a=l.querySelectorAll('iframe[data-secret=\"'+t.secret+'\"]'),o=l.querySelectorAll('blockquote[data-secret=\"'+t.secret+'\"]'),c=new RegExp(\"^https?:$\",\"i\"),i=0;i<o.length;i++)o[i].style.display=\"none\";for(i=0;i<a.length;i++)s=a[i],e.source===s.contentWindow&&(s.removeAttribute(\"style\"),\"height\"===t.message?(1e3<(r=parseInt(t.value,10))?r=1e3:~~r<200&&(r=200),s.height=r):\"link\"===t.message&&(r=new URL(s.getAttribute(\"src\")),n=new URL(t.value),c.test(n.protocol))&&n.host===r.host&&l.activeElement===s&&(d.top.location.href=t.value))}},d.addEventListener(\"message\",d.wp.receiveEmbedMessage,!1),l.addEventListener(\"DOMContentLoaded\",function(){for(var e,t,s=l.querySelectorAll(\"iframe.wp-embedded-content\"),r=0;r<s.length;r++)(t=(e=s[r]).getAttribute(\"data-secret\"))||(t=Math.random().toString(36).substring(2,12),e.src+=\"#?secret=\"+t,e.setAttribute(\"data-secret\",t)),e.contentWindow.postMessage({message:\"ready\",secret:t},\"*\")},!1)))}(window,document);\n\/\/# sourceURL=https:\/\/qtmm.org\/wp-includes\/js\/wp-embed.min.js\n<\/script>\n","thumbnail_url":"https:\/\/qtmm.org\/wp-content\/uploads\/2022\/10\/crmaon.jpg","thumbnail_width":1500,"thumbnail_height":1001,"description":"Foto: violavoncramon.eu Okt\u00e2br ay\u0131n\u0131\u00f1\u00a024-25 k\u00fcnleri Zareb \u015feerinde Q\u0131r\u0131m platformas\u0131n\u0131\u00f1 ilk Parlament sammiti ke\u00e7irilecek. Q\u0131r\u0131m platformas\u0131 vastas\u0131nen Ukraina d\u00fcnya\u011fa i\u015f\u011fal etilgen Q\u0131r\u0131mdaki adaletsizliklerni k\u00f6stermeli. Ke\u00e7ken sene Q\u0131r\u0131m platformas\u0131n\u0131\u00f1\u00a0ilk sammitinde i\u015ftirak etken alman siyaset\u00e7isi, Avropa parlamentini\u00f1 mebus\u0131 Viola fon Kramon &#8220;Holos Ukrayin\u0131&#8221;\u011fa intervy\u00fc bergende bun\u0131 aytt\u0131. On\u0131\u00f1 s\u00f6zlerine k\u00f6re, ke\u00e7ken bir qa\u00e7 sene devam\u0131nda er kesni\u00f1\u00a0i\u015f\u011falge boyun [&hellip;]"}