




{"version":"1.0","provider_name":"\u041c\u0435\u0434\u0436\u043b\u0456\u0441","provider_url":"https:\/\/qtmm.org\/qt\/","author_name":"milena","author_url":"https:\/\/qtmm.org\/qt\/author\/milena\/","title":"Q\u0131r\u0131mda \u201cCel\u00e2la ve Ahmetov a\u011falar\u0131n\u0131\u00f1 davas\u0131\u201dn\u0131\u00f1 di\u00f1leyicileri tutuld\u0131lar - \u041c\u0435\u0434\u0436\u043b\u0456\u0441","type":"rich","width":600,"height":338,"html":"<blockquote class=\"wp-embedded-content\" data-secret=\"fk4Y3sUHOz\"><a href=\"https:\/\/qtmm.org\/qt\/qirimda-celala-ve-ahmetov-agalarinin-davasinin-dinleyicileri-tutuldilar\/\">Q\u0131r\u0131mda \u201cCel\u00e2la ve Ahmetov a\u011falar\u0131n\u0131\u00f1 davas\u0131\u201dn\u0131\u00f1 di\u00f1leyicileri tutuld\u0131lar<\/a><\/blockquote><iframe sandbox=\"allow-scripts\" security=\"restricted\" src=\"https:\/\/qtmm.org\/qt\/qirimda-celala-ve-ahmetov-agalarinin-davasinin-dinleyicileri-tutuldilar\/embed\/#?secret=fk4Y3sUHOz\" width=\"600\" height=\"338\" title=\"&#8220;Q\u0131r\u0131mda \u201cCel\u00e2la ve Ahmetov a\u011falar\u0131n\u0131\u00f1 davas\u0131\u201dn\u0131\u00f1 di\u00f1leyicileri tutuld\u0131lar&#8221; &#8212; \u041c\u0435\u0434\u0436\u043b\u0456\u0441\" data-secret=\"fk4Y3sUHOz\" frameborder=\"0\" marginwidth=\"0\" marginheight=\"0\" scrolling=\"no\" class=\"wp-embedded-content\"><\/iframe><script>\n\/*! This file is auto-generated *\/\n!function(d,l){\"use strict\";l.querySelector&&d.addEventListener&&\"undefined\"!=typeof URL&&(d.wp=d.wp||{},d.wp.receiveEmbedMessage||(d.wp.receiveEmbedMessage=function(e){var t=e.data;if((t||t.secret||t.message||t.value)&&!\/[^a-zA-Z0-9]\/.test(t.secret)){for(var s,r,n,a=l.querySelectorAll('iframe[data-secret=\"'+t.secret+'\"]'),o=l.querySelectorAll('blockquote[data-secret=\"'+t.secret+'\"]'),c=new RegExp(\"^https?:$\",\"i\"),i=0;i<o.length;i++)o[i].style.display=\"none\";for(i=0;i<a.length;i++)s=a[i],e.source===s.contentWindow&&(s.removeAttribute(\"style\"),\"height\"===t.message?(1e3<(r=parseInt(t.value,10))?r=1e3:~~r<200&&(r=200),s.height=r):\"link\"===t.message&&(r=new URL(s.getAttribute(\"src\")),n=new URL(t.value),c.test(n.protocol))&&n.host===r.host&&l.activeElement===s&&(d.top.location.href=t.value))}},d.addEventListener(\"message\",d.wp.receiveEmbedMessage,!1),l.addEventListener(\"DOMContentLoaded\",function(){for(var e,t,s=l.querySelectorAll(\"iframe.wp-embedded-content\"),r=0;r<s.length;r++)(t=(e=s[r]).getAttribute(\"data-secret\"))||(t=Math.random().toString(36).substring(2,12),e.src+=\"#?secret=\"+t,e.setAttribute(\"data-secret\",t)),e.contentWindow.postMessage({message:\"ready\",secret:t},\"*\")},!1)))}(window,document);\n\/\/# sourceURL=https:\/\/qtmm.org\/wp-includes\/js\/wp-embed.min.js\n<\/script>\n","thumbnail_url":"https:\/\/qtmm.org\/wp-content\/uploads\/2023\/07\/363778925_295600922972322_6407864815555852025_n.jpg","thumbnail_width":1440,"thumbnail_height":1080,"description":"Foto: Q\u0131r\u0131m birdemligi\u00a0 \u0130\u015f\u011fal etilgen Aqmescitte makeme binas\u0131 yan\u0131nda 13 insan tutuld\u0131. Olar, diversiya sebebinden qabaatlan\u011fan Meclisni\u00f1 ba\u015f\u0131n\u0131\u00f1 muavini Nariman Cel\u00e2l ve Ahtemov a\u011falar\u0131na \u00fck\u00fcmni\u00f1 apel\u00e2tsiyas\u0131na dair otur\u0131\u015fn\u0131\u00f1 di\u00f1leyicileri olaraq keldiler, dep \u201cHromadske radio\u201d haber berdi. Tutul\u011fanlar aralar\u0131nda eki jurnalist &#8211; \u201cGrat\u0131\u201dn\u0131\u00f1 m\u00fchbiri L\u00fctfiye Zudiyeva ve \u201cHrani\u201dni\u00f1 jurnalisti Kulamet \u0130braimov. Qayd erildi ki, olar quvet\u00e7ilerge [&hellip;]"}