




{"version":"1.0","provider_name":"\u041c\u0435\u0434\u0436\u043b\u0456\u0441","provider_url":"https:\/\/qtmm.org\/qt\/","author_name":"Developer","author_url":"https:\/\/qtmm.org\/qt\/author\/Developer\/","title":"Pragada Yan Palah ve Yan Zayits eykellerine \u00e7e\u00e7ekler - \u041c\u0435\u0434\u0436\u043b\u0456\u0441","type":"rich","width":600,"height":338,"html":"<blockquote class=\"wp-embedded-content\" data-secret=\"1wWozP2vTI\"><a href=\"https:\/\/qtmm.org\/qt\/pragada-yan-palah-ve-yan-zayits-eykellerine-cecekler\/\">Pragada Yan Palah ve Yan Zayits eykellerine \u00e7e\u00e7ekler<\/a><\/blockquote><iframe sandbox=\"allow-scripts\" security=\"restricted\" src=\"https:\/\/qtmm.org\/qt\/pragada-yan-palah-ve-yan-zayits-eykellerine-cecekler\/embed\/#?secret=1wWozP2vTI\" width=\"600\" height=\"338\" title=\"&#8220;Pragada Yan Palah ve Yan Zayits eykellerine \u00e7e\u00e7ekler&#8221; &#8212; \u041c\u0435\u0434\u0436\u043b\u0456\u0441\" data-secret=\"1wWozP2vTI\" frameborder=\"0\" marginwidth=\"0\" marginheight=\"0\" scrolling=\"no\" class=\"wp-embedded-content\"><\/iframe><script>\n\/*! This file is auto-generated *\/\n!function(d,l){\"use strict\";l.querySelector&&d.addEventListener&&\"undefined\"!=typeof URL&&(d.wp=d.wp||{},d.wp.receiveEmbedMessage||(d.wp.receiveEmbedMessage=function(e){var t=e.data;if((t||t.secret||t.message||t.value)&&!\/[^a-zA-Z0-9]\/.test(t.secret)){for(var s,r,n,a=l.querySelectorAll('iframe[data-secret=\"'+t.secret+'\"]'),o=l.querySelectorAll('blockquote[data-secret=\"'+t.secret+'\"]'),c=new RegExp(\"^https?:$\",\"i\"),i=0;i<o.length;i++)o[i].style.display=\"none\";for(i=0;i<a.length;i++)s=a[i],e.source===s.contentWindow&&(s.removeAttribute(\"style\"),\"height\"===t.message?(1e3<(r=parseInt(t.value,10))?r=1e3:~~r<200&&(r=200),s.height=r):\"link\"===t.message&&(r=new URL(s.getAttribute(\"src\")),n=new URL(t.value),c.test(n.protocol))&&n.host===r.host&&l.activeElement===s&&(d.top.location.href=t.value))}},d.addEventListener(\"message\",d.wp.receiveEmbedMessage,!1),l.addEventListener(\"DOMContentLoaded\",function(){for(var e,t,s=l.querySelectorAll(\"iframe.wp-embedded-content\"),r=0;r<s.length;r++)(t=(e=s[r]).getAttribute(\"data-secret\"))||(t=Math.random().toString(36).substring(2,12),e.src+=\"#?secret=\"+t,e.setAttribute(\"data-secret\",t)),e.contentWindow.postMessage({message:\"ready\",secret:t},\"*\")},!1)))}(window,document);\n\/\/# sourceURL=https:\/\/qtmm.org\/wp-includes\/js\/wp-embed.min.js\n<\/script>\n","thumbnail_url":"https:\/\/qtmm.org\/wp-content\/uploads\/2022\/01\/4e9bd1c2e87b1.jpeg","thumbnail_width":640,"thumbnail_height":480,"description":"Q\u0131r\u0131mtatar halq\u0131 Meclisini\u00f1 reisi Mustafa Cemilev devletlerini Var\u015fava a\u00f1la\u015fmas\u0131 qo\u015funlar\u0131 i\u015f\u011fal etmesine qar\u015f\u0131 \u00f6zlerini yaqqan \u00e7eh studentlerini\u00f1 eykellerine \u00e7e\u00e7ekler qoyd\u0131 Meclis reisi Mustafa Cemilev devletlerini Var\u015fava a\u00f1la\u015fmas\u0131 qo\u015funlar\u0131 i\u015f\u011fal etmesine qar\u015f\u0131 \u00f6zlerini yaqqan \u00e7eh studentleri Yan Palah ve Yan Zayitsni\u00f1 eykellerine Q\u0131r\u0131mtatar halq\u0131 Meclisini\u00f1 ad\u0131ndan \u00e7e\u00e7ekler qoyd\u0131 2011 senesi okt\u00e2br 11 k\u00fcn\u00fc Meclis reisi Mustafa [&hellip;]"}