




{"version":"1.0","provider_name":"\u041c\u0435\u0434\u0436\u043b\u0456\u0441","provider_url":"https:\/\/qtmm.org\/qt\/","author_name":"Developer","author_url":"https:\/\/qtmm.org\/qt\/author\/Developer\/","title":"Pragada q\u0131r\u0131mtatar halq\u0131 vaziyetine dair meseleler baq\u0131lacaq - \u041c\u0435\u0434\u0436\u043b\u0456\u0441","type":"rich","width":600,"height":338,"html":"<blockquote class=\"wp-embedded-content\" data-secret=\"p4dTpEsOPO\"><a href=\"https:\/\/qtmm.org\/qt\/pragada-qirimtatar-halqi-vaziyetine-dair-meseleler-baqilacaq\/\">Pragada q\u0131r\u0131mtatar halq\u0131 vaziyetine dair meseleler baq\u0131lacaq<\/a><\/blockquote><iframe sandbox=\"allow-scripts\" security=\"restricted\" src=\"https:\/\/qtmm.org\/qt\/pragada-qirimtatar-halqi-vaziyetine-dair-meseleler-baqilacaq\/embed\/#?secret=p4dTpEsOPO\" width=\"600\" height=\"338\" title=\"&#8220;Pragada q\u0131r\u0131mtatar halq\u0131 vaziyetine dair meseleler baq\u0131lacaq&#8221; &#8212; \u041c\u0435\u0434\u0436\u043b\u0456\u0441\" data-secret=\"p4dTpEsOPO\" frameborder=\"0\" marginwidth=\"0\" marginheight=\"0\" scrolling=\"no\" class=\"wp-embedded-content\"><\/iframe><script>\n\/*! This file is auto-generated *\/\n!function(d,l){\"use strict\";l.querySelector&&d.addEventListener&&\"undefined\"!=typeof URL&&(d.wp=d.wp||{},d.wp.receiveEmbedMessage||(d.wp.receiveEmbedMessage=function(e){var t=e.data;if((t||t.secret||t.message||t.value)&&!\/[^a-zA-Z0-9]\/.test(t.secret)){for(var s,r,n,a=l.querySelectorAll('iframe[data-secret=\"'+t.secret+'\"]'),o=l.querySelectorAll('blockquote[data-secret=\"'+t.secret+'\"]'),c=new RegExp(\"^https?:$\",\"i\"),i=0;i<o.length;i++)o[i].style.display=\"none\";for(i=0;i<a.length;i++)s=a[i],e.source===s.contentWindow&&(s.removeAttribute(\"style\"),\"height\"===t.message?(1e3<(r=parseInt(t.value,10))?r=1e3:~~r<200&&(r=200),s.height=r):\"link\"===t.message&&(r=new URL(s.getAttribute(\"src\")),n=new URL(t.value),c.test(n.protocol))&&n.host===r.host&&l.activeElement===s&&(d.top.location.href=t.value))}},d.addEventListener(\"message\",d.wp.receiveEmbedMessage,!1),l.addEventListener(\"DOMContentLoaded\",function(){for(var e,t,s=l.querySelectorAll(\"iframe.wp-embedded-content\"),r=0;r<s.length;r++)(t=(e=s[r]).getAttribute(\"data-secret\"))||(t=Math.random().toString(36).substring(2,12),e.src+=\"#?secret=\"+t,e.setAttribute(\"data-secret\",t)),e.contentWindow.postMessage({message:\"ready\",secret:t},\"*\")},!1)))}(window,document);\n\/\/# sourceURL=https:\/\/qtmm.org\/wp-includes\/js\/wp-embed.min.js\n<\/script>\n","thumbnail_url":"https:\/\/qtmm.org\/wp-content\/uploads\/2022\/01\/4e93c7fc13fe3.jpeg","thumbnail_width":640,"thumbnail_height":480,"description":"2011 senesi okt\u00e2br 9 k\u00fcn\u00fc \u00c7ehiyan\u0131\u00f1 paytaht\u0131 \u2013 Pragada \u00fc\u00e7 k\u00fcn devam etecek &#8220;Forum 2000&#8221; Halqara konferentsiyas\u0131 a\u00e7\u0131ld\u0131. On\u0131\u00f1 i\u015finde d\u00fcnyan\u0131\u00f1 \u00e7e\u015fit yerlerinden kelgen 140 delegat i\u015ftirak etecek. On be\u015finci kere \u00f6tkerilgen i\u015fbu konferentsiyan\u0131\u00f1 k\u00fcn tertibine ayr\u0131ca muzakere etmek i\u00e7\u00fcn demokratiya, insan aqlar\u0131 ve uquq \u00fcst\u00fcnligi kibi meseleler qoyuld\u0131. Konferentsiya okt\u00e2br 9 k\u00fcn\u00fc aziz Anna [&hellip;]"}