




{"version":"1.0","provider_name":"\u041c\u0435\u0434\u0436\u043b\u0456\u0441","provider_url":"https:\/\/qtmm.org\/qt\/","author_name":"Developer","author_url":"https:\/\/qtmm.org\/qt\/author\/Developer\/","title":"Niderlandda q\u0131r\u0131mtatar diasporas\u0131 s\u00fcrg\u00fcnlik qurbanlar\u0131n\u0131\u00f1 hat\u0131ras\u0131n\u0131 a\u00f1d\u0131 - \u041c\u0435\u0434\u0436\u043b\u0456\u0441","type":"rich","width":600,"height":338,"html":"<blockquote class=\"wp-embedded-content\" data-secret=\"M1CsVPHAXz\"><a href=\"https:\/\/qtmm.org\/qt\/niderlandda-qirimtatar-diasporasi-surgunlik-qurbanlarinin-hatirasini-andi\/\">Niderlandda q\u0131r\u0131mtatar diasporas\u0131 s\u00fcrg\u00fcnlik qurbanlar\u0131n\u0131\u00f1 hat\u0131ras\u0131n\u0131 a\u00f1d\u0131<\/a><\/blockquote><iframe sandbox=\"allow-scripts\" security=\"restricted\" src=\"https:\/\/qtmm.org\/qt\/niderlandda-qirimtatar-diasporasi-surgunlik-qurbanlarinin-hatirasini-andi\/embed\/#?secret=M1CsVPHAXz\" width=\"600\" height=\"338\" title=\"&#8220;Niderlandda q\u0131r\u0131mtatar diasporas\u0131 s\u00fcrg\u00fcnlik qurbanlar\u0131n\u0131\u00f1 hat\u0131ras\u0131n\u0131 a\u00f1d\u0131&#8221; &#8212; \u041c\u0435\u0434\u0436\u043b\u0456\u0441\" data-secret=\"M1CsVPHAXz\" frameborder=\"0\" marginwidth=\"0\" marginheight=\"0\" scrolling=\"no\" class=\"wp-embedded-content\"><\/iframe><script>\n\/*! This file is auto-generated *\/\n!function(d,l){\"use strict\";l.querySelector&&d.addEventListener&&\"undefined\"!=typeof URL&&(d.wp=d.wp||{},d.wp.receiveEmbedMessage||(d.wp.receiveEmbedMessage=function(e){var t=e.data;if((t||t.secret||t.message||t.value)&&!\/[^a-zA-Z0-9]\/.test(t.secret)){for(var s,r,n,a=l.querySelectorAll('iframe[data-secret=\"'+t.secret+'\"]'),o=l.querySelectorAll('blockquote[data-secret=\"'+t.secret+'\"]'),c=new RegExp(\"^https?:$\",\"i\"),i=0;i<o.length;i++)o[i].style.display=\"none\";for(i=0;i<a.length;i++)s=a[i],e.source===s.contentWindow&&(s.removeAttribute(\"style\"),\"height\"===t.message?(1e3<(r=parseInt(t.value,10))?r=1e3:~~r<200&&(r=200),s.height=r):\"link\"===t.message&&(r=new URL(s.getAttribute(\"src\")),n=new URL(t.value),c.test(n.protocol))&&n.host===r.host&&l.activeElement===s&&(d.top.location.href=t.value))}},d.addEventListener(\"message\",d.wp.receiveEmbedMessage,!1),l.addEventListener(\"DOMContentLoaded\",function(){for(var e,t,s=l.querySelectorAll(\"iframe.wp-embedded-content\"),r=0;r<s.length;r++)(t=(e=s[r]).getAttribute(\"data-secret\"))||(t=Math.random().toString(36).substring(2,12),e.src+=\"#?secret=\"+t,e.setAttribute(\"data-secret\",t)),e.contentWindow.postMessage({message:\"ready\",secret:t},\"*\")},!1)))}(window,document);\n\/\/# sourceURL=https:\/\/qtmm.org\/wp-includes\/js\/wp-embed.min.js\n<\/script>\n","thumbnail_url":"https:\/\/qtmm.org\/wp-content\/uploads\/2022\/01\/k_r_m_demo_08_180513.jpeg","thumbnail_width":640,"thumbnail_height":360,"description":"2013 senesi may\u0131s 18 \u2013 q\u0131r\u0131mtatar halq\u0131n\u0131\u00f1 matem k\u00fcn\u00fc Avropa Birligine kirgen devletlerde \u015fu memleketlerdeki q\u0131r\u0131mtatar diasporas\u0131 vekilleri S\u00fcrg\u00fcnlik qurbanlar\u0131n\u0131\u00f1 hat\u0131ras\u0131n\u0131 a\u00f1\u0131p, Ukrainadan q\u0131r\u0131mtatar halq\u0131n\u0131\u00f1 \u00f6z Vatan\u0131nda aqlar\u0131n\u0131 tiklemesini talap ettiler. \u011earbiy Avropa q\u0131r\u0131mtatar medeniy ve yard\u0131mla\u015fma merkezini\u00f1 reisi Mehmet T\u00fct\u00fcnci bildirgenine k\u00f6re Gaagada may\u0131s 18 k\u00fcn\u00fc Ukraina el\u00e7iligi \u00f6g\u00fcnde S\u00fcrg\u00fcnlik qurbanlar\u0131 hat\u0131ras\u0131na miting ke\u00e7irildi. [&hellip;]"}