




{"version":"1.0","provider_name":"\u041c\u0435\u0434\u0436\u043b\u0456\u0441","provider_url":"https:\/\/qtmm.org\/qt\/","author_name":"Developer","author_url":"https:\/\/qtmm.org\/qt\/author\/Developer\/","title":"Mustafa Cemilev Ukraina Devlet b\u00fccetini\u00f1 leyhas\u0131 aqq\u0131nda - \u041c\u0435\u0434\u0436\u043b\u0456\u0441","type":"rich","width":600,"height":338,"html":"<blockquote class=\"wp-embedded-content\" data-secret=\"r6XRo3iQsi\"><a href=\"https:\/\/qtmm.org\/qt\/mustafa-cemilev-ukraina-devlet-bucetinin-leyhasi-aqqinda\/\">Mustafa Cemilev Ukraina Devlet b\u00fccetini\u00f1 leyhas\u0131 aqq\u0131nda<\/a><\/blockquote><iframe sandbox=\"allow-scripts\" security=\"restricted\" src=\"https:\/\/qtmm.org\/qt\/mustafa-cemilev-ukraina-devlet-bucetinin-leyhasi-aqqinda\/embed\/#?secret=r6XRo3iQsi\" width=\"600\" height=\"338\" title=\"&#8220;Mustafa Cemilev Ukraina Devlet b\u00fccetini\u00f1 leyhas\u0131 aqq\u0131nda&#8221; &#8212; \u041c\u0435\u0434\u0436\u043b\u0456\u0441\" data-secret=\"r6XRo3iQsi\" frameborder=\"0\" marginwidth=\"0\" marginheight=\"0\" scrolling=\"no\" class=\"wp-embedded-content\"><\/iframe><script>\n\/*! This file is auto-generated *\/\n!function(d,l){\"use strict\";l.querySelector&&d.addEventListener&&\"undefined\"!=typeof URL&&(d.wp=d.wp||{},d.wp.receiveEmbedMessage||(d.wp.receiveEmbedMessage=function(e){var t=e.data;if((t||t.secret||t.message||t.value)&&!\/[^a-zA-Z0-9]\/.test(t.secret)){for(var s,r,n,a=l.querySelectorAll('iframe[data-secret=\"'+t.secret+'\"]'),o=l.querySelectorAll('blockquote[data-secret=\"'+t.secret+'\"]'),c=new RegExp(\"^https?:$\",\"i\"),i=0;i<o.length;i++)o[i].style.display=\"none\";for(i=0;i<a.length;i++)s=a[i],e.source===s.contentWindow&&(s.removeAttribute(\"style\"),\"height\"===t.message?(1e3<(r=parseInt(t.value,10))?r=1e3:~~r<200&&(r=200),s.height=r):\"link\"===t.message&&(r=new URL(s.getAttribute(\"src\")),n=new URL(t.value),c.test(n.protocol))&&n.host===r.host&&l.activeElement===s&&(d.top.location.href=t.value))}},d.addEventListener(\"message\",d.wp.receiveEmbedMessage,!1),l.addEventListener(\"DOMContentLoaded\",function(){for(var e,t,s=l.querySelectorAll(\"iframe.wp-embedded-content\"),r=0;r<s.length;r++)(t=(e=s[r]).getAttribute(\"data-secret\"))||(t=Math.random().toString(36).substring(2,12),e.src+=\"#?secret=\"+t,e.setAttribute(\"data-secret\",t)),e.contentWindow.postMessage({message:\"ready\",secret:t},\"*\")},!1)))}(window,document);\n\/\/# sourceURL=https:\/\/qtmm.org\/wp-includes\/js\/wp-embed.min.js\n<\/script>\n","description":"Mustafa Cemilev Yuqar\u0131 \u015euras\u0131 minberinden 2012 senesine Ukraina devlet&nbsp; b\u00fcceti leyhas\u0131n\u0131 tenqidge o\u011fratt\u0131: &#8220;Do\u011frus\u0131n\u0131 s\u00f6ylesem, Ukrainan\u0131\u00f1 b\u00f6yle munasebetini&nbsp; insanlarn\u0131 aqaret et\u00fcv, dep qabul etmek m\u00fcmk\u00fcn&#8221;.&nbsp; Belli ki,&nbsp; 2011 senesi okt\u00e2br 20 k\u00fcn\u00fc&nbsp; Ukraina Yuqar\u0131 \u015euras\u0131n\u0131\u00f1 a\u00e7\u0131l\u0131\u015f topla\u015fuv\u0131nda&nbsp; 2012 senesine Ukraina devlet b\u00fccetini\u00f1 2011 senesi sent\u00e2br ay\u0131n\u0131\u00f1 ba\u015f\u0131nda Ukraina Nazirler kabineti taraf\u0131ndan taqdim olun\u011fan leyhas\u0131 baq\u0131l\u011fan [&hellip;]"}