




{"version":"1.0","provider_name":"\u041c\u0435\u0434\u0436\u043b\u0456\u0441","provider_url":"https:\/\/qtmm.org\/qt\/","author_name":"Developer","author_url":"https:\/\/qtmm.org\/qt\/author\/Developer\/","title":"Mustafa Cemile Avropa Birligi delegatsiyas\u0131 ile k\u00f6r\u00fc\u015fti - \u041c\u0435\u0434\u0436\u043b\u0456\u0441","type":"rich","width":600,"height":338,"html":"<blockquote class=\"wp-embedded-content\" data-secret=\"4JcXk28cMZ\"><a href=\"https:\/\/qtmm.org\/qt\/mustafa-cemile-avropa-birligi-delegatsiyasi-ile-korusti\/\">Mustafa Cemile Avropa Birligi delegatsiyas\u0131 ile k\u00f6r\u00fc\u015fti<\/a><\/blockquote><iframe sandbox=\"allow-scripts\" security=\"restricted\" src=\"https:\/\/qtmm.org\/qt\/mustafa-cemile-avropa-birligi-delegatsiyasi-ile-korusti\/embed\/#?secret=4JcXk28cMZ\" width=\"600\" height=\"338\" title=\"&#8220;Mustafa Cemile Avropa Birligi delegatsiyas\u0131 ile k\u00f6r\u00fc\u015fti&#8221; &#8212; \u041c\u0435\u0434\u0436\u043b\u0456\u0441\" data-secret=\"4JcXk28cMZ\" frameborder=\"0\" marginwidth=\"0\" marginheight=\"0\" scrolling=\"no\" class=\"wp-embedded-content\"><\/iframe><script>\n\/*! This file is auto-generated *\/\n!function(d,l){\"use strict\";l.querySelector&&d.addEventListener&&\"undefined\"!=typeof URL&&(d.wp=d.wp||{},d.wp.receiveEmbedMessage||(d.wp.receiveEmbedMessage=function(e){var t=e.data;if((t||t.secret||t.message||t.value)&&!\/[^a-zA-Z0-9]\/.test(t.secret)){for(var s,r,n,a=l.querySelectorAll('iframe[data-secret=\"'+t.secret+'\"]'),o=l.querySelectorAll('blockquote[data-secret=\"'+t.secret+'\"]'),c=new RegExp(\"^https?:$\",\"i\"),i=0;i<o.length;i++)o[i].style.display=\"none\";for(i=0;i<a.length;i++)s=a[i],e.source===s.contentWindow&&(s.removeAttribute(\"style\"),\"height\"===t.message?(1e3<(r=parseInt(t.value,10))?r=1e3:~~r<200&&(r=200),s.height=r):\"link\"===t.message&&(r=new URL(s.getAttribute(\"src\")),n=new URL(t.value),c.test(n.protocol))&&n.host===r.host&&l.activeElement===s&&(d.top.location.href=t.value))}},d.addEventListener(\"message\",d.wp.receiveEmbedMessage,!1),l.addEventListener(\"DOMContentLoaded\",function(){for(var e,t,s=l.querySelectorAll(\"iframe.wp-embedded-content\"),r=0;r<s.length;r++)(t=(e=s[r]).getAttribute(\"data-secret\"))||(t=Math.random().toString(36).substring(2,12),e.src+=\"#?secret=\"+t,e.setAttribute(\"data-secret\",t)),e.contentWindow.postMessage({message:\"ready\",secret:t},\"*\")},!1)))}(window,document);\n\/\/# sourceURL=https:\/\/qtmm.org\/wp-includes\/js\/wp-embed.min.js\n<\/script>\n","thumbnail_url":"https:\/\/qtmm.org\/wp-content\/uploads\/2022\/01\/fotografiya_1_sch.jpeg","thumbnail_width":800,"thumbnail_height":600,"description":"2013 senesi iy\u00fcn 15 k\u00fcn\u00fc Milliy Meclis reisi Mustafa Cemilev Avropa Birligi delegatsiyas\u0131 ile k\u00f6r\u00fc\u015fti. Avropa Birligini\u00f1 Qom\u015ful\u0131q programmas\u0131 \u00e7er\u00e7ivesinde Avropa ve Cen\u00fcbiy Kavkaz devletlerinen i\u015fbirlikni\u00f1 co\u011frafiy koordinatsiyas\u0131 meseleleri boyunca b\u00f6l\u00fck ba\u015f\u0131 Andrea Matteo Fontana reisligindeki delegatsiyas\u0131na bun\u0131\u00f1 kibi de Ukraina i\u00e7\u00fcn Avropa komissiyas\u0131 inki\u015faf ve i\u015fbirlik meseleleri boyunca ba\u015f direktoratn\u0131\u00f1 co\u011frafiy koordinator\u0131 Marka Tilla, [&hellip;]"}