




{"version":"1.0","provider_name":"\u041c\u0435\u0434\u0436\u043b\u0456\u0441","provider_url":"https:\/\/qtmm.org\/qt\/","author_name":"Developer","author_url":"https:\/\/qtmm.org\/qt\/author\/Developer\/","title":"Milliy Meclisni\u00f1 nevbetteki topla\u015fuv\u0131 - \u041c\u0435\u0434\u0436\u043b\u0456\u0441","type":"rich","width":600,"height":338,"html":"<blockquote class=\"wp-embedded-content\" data-secret=\"mEh8TJuCe6\"><a href=\"https:\/\/qtmm.org\/qt\/milliy-meclisnin-nevbetteki-toplasuvi\/\">Milliy Meclisni\u00f1 nevbetteki topla\u015fuv\u0131<\/a><\/blockquote><iframe sandbox=\"allow-scripts\" security=\"restricted\" src=\"https:\/\/qtmm.org\/qt\/milliy-meclisnin-nevbetteki-toplasuvi\/embed\/#?secret=mEh8TJuCe6\" width=\"600\" height=\"338\" title=\"&#8220;Milliy Meclisni\u00f1 nevbetteki topla\u015fuv\u0131&#8221; &#8212; \u041c\u0435\u0434\u0436\u043b\u0456\u0441\" data-secret=\"mEh8TJuCe6\" frameborder=\"0\" marginwidth=\"0\" marginheight=\"0\" scrolling=\"no\" class=\"wp-embedded-content\"><\/iframe><script>\n\/*! This file is auto-generated *\/\n!function(d,l){\"use strict\";l.querySelector&&d.addEventListener&&\"undefined\"!=typeof URL&&(d.wp=d.wp||{},d.wp.receiveEmbedMessage||(d.wp.receiveEmbedMessage=function(e){var t=e.data;if((t||t.secret||t.message||t.value)&&!\/[^a-zA-Z0-9]\/.test(t.secret)){for(var s,r,n,a=l.querySelectorAll('iframe[data-secret=\"'+t.secret+'\"]'),o=l.querySelectorAll('blockquote[data-secret=\"'+t.secret+'\"]'),c=new RegExp(\"^https?:$\",\"i\"),i=0;i<o.length;i++)o[i].style.display=\"none\";for(i=0;i<a.length;i++)s=a[i],e.source===s.contentWindow&&(s.removeAttribute(\"style\"),\"height\"===t.message?(1e3<(r=parseInt(t.value,10))?r=1e3:~~r<200&&(r=200),s.height=r):\"link\"===t.message&&(r=new URL(s.getAttribute(\"src\")),n=new URL(t.value),c.test(n.protocol))&&n.host===r.host&&l.activeElement===s&&(d.top.location.href=t.value))}},d.addEventListener(\"message\",d.wp.receiveEmbedMessage,!1),l.addEventListener(\"DOMContentLoaded\",function(){for(var e,t,s=l.querySelectorAll(\"iframe.wp-embedded-content\"),r=0;r<s.length;r++)(t=(e=s[r]).getAttribute(\"data-secret\"))||(t=Math.random().toString(36).substring(2,12),e.src+=\"#?secret=\"+t,e.setAttribute(\"data-secret\",t)),e.contentWindow.postMessage({message:\"ready\",secret:t},\"*\")},!1)))}(window,document);\n\/\/# sourceURL=https:\/\/qtmm.org\/wp-includes\/js\/wp-embed.min.js\n<\/script>\n","description":"2013 senesi iy\u00fcl 26 k\u00fcn\u00fc Milliy Meclisni\u00f1 keni\u015fletilgen topla\u015fuv\u0131 ol\u0131p ke\u00e7ti. On\u0131\u00f1 k\u00fcn tertibine eki mesele qoyuld\u0131: Q\u0131r\u0131mtatar halq\u0131 Meclisi U1 \u00e7a\u011f\u0131r\u0131l\u0131\u015f Qurultay\u0131 birinci otur\u0131m\u0131n\u0131\u00f1 ke\u00e7irilmesi aqq\u0131nda, avgust 23 k\u00fcn\u00fc stalinizm ve natsizm qurbanlar\u0131n\u0131\u00f1 hat\u0131ras\u0131 umumavropa k\u00fcn\u00fc B\u00fct\u00fcnq\u0131r\u0131m informatsion piketini te\u015fkil\u00e2tland\u0131ruv aqq\u0131nda. Birinci mesele boyunca \u00e7\u0131q\u0131\u015fta bulun\u011fan Meclis K\u00e2tibiyetini\u00f1 ba\u015f\u0131 Zair Smedl\u00e2yev Meclis azalar\u0131na Q\u0131r\u0131mtatar [&hellip;]","thumbnail_url":"https:\/\/qtmm.org\/wp-content\/uploads\/2022\/01\/img_3433.jpeg","thumbnail_width":650,"thumbnail_height":330}