




{"version":"1.0","provider_name":"\u041c\u0435\u0434\u0436\u043b\u0456\u0441","provider_url":"https:\/\/qtmm.org\/qt\/","author_name":"Developer","author_url":"https:\/\/qtmm.org\/qt\/author\/Developer\/","title":"Milliy Meclisni\u00f1 mart 21 k\u00fcn\u00fc ol\u0131p ke\u00e7ken topla\u015fuv\u0131 - \u041c\u0435\u0434\u0436\u043b\u0456\u0441","type":"rich","width":600,"height":338,"html":"<blockquote class=\"wp-embedded-content\" data-secret=\"yr5PV73n6A\"><a href=\"https:\/\/qtmm.org\/qt\/milliy-meclisnin-mart-21-kunu-olip-kecken-toplasuvi\/\">Milliy Meclisni\u00f1 mart 21 k\u00fcn\u00fc ol\u0131p ke\u00e7ken topla\u015fuv\u0131<\/a><\/blockquote><iframe sandbox=\"allow-scripts\" security=\"restricted\" src=\"https:\/\/qtmm.org\/qt\/milliy-meclisnin-mart-21-kunu-olip-kecken-toplasuvi\/embed\/#?secret=yr5PV73n6A\" width=\"600\" height=\"338\" title=\"&#8220;Milliy Meclisni\u00f1 mart 21 k\u00fcn\u00fc ol\u0131p ke\u00e7ken topla\u015fuv\u0131&#8221; &#8212; \u041c\u0435\u0434\u0436\u043b\u0456\u0441\" data-secret=\"yr5PV73n6A\" frameborder=\"0\" marginwidth=\"0\" marginheight=\"0\" scrolling=\"no\" class=\"wp-embedded-content\"><\/iframe><script>\n\/*! This file is auto-generated *\/\n!function(d,l){\"use strict\";l.querySelector&&d.addEventListener&&\"undefined\"!=typeof URL&&(d.wp=d.wp||{},d.wp.receiveEmbedMessage||(d.wp.receiveEmbedMessage=function(e){var t=e.data;if((t||t.secret||t.message||t.value)&&!\/[^a-zA-Z0-9]\/.test(t.secret)){for(var s,r,n,a=l.querySelectorAll('iframe[data-secret=\"'+t.secret+'\"]'),o=l.querySelectorAll('blockquote[data-secret=\"'+t.secret+'\"]'),c=new RegExp(\"^https?:$\",\"i\"),i=0;i<o.length;i++)o[i].style.display=\"none\";for(i=0;i<a.length;i++)s=a[i],e.source===s.contentWindow&&(s.removeAttribute(\"style\"),\"height\"===t.message?(1e3<(r=parseInt(t.value,10))?r=1e3:~~r<200&&(r=200),s.height=r):\"link\"===t.message&&(r=new URL(s.getAttribute(\"src\")),n=new URL(t.value),c.test(n.protocol))&&n.host===r.host&&l.activeElement===s&&(d.top.location.href=t.value))}},d.addEventListener(\"message\",d.wp.receiveEmbedMessage,!1),l.addEventListener(\"DOMContentLoaded\",function(){for(var e,t,s=l.querySelectorAll(\"iframe.wp-embedded-content\"),r=0;r<s.length;r++)(t=(e=s[r]).getAttribute(\"data-secret\"))||(t=Math.random().toString(36).substring(2,12),e.src+=\"#?secret=\"+t,e.setAttribute(\"data-secret\",t)),e.contentWindow.postMessage({message:\"ready\",secret:t},\"*\")},!1)))}(window,document);\n\/\/# sourceURL=https:\/\/qtmm.org\/wp-includes\/js\/wp-embed.min.js\n<\/script>\n","description":"Mart 21 k\u00fcn\u00fc Milliy Meclisni\u00f1 nevbetteki topla\u015fuv\u0131 ol\u0131p ke\u00e7ti. Topla\u015fuvn\u0131\u00f1 k\u00fcn tertibine q\u0131r\u0131mtatar halq\u0131n\u0131\u00f1 Q\u0131r\u0131mdan s\u00fcrg\u00fcn etilgenini\u00f1 67 y\u0131ll\u0131\u011f\u0131nen ba\u011fl\u0131 hat\u0131ra tedbirlerini\u00f1 az\u0131rlan\u0131luv\u0131 ve \u00f6tkerilmesi, anna tilimizni\u00f1 tiklen\u00fcvi, Alu\u015fta ve Sudaq regionlar\u0131ndaki yerli ve regional meclislerni\u00f1 faaliyetine dair meseleler kirsetildi. Milliy Meclisni\u00f1 topla\u015fuv\u0131nda q\u0131r\u0131mtatar halq\u0131 Qurultay\u0131 Tefti\u015f komissiyas\u0131n\u0131\u00f1 azalar\u0131, &#8220;Qurultay-Ruh&#8221; fraktsiyas\u0131n\u0131\u00f1 azalar\u0131, matbuat vastalar\u0131n\u0131\u00f1 vekilleri [&hellip;]"}