




{"version":"1.0","provider_name":"\u041c\u0435\u0434\u0436\u043b\u0456\u0441","provider_url":"https:\/\/qtmm.org\/qt\/","author_name":"Developer","author_url":"https:\/\/qtmm.org\/qt\/author\/Developer\/","title":"Milliy meclis reisini\u00f1 T\u00fcrkiye Ba\u015f nazirinen k\u00f6r\u00fc\u015f\u00fcvi - \u041c\u0435\u0434\u0436\u043b\u0456\u0441","type":"rich","width":600,"height":338,"html":"<blockquote class=\"wp-embedded-content\" data-secret=\"uqIvGXaxBy\"><a href=\"https:\/\/qtmm.org\/qt\/milliy-meclis-reisinin-turkiye-bas-nazirinen-korusuvi\/\">Milliy meclis reisini\u00f1 T\u00fcrkiye Ba\u015f nazirinen k\u00f6r\u00fc\u015f\u00fcvi<\/a><\/blockquote><iframe sandbox=\"allow-scripts\" security=\"restricted\" src=\"https:\/\/qtmm.org\/qt\/milliy-meclis-reisinin-turkiye-bas-nazirinen-korusuvi\/embed\/#?secret=uqIvGXaxBy\" width=\"600\" height=\"338\" title=\"&#8220;Milliy meclis reisini\u00f1 T\u00fcrkiye Ba\u015f nazirinen k\u00f6r\u00fc\u015f\u00fcvi&#8221; &#8212; \u041c\u0435\u0434\u0436\u043b\u0456\u0441\" data-secret=\"uqIvGXaxBy\" frameborder=\"0\" marginwidth=\"0\" marginheight=\"0\" scrolling=\"no\" class=\"wp-embedded-content\"><\/iframe><script>\n\/*! This file is auto-generated *\/\n!function(d,l){\"use strict\";l.querySelector&&d.addEventListener&&\"undefined\"!=typeof URL&&(d.wp=d.wp||{},d.wp.receiveEmbedMessage||(d.wp.receiveEmbedMessage=function(e){var t=e.data;if((t||t.secret||t.message||t.value)&&!\/[^a-zA-Z0-9]\/.test(t.secret)){for(var s,r,n,a=l.querySelectorAll('iframe[data-secret=\"'+t.secret+'\"]'),o=l.querySelectorAll('blockquote[data-secret=\"'+t.secret+'\"]'),c=new RegExp(\"^https?:$\",\"i\"),i=0;i<o.length;i++)o[i].style.display=\"none\";for(i=0;i<a.length;i++)s=a[i],e.source===s.contentWindow&&(s.removeAttribute(\"style\"),\"height\"===t.message?(1e3<(r=parseInt(t.value,10))?r=1e3:~~r<200&&(r=200),s.height=r):\"link\"===t.message&&(r=new URL(s.getAttribute(\"src\")),n=new URL(t.value),c.test(n.protocol))&&n.host===r.host&&l.activeElement===s&&(d.top.location.href=t.value))}},d.addEventListener(\"message\",d.wp.receiveEmbedMessage,!1),l.addEventListener(\"DOMContentLoaded\",function(){for(var e,t,s=l.querySelectorAll(\"iframe.wp-embedded-content\"),r=0;r<s.length;r++)(t=(e=s[r]).getAttribute(\"data-secret\"))||(t=Math.random().toString(36).substring(2,12),e.src+=\"#?secret=\"+t,e.setAttribute(\"data-secret\",t)),e.contentWindow.postMessage({message:\"ready\",secret:t},\"*\")},!1)))}(window,document);\n\/\/# sourceURL=https:\/\/qtmm.org\/wp-includes\/js\/wp-embed.min.js\n<\/script>\n","description":"T\u00fcrkiyeni\u00f1 Ba\u015f naziri Recep Tayip Erdo\u011fanUkraina paytaht\u0131Kiyevge eki k\u00fcnl\u00fckresmiy ziyaret programmas\u0131 \u00e7er\u00e7ivesinde Milliy Meclisni\u00f1 reisi Mustafa Cemilevnen k\u00f6r\u00fc\u015fti. Bir bu\u00e7uq saat devam etken k\u00f6r\u00fc\u015f\u00fcvde bun\u0131\u00f1 kibi de T\u00fcrkiyeni\u00f1 Ukrainadaki el\u00e7isi Ahmet B\u00fclent, T\u0130KA prezidenti Musa Qulaql\u0131qaya ve Mustafa Cemilevni\u00f1 yard\u0131mc\u0131s\u0131 Asan \u00dcmerov i\u015ftirak ettiler. T\u00fcrkiye Ba\u015f nazirini\u00f1 ricas\u0131 boyunca M.Cemilev Q\u0131r\u0131mdaki i\u00e7timaiy-siyasiy vaziyetni, q\u0131r\u0131mtatar halq\u0131n\u0131\u00f1 [&hellip;]"}