




{"version":"1.0","provider_name":"\u041c\u0435\u0434\u0436\u043b\u0456\u0441","provider_url":"https:\/\/qtmm.org\/qt\/","author_name":"Developer","author_url":"https:\/\/qtmm.org\/qt\/author\/Developer\/","title":"Meclis yolba\u015f\u00e7\u0131lar\u0131n\u0131\u00f1 regional meclis reislerinen k\u00f6r\u00fc\u015f\u00fcvi - \u041c\u0435\u0434\u0436\u043b\u0456\u0441","type":"rich","width":600,"height":338,"html":"<blockquote class=\"wp-embedded-content\" data-secret=\"WXKMu90D7Z\"><a href=\"https:\/\/qtmm.org\/qt\/meclis-yolbascilarinin-regional-meclis-reislerinen-korusuvi\/\">Meclis yolba\u015f\u00e7\u0131lar\u0131n\u0131\u00f1 regional meclis reislerinen k\u00f6r\u00fc\u015f\u00fcvi<\/a><\/blockquote><iframe sandbox=\"allow-scripts\" security=\"restricted\" src=\"https:\/\/qtmm.org\/qt\/meclis-yolbascilarinin-regional-meclis-reislerinen-korusuvi\/embed\/#?secret=WXKMu90D7Z\" width=\"600\" height=\"338\" title=\"&#8220;Meclis yolba\u015f\u00e7\u0131lar\u0131n\u0131\u00f1 regional meclis reislerinen k\u00f6r\u00fc\u015f\u00fcvi&#8221; &#8212; \u041c\u0435\u0434\u0436\u043b\u0456\u0441\" data-secret=\"WXKMu90D7Z\" frameborder=\"0\" marginwidth=\"0\" marginheight=\"0\" scrolling=\"no\" class=\"wp-embedded-content\"><\/iframe><script>\n\/*! This file is auto-generated *\/\n!function(d,l){\"use strict\";l.querySelector&&d.addEventListener&&\"undefined\"!=typeof URL&&(d.wp=d.wp||{},d.wp.receiveEmbedMessage||(d.wp.receiveEmbedMessage=function(e){var t=e.data;if((t||t.secret||t.message||t.value)&&!\/[^a-zA-Z0-9]\/.test(t.secret)){for(var s,r,n,a=l.querySelectorAll('iframe[data-secret=\"'+t.secret+'\"]'),o=l.querySelectorAll('blockquote[data-secret=\"'+t.secret+'\"]'),c=new RegExp(\"^https?:$\",\"i\"),i=0;i<o.length;i++)o[i].style.display=\"none\";for(i=0;i<a.length;i++)s=a[i],e.source===s.contentWindow&&(s.removeAttribute(\"style\"),\"height\"===t.message?(1e3<(r=parseInt(t.value,10))?r=1e3:~~r<200&&(r=200),s.height=r):\"link\"===t.message&&(r=new URL(s.getAttribute(\"src\")),n=new URL(t.value),c.test(n.protocol))&&n.host===r.host&&l.activeElement===s&&(d.top.location.href=t.value))}},d.addEventListener(\"message\",d.wp.receiveEmbedMessage,!1),l.addEventListener(\"DOMContentLoaded\",function(){for(var e,t,s=l.querySelectorAll(\"iframe.wp-embedded-content\"),r=0;r<s.length;r++)(t=(e=s[r]).getAttribute(\"data-secret\"))||(t=Math.random().toString(36).substring(2,12),e.src+=\"#?secret=\"+t,e.setAttribute(\"data-secret\",t)),e.contentWindow.postMessage({message:\"ready\",secret:t},\"*\")},!1)))}(window,document);\n\/\/# sourceURL=https:\/\/qtmm.org\/wp-includes\/js\/wp-embed.min.js\n<\/script>\n","thumbnail_url":"https:\/\/qtmm.org\/wp-content\/uploads\/2022\/01\/img_5020.jpeg","thumbnail_width":650,"thumbnail_height":335,"description":"2014 senesi fevral 10 k\u00fcn\u00fc Aqmescitte Q\u0131r\u0131mtatar halq\u0131 Meclisini\u00f1 regional meclis reislerinen birlikte topla\u015fuv\u0131 ol\u0131p ke\u00e7ti. Onda Meclis reisi Refat \u00c7ubarov ve on\u0131\u00f1 muavinleri Zaur Smirnov, Ahtem \u00c7iygoz, Nariman Cel\u00e2l i\u015ftirak ettiler. K\u00fcn tertibine d\u00f6rt mesele kirsetildi: 1. Noman \u00c7elebicihan vefat\u0131n\u0131\u00f1 y\u0131ld\u00f6n\u00fcmi munasebetinen miting ke\u00e7ir\u00fcv aqq\u0131nda; 2. Saq regional meclisini\u00f1 &#8220;Q\u0131r\u0131mda ve Saq region\u0131nda meydan\u011fa [&hellip;]"}