




{"version":"1.0","provider_name":"\u041c\u0435\u0434\u0436\u043b\u0456\u0441","provider_url":"https:\/\/qtmm.org\/qt\/","author_name":"Developer","author_url":"https:\/\/qtmm.org\/qt\/author\/Developer\/","title":"Meclis reisini\u00f1 T\u00fcrkiye Cumhuriyetine ziyareti - \u041c\u0435\u0434\u0436\u043b\u0456\u0441","type":"rich","width":600,"height":338,"html":"<blockquote class=\"wp-embedded-content\" data-secret=\"dDeDhSkbDE\"><a href=\"https:\/\/qtmm.org\/qt\/meclis-reisinin-turkiye-cumhuriyetine-ziyareti\/\">Meclis reisini\u00f1 T\u00fcrkiye Cumhuriyetine ziyareti<\/a><\/blockquote><iframe sandbox=\"allow-scripts\" security=\"restricted\" src=\"https:\/\/qtmm.org\/qt\/meclis-reisinin-turkiye-cumhuriyetine-ziyareti\/embed\/#?secret=dDeDhSkbDE\" width=\"600\" height=\"338\" title=\"&#8220;Meclis reisini\u00f1 T\u00fcrkiye Cumhuriyetine ziyareti&#8221; &#8212; \u041c\u0435\u0434\u0436\u043b\u0456\u0441\" data-secret=\"dDeDhSkbDE\" frameborder=\"0\" marginwidth=\"0\" marginheight=\"0\" scrolling=\"no\" class=\"wp-embedded-content\"><\/iframe><script>\n\/*! This file is auto-generated *\/\n!function(d,l){\"use strict\";l.querySelector&&d.addEventListener&&\"undefined\"!=typeof URL&&(d.wp=d.wp||{},d.wp.receiveEmbedMessage||(d.wp.receiveEmbedMessage=function(e){var t=e.data;if((t||t.secret||t.message||t.value)&&!\/[^a-zA-Z0-9]\/.test(t.secret)){for(var s,r,n,a=l.querySelectorAll('iframe[data-secret=\"'+t.secret+'\"]'),o=l.querySelectorAll('blockquote[data-secret=\"'+t.secret+'\"]'),c=new RegExp(\"^https?:$\",\"i\"),i=0;i<o.length;i++)o[i].style.display=\"none\";for(i=0;i<a.length;i++)s=a[i],e.source===s.contentWindow&&(s.removeAttribute(\"style\"),\"height\"===t.message?(1e3<(r=parseInt(t.value,10))?r=1e3:~~r<200&&(r=200),s.height=r):\"link\"===t.message&&(r=new URL(s.getAttribute(\"src\")),n=new URL(t.value),c.test(n.protocol))&&n.host===r.host&&l.activeElement===s&&(d.top.location.href=t.value))}},d.addEventListener(\"message\",d.wp.receiveEmbedMessage,!1),l.addEventListener(\"DOMContentLoaded\",function(){for(var e,t,s=l.querySelectorAll(\"iframe.wp-embedded-content\"),r=0;r<s.length;r++)(t=(e=s[r]).getAttribute(\"data-secret\"))||(t=Math.random().toString(36).substring(2,12),e.src+=\"#?secret=\"+t,e.setAttribute(\"data-secret\",t)),e.contentWindow.postMessage({message:\"ready\",secret:t},\"*\")},!1)))}(window,document);\n\/\/# sourceURL=https:\/\/qtmm.org\/wp-includes\/js\/wp-embed.min.js\n<\/script>\n","description":"2011 senesi dekabr 22-de Ukraina Prezidenti Viktor Yanukovi\u00e7 bir k\u00fcnl\u00fck resmiy ziyaretnen T\u00fcrkiyede bulund\u0131. Prezidentnen beraber Ukraina T\u0131\u015fq\u0131 i\u015fler naziri K.Gri\u015f\u00e7enko, bir qa\u00e7 saa nazirleri, bun\u0131\u00f1 kibi de Q\u0131r\u0131m ba\u015f naziri A.Mogilev ve Q\u0131r\u0131mtatar halq\u0131 Meclisini\u00f1 reisi M.Cemilev de old\u0131lar. Ziyaret devam\u0131nda T\u00fcrkiye Cumhuriyetini\u00f1 Prezidenti Abdulla G\u00fcl, ba\u015f nazir R. T.Erdogan ile k\u00f6r\u00fc\u015f\u00fcvler \u00f6tkerildi, eki [&hellip;]"}