




{"version":"1.0","provider_name":"\u041c\u0435\u0434\u0436\u043b\u0456\u0441","provider_url":"https:\/\/qtmm.org\/qt\/","author_name":"Developer","author_url":"https:\/\/qtmm.org\/qt\/author\/Developer\/","title":"Meclis reisi Q\u0131br\u0131zn\u0131\u00f1 Ukrainada El\u00e7isi Evagoras Vrionidisnen k\u00f6r\u00fc\u015fti - \u041c\u0435\u0434\u0436\u043b\u0456\u0441","type":"rich","width":600,"height":338,"html":"<blockquote class=\"wp-embedded-content\" data-secret=\"W4Gufh2JDi\"><a href=\"https:\/\/qtmm.org\/qt\/meclis-reisi-qibriznin-ukrainada-elcisi-evagoras-vrionidisnen-korusti\/\">Meclis reisi Q\u0131br\u0131zn\u0131\u00f1 Ukrainada El\u00e7isi Evagoras Vrionidisnen k\u00f6r\u00fc\u015fti<\/a><\/blockquote><iframe sandbox=\"allow-scripts\" security=\"restricted\" src=\"https:\/\/qtmm.org\/qt\/meclis-reisi-qibriznin-ukrainada-elcisi-evagoras-vrionidisnen-korusti\/embed\/#?secret=W4Gufh2JDi\" width=\"600\" height=\"338\" title=\"&#8220;Meclis reisi Q\u0131br\u0131zn\u0131\u00f1 Ukrainada El\u00e7isi Evagoras Vrionidisnen k\u00f6r\u00fc\u015fti&#8221; &#8212; \u041c\u0435\u0434\u0436\u043b\u0456\u0441\" data-secret=\"W4Gufh2JDi\" frameborder=\"0\" marginwidth=\"0\" marginheight=\"0\" scrolling=\"no\" class=\"wp-embedded-content\"><\/iframe><script>\n\/*! This file is auto-generated *\/\n!function(d,l){\"use strict\";l.querySelector&&d.addEventListener&&\"undefined\"!=typeof URL&&(d.wp=d.wp||{},d.wp.receiveEmbedMessage||(d.wp.receiveEmbedMessage=function(e){var t=e.data;if((t||t.secret||t.message||t.value)&&!\/[^a-zA-Z0-9]\/.test(t.secret)){for(var s,r,n,a=l.querySelectorAll('iframe[data-secret=\"'+t.secret+'\"]'),o=l.querySelectorAll('blockquote[data-secret=\"'+t.secret+'\"]'),c=new RegExp(\"^https?:$\",\"i\"),i=0;i<o.length;i++)o[i].style.display=\"none\";for(i=0;i<a.length;i++)s=a[i],e.source===s.contentWindow&&(s.removeAttribute(\"style\"),\"height\"===t.message?(1e3<(r=parseInt(t.value,10))?r=1e3:~~r<200&&(r=200),s.height=r):\"link\"===t.message&&(r=new URL(s.getAttribute(\"src\")),n=new URL(t.value),c.test(n.protocol))&&n.host===r.host&&l.activeElement===s&&(d.top.location.href=t.value))}},d.addEventListener(\"message\",d.wp.receiveEmbedMessage,!1),l.addEventListener(\"DOMContentLoaded\",function(){for(var e,t,s=l.querySelectorAll(\"iframe.wp-embedded-content\"),r=0;r<s.length;r++)(t=(e=s[r]).getAttribute(\"data-secret\"))||(t=Math.random().toString(36).substring(2,12),e.src+=\"#?secret=\"+t,e.setAttribute(\"data-secret\",t)),e.contentWindow.postMessage({message:\"ready\",secret:t},\"*\")},!1)))}(window,document);\n\/\/# sourceURL=https:\/\/qtmm.org\/wp-includes\/js\/wp-embed.min.js\n<\/script>\n","description":"Ke\u00e7ken aftan\u0131\u00f1 so\u00f1unda, 2013 senesi yanvar 13-te Kiyevde Q\u0131r\u0131mtatar halq\u0131 Meclisini\u00f1 reisi, Ukraina halq deputat\u0131 Mustafa Cemilev Q\u0131br\u0131zn\u0131\u00f1 Ukrainadaki Vefqulade ve Toluvek\u00e2letli El\u00e7isi Evagoras Vrionidis ile k\u00f6r\u00fc\u015fti. Q\u0131br\u0131z El\u00e7isini\u00f1 ricas\u0131nen ol\u011fan k\u00f6r\u00fc\u015f\u00fcv vaqt\u0131nda E. Vrionidis ne sebepten Meclis reisi Q\u0131br\u0131zn\u0131\u00f1 &#8220;1974 senesi t\u00fcrk qo\u015funlar\u0131 taraf\u0131ndan zapt etilgen q\u0131sm\u0131n\u0131 ziyaret etip, i\u00e7 bir kere Avropa Birligini\u00f1 [&hellip;]"}