




{"version":"1.0","provider_name":"\u041c\u0435\u0434\u0436\u043b\u0456\u0441","provider_url":"https:\/\/qtmm.org\/qt\/","author_name":"Developer","author_url":"https:\/\/qtmm.org\/qt\/author\/Developer\/","title":"Meclis reisi Pakistann\u0131\u00f1 Ukrainada el\u00e7isi ile k\u00f6r\u00fc\u015fti - \u041c\u0435\u0434\u0436\u043b\u0456\u0441","type":"rich","width":600,"height":338,"html":"<blockquote class=\"wp-embedded-content\" data-secret=\"3AHX5Md6Lg\"><a href=\"https:\/\/qtmm.org\/qt\/meclis-reisi-pakistannin-ukrainada-elcisi-ile-korusti\/\">Meclis reisi Pakistann\u0131\u00f1 Ukrainada el\u00e7isi ile k\u00f6r\u00fc\u015fti<\/a><\/blockquote><iframe sandbox=\"allow-scripts\" security=\"restricted\" src=\"https:\/\/qtmm.org\/qt\/meclis-reisi-pakistannin-ukrainada-elcisi-ile-korusti\/embed\/#?secret=3AHX5Md6Lg\" width=\"600\" height=\"338\" title=\"&#8220;Meclis reisi Pakistann\u0131\u00f1 Ukrainada el\u00e7isi ile k\u00f6r\u00fc\u015fti&#8221; &#8212; \u041c\u0435\u0434\u0436\u043b\u0456\u0441\" data-secret=\"3AHX5Md6Lg\" frameborder=\"0\" marginwidth=\"0\" marginheight=\"0\" scrolling=\"no\" class=\"wp-embedded-content\"><\/iframe><script>\n\/*! This file is auto-generated *\/\n!function(d,l){\"use strict\";l.querySelector&&d.addEventListener&&\"undefined\"!=typeof URL&&(d.wp=d.wp||{},d.wp.receiveEmbedMessage||(d.wp.receiveEmbedMessage=function(e){var t=e.data;if((t||t.secret||t.message||t.value)&&!\/[^a-zA-Z0-9]\/.test(t.secret)){for(var s,r,n,a=l.querySelectorAll('iframe[data-secret=\"'+t.secret+'\"]'),o=l.querySelectorAll('blockquote[data-secret=\"'+t.secret+'\"]'),c=new RegExp(\"^https?:$\",\"i\"),i=0;i<o.length;i++)o[i].style.display=\"none\";for(i=0;i<a.length;i++)s=a[i],e.source===s.contentWindow&&(s.removeAttribute(\"style\"),\"height\"===t.message?(1e3<(r=parseInt(t.value,10))?r=1e3:~~r<200&&(r=200),s.height=r):\"link\"===t.message&&(r=new URL(s.getAttribute(\"src\")),n=new URL(t.value),c.test(n.protocol))&&n.host===r.host&&l.activeElement===s&&(d.top.location.href=t.value))}},d.addEventListener(\"message\",d.wp.receiveEmbedMessage,!1),l.addEventListener(\"DOMContentLoaded\",function(){for(var e,t,s=l.querySelectorAll(\"iframe.wp-embedded-content\"),r=0;r<s.length;r++)(t=(e=s[r]).getAttribute(\"data-secret\"))||(t=Math.random().toString(36).substring(2,12),e.src+=\"#?secret=\"+t,e.setAttribute(\"data-secret\",t)),e.contentWindow.postMessage({message:\"ready\",secret:t},\"*\")},!1)))}(window,document);\n\/\/# sourceURL=https:\/\/qtmm.org\/wp-includes\/js\/wp-embed.min.js\n<\/script>\n","thumbnail_url":"https:\/\/qtmm.org\/wp-content\/uploads\/2022\/01\/img_2797-1.jpeg","thumbnail_width":650,"thumbnail_height":487,"description":"Meclis yolba\u015f\u00e7\u0131s\u0131 Mustafa Cemilev Pakistann\u0131\u00f1 Ukrainada Vefqulade ve Toluvek\u00e2letli el\u00e7isi Ahmed Navaz Salim Mela refiqas\u0131 \u015earla Salimni qabul etti. Sent\u00e2br 23 k\u00fcn\u00fc Meclis ofisinde ol\u0131p ke\u00e7ken k\u00f6r\u00fc\u015f\u00fcvde Meclis t\u0131\u015fq\u0131 al\u00e2qalar b\u00f6l\u00fcgini\u00f1 m\u00fcdiri Ali Hamzin ve Meclis K\u00e2tibiyetini\u00f1 ba\u015f\u0131 Zair Smedl\u00e2yev de i\u015ftirak ettiler . K\u00f6r\u00fc\u015f\u00fcvni\u00f1 ba\u015f\u0131nda Pakistann\u0131\u00f1 Ukrainada Vefqulade ve Toluvek\u00e2letli el\u00e7isi Ahmed Navaz Salim [&hellip;]"}