




{"version":"1.0","provider_name":"\u041c\u0435\u0434\u0436\u043b\u0456\u0441","provider_url":"https:\/\/qtmm.org\/qt\/","author_name":"Developer","author_url":"https:\/\/qtmm.org\/qt\/author\/Developer\/","title":"Meclis reisi Mustafa Cemilev Qalay medresesini ziyaret etti - \u041c\u0435\u0434\u0436\u043b\u0456\u0441","type":"rich","width":600,"height":338,"html":"<blockquote class=\"wp-embedded-content\" data-secret=\"KWdjo1ARsv\"><a href=\"https:\/\/qtmm.org\/qt\/meclis-reisi-mustafa-cemilev-qalay-medresesini-ziyaret-etti\/\">Meclis reisi Mustafa Cemilev Qalay medresesini ziyaret etti<\/a><\/blockquote><iframe sandbox=\"allow-scripts\" security=\"restricted\" src=\"https:\/\/qtmm.org\/qt\/meclis-reisi-mustafa-cemilev-qalay-medresesini-ziyaret-etti\/embed\/#?secret=KWdjo1ARsv\" width=\"600\" height=\"338\" title=\"&#8220;Meclis reisi Mustafa Cemilev Qalay medresesini ziyaret etti&#8221; &#8212; \u041c\u0435\u0434\u0436\u043b\u0456\u0441\" data-secret=\"KWdjo1ARsv\" frameborder=\"0\" marginwidth=\"0\" marginheight=\"0\" scrolling=\"no\" class=\"wp-embedded-content\"><\/iframe><script>\n\/*! This file is auto-generated *\/\n!function(d,l){\"use strict\";l.querySelector&&d.addEventListener&&\"undefined\"!=typeof URL&&(d.wp=d.wp||{},d.wp.receiveEmbedMessage||(d.wp.receiveEmbedMessage=function(e){var t=e.data;if((t||t.secret||t.message||t.value)&&!\/[^a-zA-Z0-9]\/.test(t.secret)){for(var s,r,n,a=l.querySelectorAll('iframe[data-secret=\"'+t.secret+'\"]'),o=l.querySelectorAll('blockquote[data-secret=\"'+t.secret+'\"]'),c=new RegExp(\"^https?:$\",\"i\"),i=0;i<o.length;i++)o[i].style.display=\"none\";for(i=0;i<a.length;i++)s=a[i],e.source===s.contentWindow&&(s.removeAttribute(\"style\"),\"height\"===t.message?(1e3<(r=parseInt(t.value,10))?r=1e3:~~r<200&&(r=200),s.height=r):\"link\"===t.message&&(r=new URL(s.getAttribute(\"src\")),n=new URL(t.value),c.test(n.protocol))&&n.host===r.host&&l.activeElement===s&&(d.top.location.href=t.value))}},d.addEventListener(\"message\",d.wp.receiveEmbedMessage,!1),l.addEventListener(\"DOMContentLoaded\",function(){for(var e,t,s=l.querySelectorAll(\"iframe.wp-embedded-content\"),r=0;r<s.length;r++)(t=(e=s[r]).getAttribute(\"data-secret\"))||(t=Math.random().toString(36).substring(2,12),e.src+=\"#?secret=\"+t,e.setAttribute(\"data-secret\",t)),e.contentWindow.postMessage({message:\"ready\",secret:t},\"*\")},!1)))}(window,document);\n\/\/# sourceURL=https:\/\/qtmm.org\/wp-includes\/js\/wp-embed.min.js\n<\/script>\n","description":"2012 senesi okt\u00e2br 20 k\u00fcn\u00fc Meclis reisi, Ukraina halq deputat\u0131 Mustafa Cemilev Cank\u00f6y rayon\u0131 Qalay qasabas\u0131na i\u015f seferi \u00e7er\u00e7ivesinde semetde\u015flerimiznen k\u00f6r\u00fc\u015fti ve Qalay medresesini ziyaret etti. Medresede Mustafa Cemilev oquv ceryan\u0131 ile tan\u0131\u015f ol\u0131p, oca ve sohtalarnen subetle\u015fti. Milliy Meclis reisinen beraber medresede Meclis azas\u0131 Ruslan Qurtseitov, Cank\u00f6y regional meclis reisi Rustem Ennanov, Qalay yerli [&hellip;]","thumbnail_url":"https:\/\/qtmm.org\/wp-content\/uploads\/2022\/01\/img_0390.jpeg","thumbnail_width":800,"thumbnail_height":600}