




{"version":"1.0","provider_name":"\u041c\u0435\u0434\u0436\u043b\u0456\u0441","provider_url":"https:\/\/qtmm.org\/qt\/","author_name":"Developer","author_url":"https:\/\/qtmm.org\/qt\/author\/Developer\/","title":"Meclis reisi Mustafa Cemilev i\u015f ziyaretinen Pragada bulund\u0131 - \u041c\u0435\u0434\u0436\u043b\u0456\u0441","type":"rich","width":600,"height":338,"html":"<blockquote class=\"wp-embedded-content\" data-secret=\"9VFHVo4Sb1\"><a href=\"https:\/\/qtmm.org\/qt\/meclis-reisi-mustafa-cemilev-is-ziyaretinen-pragada-bulundi\/\">Meclis reisi Mustafa Cemilev i\u015f ziyaretinen Pragada bulund\u0131<\/a><\/blockquote><iframe sandbox=\"allow-scripts\" security=\"restricted\" src=\"https:\/\/qtmm.org\/qt\/meclis-reisi-mustafa-cemilev-is-ziyaretinen-pragada-bulundi\/embed\/#?secret=9VFHVo4Sb1\" width=\"600\" height=\"338\" title=\"&#8220;Meclis reisi Mustafa Cemilev i\u015f ziyaretinen Pragada bulund\u0131&#8221; &#8212; \u041c\u0435\u0434\u0436\u043b\u0456\u0441\" data-secret=\"9VFHVo4Sb1\" frameborder=\"0\" marginwidth=\"0\" marginheight=\"0\" scrolling=\"no\" class=\"wp-embedded-content\"><\/iframe><script>\n\/*! This file is auto-generated *\/\n!function(d,l){\"use strict\";l.querySelector&&d.addEventListener&&\"undefined\"!=typeof URL&&(d.wp=d.wp||{},d.wp.receiveEmbedMessage||(d.wp.receiveEmbedMessage=function(e){var t=e.data;if((t||t.secret||t.message||t.value)&&!\/[^a-zA-Z0-9]\/.test(t.secret)){for(var s,r,n,a=l.querySelectorAll('iframe[data-secret=\"'+t.secret+'\"]'),o=l.querySelectorAll('blockquote[data-secret=\"'+t.secret+'\"]'),c=new RegExp(\"^https?:$\",\"i\"),i=0;i<o.length;i++)o[i].style.display=\"none\";for(i=0;i<a.length;i++)s=a[i],e.source===s.contentWindow&&(s.removeAttribute(\"style\"),\"height\"===t.message?(1e3<(r=parseInt(t.value,10))?r=1e3:~~r<200&&(r=200),s.height=r):\"link\"===t.message&&(r=new URL(s.getAttribute(\"src\")),n=new URL(t.value),c.test(n.protocol))&&n.host===r.host&&l.activeElement===s&&(d.top.location.href=t.value))}},d.addEventListener(\"message\",d.wp.receiveEmbedMessage,!1),l.addEventListener(\"DOMContentLoaded\",function(){for(var e,t,s=l.querySelectorAll(\"iframe.wp-embedded-content\"),r=0;r<s.length;r++)(t=(e=s[r]).getAttribute(\"data-secret\"))||(t=Math.random().toString(36).substring(2,12),e.src+=\"#?secret=\"+t,e.setAttribute(\"data-secret\",t)),e.contentWindow.postMessage({message:\"ready\",secret:t},\"*\")},!1)))}(window,document);\n\/\/# sourceURL=https:\/\/qtmm.org\/wp-includes\/js\/wp-embed.min.js\n<\/script>\n","description":"Q\u0131r\u0131mtatar halq\u0131 Meclisini\u00f1 reisi, Ukraina halq deputat\u0131 Mustafa Cemilev aprel 24-26 k\u00fcnleri \u00c7ehiyan\u0131\u00f1 paytaht\u0131 Pragada i\u015f ziyaretinen bulunacaq. Ziyaret \u00e7er\u00e7ivesinde \u00c7ehiyan\u0131\u00f1 T\u0131\u015fq\u0131 i\u015fler nazirligi Karel \u015evartsenberg ve \u00c7ehiya Parlamentini\u00f1 deputatlar\u0131, bun\u0131\u00f1 kibi de Pragadaki aliy oquv yurtlar\u0131nda oqu\u011fan studentler ile k\u00f6r\u00fc\u015fmek niyetinde. Mustafa Cemilevnen beraber Meclis t\u0131\u015fq\u0131 al\u00e2qalar b\u00f6l\u00fcgini\u00f1 m\u00fcdiri Ali Hamzin ve\u00a0Kiyevdeki q\u0131r\u0131mtatar cemiyetini\u00f1\u00a0reisi [&hellip;]"}