




{"version":"1.0","provider_name":"\u041c\u0435\u0434\u0436\u043b\u0456\u0441","provider_url":"https:\/\/qtmm.org\/qt\/","author_name":"Developer","author_url":"https:\/\/qtmm.org\/qt\/author\/Developer\/","title":"Meclis reisi Moldovan\u0131\u00f1 Ukrainadaki El\u00e7isinen k\u00f6r\u00fc\u015fti - \u041c\u0435\u0434\u0436\u043b\u0456\u0441","type":"rich","width":600,"height":338,"html":"<blockquote class=\"wp-embedded-content\" data-secret=\"mCNtYuAN5s\"><a href=\"https:\/\/qtmm.org\/qt\/meclis-reisi-moldovanin-ukrainadaki-elcisinen-korusti\/\">Meclis reisi Moldovan\u0131\u00f1 Ukrainadaki El\u00e7isinen k\u00f6r\u00fc\u015fti<\/a><\/blockquote><iframe sandbox=\"allow-scripts\" security=\"restricted\" src=\"https:\/\/qtmm.org\/qt\/meclis-reisi-moldovanin-ukrainadaki-elcisinen-korusti\/embed\/#?secret=mCNtYuAN5s\" width=\"600\" height=\"338\" title=\"&#8220;Meclis reisi Moldovan\u0131\u00f1 Ukrainadaki El\u00e7isinen k\u00f6r\u00fc\u015fti&#8221; &#8212; \u041c\u0435\u0434\u0436\u043b\u0456\u0441\" data-secret=\"mCNtYuAN5s\" frameborder=\"0\" marginwidth=\"0\" marginheight=\"0\" scrolling=\"no\" class=\"wp-embedded-content\"><\/iframe><script>\n\/*! This file is auto-generated *\/\n!function(d,l){\"use strict\";l.querySelector&&d.addEventListener&&\"undefined\"!=typeof URL&&(d.wp=d.wp||{},d.wp.receiveEmbedMessage||(d.wp.receiveEmbedMessage=function(e){var t=e.data;if((t||t.secret||t.message||t.value)&&!\/[^a-zA-Z0-9]\/.test(t.secret)){for(var s,r,n,a=l.querySelectorAll('iframe[data-secret=\"'+t.secret+'\"]'),o=l.querySelectorAll('blockquote[data-secret=\"'+t.secret+'\"]'),c=new RegExp(\"^https?:$\",\"i\"),i=0;i<o.length;i++)o[i].style.display=\"none\";for(i=0;i<a.length;i++)s=a[i],e.source===s.contentWindow&&(s.removeAttribute(\"style\"),\"height\"===t.message?(1e3<(r=parseInt(t.value,10))?r=1e3:~~r<200&&(r=200),s.height=r):\"link\"===t.message&&(r=new URL(s.getAttribute(\"src\")),n=new URL(t.value),c.test(n.protocol))&&n.host===r.host&&l.activeElement===s&&(d.top.location.href=t.value))}},d.addEventListener(\"message\",d.wp.receiveEmbedMessage,!1),l.addEventListener(\"DOMContentLoaded\",function(){for(var e,t,s=l.querySelectorAll(\"iframe.wp-embedded-content\"),r=0;r<s.length;r++)(t=(e=s[r]).getAttribute(\"data-secret\"))||(t=Math.random().toString(36).substring(2,12),e.src+=\"#?secret=\"+t,e.setAttribute(\"data-secret\",t)),e.contentWindow.postMessage({message:\"ready\",secret:t},\"*\")},!1)))}(window,document);\n\/\/# sourceURL=https:\/\/qtmm.org\/wp-includes\/js\/wp-embed.min.js\n<\/script>\n","thumbnail_url":"https:\/\/qtmm.org\/wp-content\/uploads\/2022\/01\/vstrecha_dzhemileva_s_poslom_moldovy.jpeg","thumbnail_width":650,"thumbnail_height":480,"description":"2013 senesi aprel 2 k\u00fcn\u00fc Kiyevde Q\u0131r\u0131mtatar halq\u0131 Meclisini\u00f1 reisi Mustafa Cemilev Moldovan\u0131\u00f1 Ukrainadaki Vefqulade ve Tolu Vek\u00e2letli El\u00e7isi doktor\u0130on Stevile ile k\u00f6r\u00fc\u015fti. Moldova El\u00e7isini Q\u0131r\u0131mda ol\u0131p ke\u00e7ken so\u00f1ki vaqialar ve q\u0131r\u0131mtatar halq\u0131n\u0131\u00f1 vek\u00e2letli organ\u0131 ve muhtariyet \u00fck\u00fcmeti aras\u0131ndaki munasebetler keskinle\u015fkenini\u00f1 sebepleri meraqland\u0131rd\u0131. Bun\u0131\u00f1 kibi de Moldovada siyasiy vaziyet muzakere, bun\u0131\u00f1 kibi de Moldova merkeziy [&hellip;]"}