




{"version":"1.0","provider_name":"\u041c\u0435\u0434\u0436\u043b\u0456\u0441","provider_url":"https:\/\/qtmm.org\/qt\/","author_name":"Developer","author_url":"https:\/\/qtmm.org\/qt\/author\/Developer\/","title":"Meclis ofisini Romaniyadan kelgen q\u0131r\u0131mtatar delegatsiyas\u0131 ziyaret etti - \u041c\u0435\u0434\u0436\u043b\u0456\u0441","type":"rich","width":600,"height":338,"html":"<blockquote class=\"wp-embedded-content\" data-secret=\"OaU1rjtNRg\"><a href=\"https:\/\/qtmm.org\/qt\/meclis-ofisini-romaniyadan-kelgen-qirimtatar-delegatsiyasi-ziyaret-etti\/\">Meclis ofisini Romaniyadan kelgen q\u0131r\u0131mtatar delegatsiyas\u0131 ziyaret etti<\/a><\/blockquote><iframe sandbox=\"allow-scripts\" security=\"restricted\" src=\"https:\/\/qtmm.org\/qt\/meclis-ofisini-romaniyadan-kelgen-qirimtatar-delegatsiyasi-ziyaret-etti\/embed\/#?secret=OaU1rjtNRg\" width=\"600\" height=\"338\" title=\"&#8220;Meclis ofisini Romaniyadan kelgen q\u0131r\u0131mtatar delegatsiyas\u0131 ziyaret etti&#8221; &#8212; \u041c\u0435\u0434\u0436\u043b\u0456\u0441\" data-secret=\"OaU1rjtNRg\" frameborder=\"0\" marginwidth=\"0\" marginheight=\"0\" scrolling=\"no\" class=\"wp-embedded-content\"><\/iframe><script>\n\/*! This file is auto-generated *\/\n!function(d,l){\"use strict\";l.querySelector&&d.addEventListener&&\"undefined\"!=typeof URL&&(d.wp=d.wp||{},d.wp.receiveEmbedMessage||(d.wp.receiveEmbedMessage=function(e){var t=e.data;if((t||t.secret||t.message||t.value)&&!\/[^a-zA-Z0-9]\/.test(t.secret)){for(var s,r,n,a=l.querySelectorAll('iframe[data-secret=\"'+t.secret+'\"]'),o=l.querySelectorAll('blockquote[data-secret=\"'+t.secret+'\"]'),c=new RegExp(\"^https?:$\",\"i\"),i=0;i<o.length;i++)o[i].style.display=\"none\";for(i=0;i<a.length;i++)s=a[i],e.source===s.contentWindow&&(s.removeAttribute(\"style\"),\"height\"===t.message?(1e3<(r=parseInt(t.value,10))?r=1e3:~~r<200&&(r=200),s.height=r):\"link\"===t.message&&(r=new URL(s.getAttribute(\"src\")),n=new URL(t.value),c.test(n.protocol))&&n.host===r.host&&l.activeElement===s&&(d.top.location.href=t.value))}},d.addEventListener(\"message\",d.wp.receiveEmbedMessage,!1),l.addEventListener(\"DOMContentLoaded\",function(){for(var e,t,s=l.querySelectorAll(\"iframe.wp-embedded-content\"),r=0;r<s.length;r++)(t=(e=s[r]).getAttribute(\"data-secret\"))||(t=Math.random().toString(36).substring(2,12),e.src+=\"#?secret=\"+t,e.setAttribute(\"data-secret\",t)),e.contentWindow.postMessage({message:\"ready\",secret:t},\"*\")},!1)))}(window,document);\n\/\/# sourceURL=https:\/\/qtmm.org\/wp-includes\/js\/wp-embed.min.js\n<\/script>\n","thumbnail_url":"https:\/\/qtmm.org\/wp-content\/uploads\/2022\/01\/img_8543_1.jpeg","thumbnail_width":650,"thumbnail_height":368,"description":"Noyabr 15 k\u00fcn\u00fc Q\u0131r\u0131m m\u00fcendislik-pedagogika universitetini\u00f1 q\u0131r\u0131mtatar ve t\u00fcrk edebiyat\u0131 kafedras\u0131nda &#8220;Romaniya ve Q\u0131r\u0131m \u2013 \u00f6zara i\u015fbirlik istiqballeri&#8221; mevzus\u0131nda Romaniya ve Q\u0131r\u0131m i\u015fbirligini\u00f1 meseleleri boyunca t\u00f6gerek masadan so\u00f1 Romaniya delegatsiyas\u0131 Meclis ofisini ziyaret etip, Meclis azalar\u0131nen k\u00f6r\u00fc\u015fti. K\u00f6r\u00fc\u015f\u00fcvde Romaniya Q\u0131r\u0131mtatar birle\u015fmesi reisini\u00f1 birinci yard\u0131mc\u0131s\u0131 Samir Menan, Buharest universitetini\u00f1 professor\u0131, t\u00fcrk\u015f\u0131nas filolog Aciemin Bavbek, &#8220;Qarade\u00f1iz&#8221; gazetas\u0131n\u0131\u00f1 [&hellip;]"}