




{"version":"1.0","provider_name":"\u041c\u0435\u0434\u0436\u043b\u0456\u0441","provider_url":"https:\/\/qtmm.org\/qt\/","author_name":"Developer","author_url":"https:\/\/qtmm.org\/qt\/author\/Developer\/","title":"M. Cemilev: q\u0131r\u0131mtatarlar akimiyetnen qonu\u015fmaq yollar\u0131n\u0131 ara\u015ft\u0131ralar - \u041c\u0435\u0434\u0436\u043b\u0456\u0441","type":"rich","width":600,"height":338,"html":"<blockquote class=\"wp-embedded-content\" data-secret=\"mtmJ4ShHxy\"><a href=\"https:\/\/qtmm.org\/qt\/m-cemilev-qirimtatarlar-akimiyetnen-qonusmaq-yollarini-arastiralar\/\">M. Cemilev: q\u0131r\u0131mtatarlar akimiyetnen qonu\u015fmaq yollar\u0131n\u0131 ara\u015ft\u0131ralar<\/a><\/blockquote><iframe sandbox=\"allow-scripts\" security=\"restricted\" src=\"https:\/\/qtmm.org\/qt\/m-cemilev-qirimtatarlar-akimiyetnen-qonusmaq-yollarini-arastiralar\/embed\/#?secret=mtmJ4ShHxy\" width=\"600\" height=\"338\" title=\"&#8220;M. Cemilev: q\u0131r\u0131mtatarlar akimiyetnen qonu\u015fmaq yollar\u0131n\u0131 ara\u015ft\u0131ralar&#8221; &#8212; \u041c\u0435\u0434\u0436\u043b\u0456\u0441\" data-secret=\"mtmJ4ShHxy\" frameborder=\"0\" marginwidth=\"0\" marginheight=\"0\" scrolling=\"no\" class=\"wp-embedded-content\"><\/iframe><script>\n\/*! This file is auto-generated *\/\n!function(d,l){\"use strict\";l.querySelector&&d.addEventListener&&\"undefined\"!=typeof URL&&(d.wp=d.wp||{},d.wp.receiveEmbedMessage||(d.wp.receiveEmbedMessage=function(e){var t=e.data;if((t||t.secret||t.message||t.value)&&!\/[^a-zA-Z0-9]\/.test(t.secret)){for(var s,r,n,a=l.querySelectorAll('iframe[data-secret=\"'+t.secret+'\"]'),o=l.querySelectorAll('blockquote[data-secret=\"'+t.secret+'\"]'),c=new RegExp(\"^https?:$\",\"i\"),i=0;i<o.length;i++)o[i].style.display=\"none\";for(i=0;i<a.length;i++)s=a[i],e.source===s.contentWindow&&(s.removeAttribute(\"style\"),\"height\"===t.message?(1e3<(r=parseInt(t.value,10))?r=1e3:~~r<200&&(r=200),s.height=r):\"link\"===t.message&&(r=new URL(s.getAttribute(\"src\")),n=new URL(t.value),c.test(n.protocol))&&n.host===r.host&&l.activeElement===s&&(d.top.location.href=t.value))}},d.addEventListener(\"message\",d.wp.receiveEmbedMessage,!1),l.addEventListener(\"DOMContentLoaded\",function(){for(var e,t,s=l.querySelectorAll(\"iframe.wp-embedded-content\"),r=0;r<s.length;r++)(t=(e=s[r]).getAttribute(\"data-secret\"))||(t=Math.random().toString(36).substring(2,12),e.src+=\"#?secret=\"+t,e.setAttribute(\"data-secret\",t)),e.contentWindow.postMessage({message:\"ready\",secret:t},\"*\")},!1)))}(window,document);\n\/\/# sourceURL=https:\/\/qtmm.org\/wp-includes\/js\/wp-embed.min.js\n<\/script>\n","description":"Praga \u2013 Q\u0131r\u0131mtatarlar Ukrainan\u0131 qorquzmaq meram\u0131nda degiller, halqara konferentsiya q\u0131r\u0131mtatar halq\u0131n\u0131\u00f1 meselesini \u00e7ezecek ukrain \u00fck\u00fcmetine yard\u0131m etmek i\u00e7\u00fcn kerek. Bu aqta Q\u0131r\u0131mtatar halq\u0131 Meclisini\u00f1 reisi Mustafa Cemilev Pragada \u00c7ehiyan\u0131\u00f1 sab\u0131q prezidenti Vatslav Gaveln\u0131\u00f1 imayesi alt\u0131nda cianda tan\u0131l\u011fan zek\u00e2 saiplerini topla\u011fan &#8220;Forum 2000&#8221; tedbirinde aytt\u0131. \u00c7\u0131q\u0131\u015f\u0131ndan so\u00f1 Azatl\u0131q radios\u0131 Mustafa Cemilevni subetke davet etip, bergen birinci [&hellip;]"}