




{"version":"1.0","provider_name":"\u041c\u0435\u0434\u0436\u043b\u0456\u0441","provider_url":"https:\/\/qtmm.org\/qt\/","author_name":"Developer","author_url":"https:\/\/qtmm.org\/qt\/author\/Developer\/","title":"K\u00f6lnde Meclis reisi Mustafa Cemilevni\u00f1 \u015ferefine aq\u015fam yemegi - \u041c\u0435\u0434\u0436\u043b\u0456\u0441","type":"rich","width":600,"height":338,"html":"<blockquote class=\"wp-embedded-content\" data-secret=\"UxqprS3WrO\"><a href=\"https:\/\/qtmm.org\/qt\/kolnde-meclis-reisi-mustafa-cemilevnin-serefine-aqsam-yemegi\/\">K\u00f6lnde Meclis reisi Mustafa Cemilevni\u00f1 \u015ferefine aq\u015fam yemegi<\/a><\/blockquote><iframe sandbox=\"allow-scripts\" security=\"restricted\" src=\"https:\/\/qtmm.org\/qt\/kolnde-meclis-reisi-mustafa-cemilevnin-serefine-aqsam-yemegi\/embed\/#?secret=UxqprS3WrO\" width=\"600\" height=\"338\" title=\"&#8220;K\u00f6lnde Meclis reisi Mustafa Cemilevni\u00f1 \u015ferefine aq\u015fam yemegi&#8221; &#8212; \u041c\u0435\u0434\u0436\u043b\u0456\u0441\" data-secret=\"UxqprS3WrO\" frameborder=\"0\" marginwidth=\"0\" marginheight=\"0\" scrolling=\"no\" class=\"wp-embedded-content\"><\/iframe><script>\n\/*! This file is auto-generated *\/\n!function(d,l){\"use strict\";l.querySelector&&d.addEventListener&&\"undefined\"!=typeof URL&&(d.wp=d.wp||{},d.wp.receiveEmbedMessage||(d.wp.receiveEmbedMessage=function(e){var t=e.data;if((t||t.secret||t.message||t.value)&&!\/[^a-zA-Z0-9]\/.test(t.secret)){for(var s,r,n,a=l.querySelectorAll('iframe[data-secret=\"'+t.secret+'\"]'),o=l.querySelectorAll('blockquote[data-secret=\"'+t.secret+'\"]'),c=new RegExp(\"^https?:$\",\"i\"),i=0;i<o.length;i++)o[i].style.display=\"none\";for(i=0;i<a.length;i++)s=a[i],e.source===s.contentWindow&&(s.removeAttribute(\"style\"),\"height\"===t.message?(1e3<(r=parseInt(t.value,10))?r=1e3:~~r<200&&(r=200),s.height=r):\"link\"===t.message&&(r=new URL(s.getAttribute(\"src\")),n=new URL(t.value),c.test(n.protocol))&&n.host===r.host&&l.activeElement===s&&(d.top.location.href=t.value))}},d.addEventListener(\"message\",d.wp.receiveEmbedMessage,!1),l.addEventListener(\"DOMContentLoaded\",function(){for(var e,t,s=l.querySelectorAll(\"iframe.wp-embedded-content\"),r=0;r<s.length;r++)(t=(e=s[r]).getAttribute(\"data-secret\"))||(t=Math.random().toString(36).substring(2,12),e.src+=\"#?secret=\"+t,e.setAttribute(\"data-secret\",t)),e.contentWindow.postMessage({message:\"ready\",secret:t},\"*\")},!1)))}(window,document);\n\/\/# sourceURL=https:\/\/qtmm.org\/wp-includes\/js\/wp-embed.min.js\n<\/script>\n","thumbnail_url":"https:\/\/qtmm.org\/wp-content\/uploads\/2022\/01\/ujin_1.jpeg","thumbnail_width":650,"thumbnail_height":358,"description":"Aprel 26 k\u00fcn\u00fc aq\u015fam Almaniyadaki q\u0131r\u0131mtatar diasporas\u0131 Q\u0131r\u0131mtatar halq\u0131 Meclisini\u00f1 reisi Mustafa Cemilevni\u00f1 reberligindeki Meclis delegatsiyas\u0131n\u0131\u00f1 K\u00f6lnge kel\u00fcvi munasebetinen aq\u015fam yemegi berdi. B\u00fct\u00fcnd\u00fcnya q\u0131r\u0131mtatarlar kongressi Koordinatsion ke\u00f1e\u015fini\u00f1 Almaniyadan azas\u0131 Ahmet Ozay al\u0131p bar\u011fan bu tedbirde Almaniyan\u0131\u00f1 t\u00fcrk ve musulman cemiyetlerini\u00f1 yolba\u015f\u00e7\u0131lar\u0131, Avropadaki yetek\u00e7i t\u00fcrk k\u00fctleviy matbuat vastalar\u0131n\u0131\u00f1 vekilleri de bulund\u0131lar. C\u00fcmleden, yemekte musafirler aras\u0131nda \u011earbiy [&hellip;]"}