




{"version":"1.0","provider_name":"\u041c\u0435\u0434\u0436\u043b\u0456\u0441","provider_url":"https:\/\/qtmm.org\/qt\/","author_name":"Developer","author_url":"https:\/\/qtmm.org\/qt\/author\/Developer\/","title":"Kiyevde Q\u0131r\u0131mtatar halq\u0131 Qurultay\u0131na delegatlar sayland\u0131 - \u041c\u0435\u0434\u0436\u043b\u0456\u0441","type":"rich","width":600,"height":338,"html":"<blockquote class=\"wp-embedded-content\" data-secret=\"PndS4HWJo6\"><a href=\"https:\/\/qtmm.org\/qt\/kiyevde-qirimtatar-halqi-qurultayina-delegatlar-saylandi\/\">Kiyevde Q\u0131r\u0131mtatar halq\u0131 Qurultay\u0131na delegatlar sayland\u0131<\/a><\/blockquote><iframe sandbox=\"allow-scripts\" security=\"restricted\" src=\"https:\/\/qtmm.org\/qt\/kiyevde-qirimtatar-halqi-qurultayina-delegatlar-saylandi\/embed\/#?secret=PndS4HWJo6\" width=\"600\" height=\"338\" title=\"&#8220;Kiyevde Q\u0131r\u0131mtatar halq\u0131 Qurultay\u0131na delegatlar sayland\u0131&#8221; &#8212; \u041c\u0435\u0434\u0436\u043b\u0456\u0441\" data-secret=\"PndS4HWJo6\" frameborder=\"0\" marginwidth=\"0\" marginheight=\"0\" scrolling=\"no\" class=\"wp-embedded-content\"><\/iframe><script>\n\/*! This file is auto-generated *\/\n!function(d,l){\"use strict\";l.querySelector&&d.addEventListener&&\"undefined\"!=typeof URL&&(d.wp=d.wp||{},d.wp.receiveEmbedMessage||(d.wp.receiveEmbedMessage=function(e){var t=e.data;if((t||t.secret||t.message||t.value)&&!\/[^a-zA-Z0-9]\/.test(t.secret)){for(var s,r,n,a=l.querySelectorAll('iframe[data-secret=\"'+t.secret+'\"]'),o=l.querySelectorAll('blockquote[data-secret=\"'+t.secret+'\"]'),c=new RegExp(\"^https?:$\",\"i\"),i=0;i<o.length;i++)o[i].style.display=\"none\";for(i=0;i<a.length;i++)s=a[i],e.source===s.contentWindow&&(s.removeAttribute(\"style\"),\"height\"===t.message?(1e3<(r=parseInt(t.value,10))?r=1e3:~~r<200&&(r=200),s.height=r):\"link\"===t.message&&(r=new URL(s.getAttribute(\"src\")),n=new URL(t.value),c.test(n.protocol))&&n.host===r.host&&l.activeElement===s&&(d.top.location.href=t.value))}},d.addEventListener(\"message\",d.wp.receiveEmbedMessage,!1),l.addEventListener(\"DOMContentLoaded\",function(){for(var e,t,s=l.querySelectorAll(\"iframe.wp-embedded-content\"),r=0;r<s.length;r++)(t=(e=s[r]).getAttribute(\"data-secret\"))||(t=Math.random().toString(36).substring(2,12),e.src+=\"#?secret=\"+t,e.setAttribute(\"data-secret\",t)),e.contentWindow.postMessage({message:\"ready\",secret:t},\"*\")},!1)))}(window,document);\n\/\/# sourceURL=https:\/\/qtmm.org\/wp-includes\/js\/wp-embed.min.js\n<\/script>\n","thumbnail_url":"https:\/\/qtmm.org\/wp-content\/uploads\/2022\/01\/7_13.jpeg","thumbnail_width":650,"thumbnail_height":370,"description":"Saylav u\u00e7astkas\u0131 \u00f6z i\u015fini saa 8.00-de ba\u015flad\u0131 Saylavlarda Merkeziy saylav komissiyas\u0131n\u0131\u00f1 reisi Zair Smedl\u00e2yev bulund\u0131. Saylavlarn\u0131\u00f1 keti\u015fat\u0131n\u0131 Commitee For Open Democracy \u2013 Halqara Cumhuriyet \u0130nstitut\u0131ndan tayinlengen halqara nezaret\u00e7iler ve Amerikan\u0131\u00f1 Ukrainadaki El\u00e7iligini\u00f1 ekinci k\u00e2tibi Stiven Peyc, bun\u0131\u00f1 kibi de cemaat te\u015fkil\u00e2tlar\u0131 ve olarn\u0131\u00f1 bloklar\u0131, namzetlerni\u00f1 vekilleri k\u00f6zettiler. Rey ber\u00fcv neticelerine k\u00f6re Q\u0131r\u0131mtatar halq\u0131 VI \u00e7a\u011f\u0131r\u0131l\u0131\u015f [&hellip;]"}