




{"version":"1.0","provider_name":"\u041c\u0435\u0434\u0436\u043b\u0456\u0441","provider_url":"https:\/\/qtmm.org\/qt\/","author_name":"Developer","author_url":"https:\/\/qtmm.org\/qt\/author\/Developer\/","title":"Kiyevde general P\u00f6tr Grigorenkon\u0131\u00f1 hat\u0131ras\u0131n\u0131 a\u00f1d\u0131lar - \u041c\u0435\u0434\u0436\u043b\u0456\u0441","type":"rich","width":600,"height":338,"html":"<blockquote class=\"wp-embedded-content\" data-secret=\"UZ3bsjJZC5\"><a href=\"https:\/\/qtmm.org\/qt\/kiyevde-general-potr-grigorenkonin-hatirasini-andilar\/\">Kiyevde general P\u00f6tr Grigorenkon\u0131\u00f1 hat\u0131ras\u0131n\u0131 a\u00f1d\u0131lar<\/a><\/blockquote><iframe sandbox=\"allow-scripts\" security=\"restricted\" src=\"https:\/\/qtmm.org\/qt\/kiyevde-general-potr-grigorenkonin-hatirasini-andilar\/embed\/#?secret=UZ3bsjJZC5\" width=\"600\" height=\"338\" title=\"&#8220;Kiyevde general P\u00f6tr Grigorenkon\u0131\u00f1 hat\u0131ras\u0131n\u0131 a\u00f1d\u0131lar&#8221; &#8212; \u041c\u0435\u0434\u0436\u043b\u0456\u0441\" data-secret=\"UZ3bsjJZC5\" frameborder=\"0\" marginwidth=\"0\" marginheight=\"0\" scrolling=\"no\" class=\"wp-embedded-content\"><\/iframe><script>\n\/*! This file is auto-generated *\/\n!function(d,l){\"use strict\";l.querySelector&&d.addEventListener&&\"undefined\"!=typeof URL&&(d.wp=d.wp||{},d.wp.receiveEmbedMessage||(d.wp.receiveEmbedMessage=function(e){var t=e.data;if((t||t.secret||t.message||t.value)&&!\/[^a-zA-Z0-9]\/.test(t.secret)){for(var s,r,n,a=l.querySelectorAll('iframe[data-secret=\"'+t.secret+'\"]'),o=l.querySelectorAll('blockquote[data-secret=\"'+t.secret+'\"]'),c=new RegExp(\"^https?:$\",\"i\"),i=0;i<o.length;i++)o[i].style.display=\"none\";for(i=0;i<a.length;i++)s=a[i],e.source===s.contentWindow&&(s.removeAttribute(\"style\"),\"height\"===t.message?(1e3<(r=parseInt(t.value,10))?r=1e3:~~r<200&&(r=200),s.height=r):\"link\"===t.message&&(r=new URL(s.getAttribute(\"src\")),n=new URL(t.value),c.test(n.protocol))&&n.host===r.host&&l.activeElement===s&&(d.top.location.href=t.value))}},d.addEventListener(\"message\",d.wp.receiveEmbedMessage,!1),l.addEventListener(\"DOMContentLoaded\",function(){for(var e,t,s=l.querySelectorAll(\"iframe.wp-embedded-content\"),r=0;r<s.length;r++)(t=(e=s[r]).getAttribute(\"data-secret\"))||(t=Math.random().toString(36).substring(2,12),e.src+=\"#?secret=\"+t,e.setAttribute(\"data-secret\",t)),e.contentWindow.postMessage({message:\"ready\",secret:t},\"*\")},!1)))}(window,document);\n\/\/# sourceURL=https:\/\/qtmm.org\/wp-includes\/js\/wp-embed.min.js\n<\/script>\n","thumbnail_url":"https:\/\/qtmm.org\/wp-content\/uploads\/2022\/01\/4f465f6a3a5f3.jpeg","thumbnail_width":640,"thumbnail_height":480,"description":"Bundan tamam 25 y\u0131l evelsi, 1987 senesini\u00f1 fevral ay\u0131nda ecel b\u00fcy\u00fck insan, sovet ordus\u0131n\u0131\u00f1 general\u0131, arbiy ilimler professor\u0131, uquqqoruy\u0131c\u0131 Petr Grigorenkon\u0131 aram\u0131zdan al\u0131p ketti. 2012 senesi fevral 21 k\u00fcn\u00fc Kiyev \u015feerindeki Kendisini faqat mustaqil ukrain pravoslav kilsesinde a\u00f1malar\u0131n\u0131 vasiyet etken P\u00f6tr Grigorenkon\u0131\u00f1 ruhuna dua Sv\u00e2to-Vladimirskiy kilsesinde oquld\u0131. Dua merasiminde Q\u0131r\u0131mtatar halq\u0131 Meclisini\u00f1 reisi, Ukraina halq [&hellip;]"}