




{"version":"1.0","provider_name":"\u041c\u0435\u0434\u0436\u043b\u0456\u0441","provider_url":"https:\/\/qtmm.org\/qt\/","author_name":"milena","author_url":"https:\/\/qtmm.org\/qt\/author\/milena\/","title":"Jurnalist \u0130r\u0131na Dan\u0131lov\u0131\u00e7 TFHn\u0131\u00f1 i\u015fkencelerini bildirdi - \u041c\u0435\u0434\u0436\u043b\u0456\u0441","type":"rich","width":600,"height":338,"html":"<blockquote class=\"wp-embedded-content\" data-secret=\"3bDDnpyhqr\"><a href=\"https:\/\/qtmm.org\/qt\/jurnalist-irina-danilovic-tfhnin-iskencelerini-bildirdi\/\">Jurnalist \u0130r\u0131na Dan\u0131lov\u0131\u00e7 TFHn\u0131\u00f1 i\u015fkencelerini bildirdi<\/a><\/blockquote><iframe sandbox=\"allow-scripts\" security=\"restricted\" src=\"https:\/\/qtmm.org\/qt\/jurnalist-irina-danilovic-tfhnin-iskencelerini-bildirdi\/embed\/#?secret=3bDDnpyhqr\" width=\"600\" height=\"338\" title=\"&#8220;Jurnalist \u0130r\u0131na Dan\u0131lov\u0131\u00e7 TFHn\u0131\u00f1 i\u015fkencelerini bildirdi&#8221; &#8212; \u041c\u0435\u0434\u0436\u043b\u0456\u0441\" data-secret=\"3bDDnpyhqr\" frameborder=\"0\" marginwidth=\"0\" marginheight=\"0\" scrolling=\"no\" class=\"wp-embedded-content\"><\/iframe><script>\n\/*! This file is auto-generated *\/\n!function(d,l){\"use strict\";l.querySelector&&d.addEventListener&&\"undefined\"!=typeof URL&&(d.wp=d.wp||{},d.wp.receiveEmbedMessage||(d.wp.receiveEmbedMessage=function(e){var t=e.data;if((t||t.secret||t.message||t.value)&&!\/[^a-zA-Z0-9]\/.test(t.secret)){for(var s,r,n,a=l.querySelectorAll('iframe[data-secret=\"'+t.secret+'\"]'),o=l.querySelectorAll('blockquote[data-secret=\"'+t.secret+'\"]'),c=new RegExp(\"^https?:$\",\"i\"),i=0;i<o.length;i++)o[i].style.display=\"none\";for(i=0;i<a.length;i++)s=a[i],e.source===s.contentWindow&&(s.removeAttribute(\"style\"),\"height\"===t.message?(1e3<(r=parseInt(t.value,10))?r=1e3:~~r<200&&(r=200),s.height=r):\"link\"===t.message&&(r=new URL(s.getAttribute(\"src\")),n=new URL(t.value),c.test(n.protocol))&&n.host===r.host&&l.activeElement===s&&(d.top.location.href=t.value))}},d.addEventListener(\"message\",d.wp.receiveEmbedMessage,!1),l.addEventListener(\"DOMContentLoaded\",function(){for(var e,t,s=l.querySelectorAll(\"iframe.wp-embedded-content\"),r=0;r<s.length;r++)(t=(e=s[r]).getAttribute(\"data-secret\"))||(t=Math.random().toString(36).substring(2,12),e.src+=\"#?secret=\"+t,e.setAttribute(\"data-secret\",t)),e.contentWindow.postMessage({message:\"ready\",secret:t},\"*\")},!1)))}(window,document);\n\/\/# sourceURL=https:\/\/qtmm.org\/wp-includes\/js\/wp-embed.min.js\n<\/script>\n","thumbnail_url":"https:\/\/qtmm.org\/wp-content\/uploads\/2022\/08\/medium.jpg","thumbnail_width":760,"thumbnail_height":439,"description":"Vaqt\u0131nca i\u015f\u011fal etilgen Q\u0131r\u0131mdaki &#8220;makeme&#8221;ni\u00f1&nbsp;otur\u0131\u015f\u0131 vaqt\u0131nda aprel ay\u0131nda tfhni\u00f1 i\u015f\u00e7ilerini\u00f1&nbsp;tutqanlar\u0131 jurnalist \u0130r\u0131na Dan\u0131lov\u0131\u00e7 bildirdi ki, ukrain mahsus h\u0131zmetlernen al\u00e2qas\u0131 aqq\u0131nda sor\u011fu\u011fa \u00e7ektiler, urd\u0131lar ve bo\u011fd\u0131lar. Crimean process bu aqq\u0131nda haber berdi. Bildirildi ki, Kefe \u015feer makamesindeki otur\u0131\u015f vaqt\u0131nda kontrol kameras\u0131ndan bir video seyir ettiler. Anda k\u00f6r\u00fcndi ki, bir qa\u00e7 ki\u015fi \u0130r\u0131na Dan\u0131lov\u0131\u00e7qa be\u00f1zegen bir qad\u0131nn\u0131 [&hellip;]"}