




{"version":"1.0","provider_name":"\u041c\u0435\u0434\u0436\u043b\u0456\u0441","provider_url":"https:\/\/qtmm.org\/qt\/","author_name":"Developer","author_url":"https:\/\/qtmm.org\/qt\/author\/Developer\/","title":"\u0130lver Ametov: Kollektsiya toplamaq \u011fayesi babamn\u0131\u00f1 barda\u011f\u0131ndan ba\u015fland\u0131 - \u041c\u0435\u0434\u0436\u043b\u0456\u0441","type":"rich","width":600,"height":338,"html":"<blockquote class=\"wp-embedded-content\" data-secret=\"vsXFqyvrnS\"><a href=\"https:\/\/qtmm.org\/qt\/ilver-ametov-kollektsiya-toplamaq-gayesi-babamnin-bardagindan-baslandi\/\">\u0130lver Ametov: Kollektsiya toplamaq \u011fayesi babamn\u0131\u00f1 barda\u011f\u0131ndan ba\u015fland\u0131<\/a><\/blockquote><iframe sandbox=\"allow-scripts\" security=\"restricted\" src=\"https:\/\/qtmm.org\/qt\/ilver-ametov-kollektsiya-toplamaq-gayesi-babamnin-bardagindan-baslandi\/embed\/#?secret=vsXFqyvrnS\" width=\"600\" height=\"338\" title=\"&#8220;\u0130lver Ametov: Kollektsiya toplamaq \u011fayesi babamn\u0131\u00f1 barda\u011f\u0131ndan ba\u015fland\u0131&#8221; &#8212; \u041c\u0435\u0434\u0436\u043b\u0456\u0441\" data-secret=\"vsXFqyvrnS\" frameborder=\"0\" marginwidth=\"0\" marginheight=\"0\" scrolling=\"no\" class=\"wp-embedded-content\"><\/iframe><script>\n\/*! This file is auto-generated *\/\n!function(d,l){\"use strict\";l.querySelector&&d.addEventListener&&\"undefined\"!=typeof URL&&(d.wp=d.wp||{},d.wp.receiveEmbedMessage||(d.wp.receiveEmbedMessage=function(e){var t=e.data;if((t||t.secret||t.message||t.value)&&!\/[^a-zA-Z0-9]\/.test(t.secret)){for(var s,r,n,a=l.querySelectorAll('iframe[data-secret=\"'+t.secret+'\"]'),o=l.querySelectorAll('blockquote[data-secret=\"'+t.secret+'\"]'),c=new RegExp(\"^https?:$\",\"i\"),i=0;i<o.length;i++)o[i].style.display=\"none\";for(i=0;i<a.length;i++)s=a[i],e.source===s.contentWindow&&(s.removeAttribute(\"style\"),\"height\"===t.message?(1e3<(r=parseInt(t.value,10))?r=1e3:~~r<200&&(r=200),s.height=r):\"link\"===t.message&&(r=new URL(s.getAttribute(\"src\")),n=new URL(t.value),c.test(n.protocol))&&n.host===r.host&&l.activeElement===s&&(d.top.location.href=t.value))}},d.addEventListener(\"message\",d.wp.receiveEmbedMessage,!1),l.addEventListener(\"DOMContentLoaded\",function(){for(var e,t,s=l.querySelectorAll(\"iframe.wp-embedded-content\"),r=0;r<s.length;r++)(t=(e=s[r]).getAttribute(\"data-secret\"))||(t=Math.random().toString(36).substring(2,12),e.src+=\"#?secret=\"+t,e.setAttribute(\"data-secret\",t)),e.contentWindow.postMessage({message:\"ready\",secret:t},\"*\")},!1)))}(window,document);\n\/\/# sourceURL=https:\/\/qtmm.org\/wp-includes\/js\/wp-embed.min.js\n<\/script>\n","thumbnail_url":"https:\/\/qtmm.org\/wp-content\/uploads\/2022\/01\/img_1520.jpeg","thumbnail_width":650,"thumbnail_height":435,"description":"2013 senesi dekabr 22 k\u00fcn\u00fc Meclis yolba\u015f\u00e7\u0131lar\u0131n\u0131\u00f1 Sudaq region\u0131nda topla\u015fuv\u0131 bitken so\u00f1 Meclis reisi Refat \u00c7ubarov ve Meclisni\u00f1 idare ve h\u0131zmet reberleri Sudaq regional meclis yolba\u015f\u00e7\u0131s\u0131n\u0131\u00f1 daveti ile q\u0131r\u0131mtatar halq\u0131 tarih\u0131n\u0131\u00f1 \u015fahsiy m\u00fczeyini ziyaret ettiler. On\u0131 \u0130lver Ametov Asret soqa\u011f\u0131nda \u00f6z evinde a\u00e7t\u0131 Q\u0131r\u0131mtatar halq\u0131 milliy areketi i\u015ftirak\u00e7ilerinden biri \u0130lver Ametov eki y\u0131l evelsi semetde\u015fleri [&hellip;]"}