




{"version":"1.0","provider_name":"\u041c\u0435\u0434\u0436\u043b\u0456\u0441","provider_url":"https:\/\/qtmm.org\/qt\/","author_name":"milena","author_url":"https:\/\/qtmm.org\/qt\/author\/milena\/","title":"Frankfurter Allgemeine Zeitung alman gazetas\u0131 Cel\u00e2ln\u0131\u00f1 mekt\u00fcbini yay\u0131nlad\u0131 - \u041c\u0435\u0434\u0436\u043b\u0456\u0441","type":"rich","width":600,"height":338,"html":"<blockquote class=\"wp-embedded-content\" data-secret=\"jMjvpv5bm8\"><a href=\"https:\/\/qtmm.org\/qt\/frankfurter-allgemeine-zeitung-alman-gazetasi-celalnin-mektubini-yayinladi\/\">Frankfurter Allgemeine Zeitung alman gazetas\u0131 Cel\u00e2ln\u0131\u00f1 mekt\u00fcbini yay\u0131nlad\u0131<\/a><\/blockquote><iframe sandbox=\"allow-scripts\" security=\"restricted\" src=\"https:\/\/qtmm.org\/qt\/frankfurter-allgemeine-zeitung-alman-gazetasi-celalnin-mektubini-yayinladi\/embed\/#?secret=jMjvpv5bm8\" width=\"600\" height=\"338\" title=\"&#8220;Frankfurter Allgemeine Zeitung alman gazetas\u0131 Cel\u00e2ln\u0131\u00f1 mekt\u00fcbini yay\u0131nlad\u0131&#8221; &#8212; \u041c\u0435\u0434\u0436\u043b\u0456\u0441\" data-secret=\"jMjvpv5bm8\" frameborder=\"0\" marginwidth=\"0\" marginheight=\"0\" scrolling=\"no\" class=\"wp-embedded-content\"><\/iframe><script>\n\/*! This file is auto-generated *\/\n!function(d,l){\"use strict\";l.querySelector&&d.addEventListener&&\"undefined\"!=typeof URL&&(d.wp=d.wp||{},d.wp.receiveEmbedMessage||(d.wp.receiveEmbedMessage=function(e){var t=e.data;if((t||t.secret||t.message||t.value)&&!\/[^a-zA-Z0-9]\/.test(t.secret)){for(var s,r,n,a=l.querySelectorAll('iframe[data-secret=\"'+t.secret+'\"]'),o=l.querySelectorAll('blockquote[data-secret=\"'+t.secret+'\"]'),c=new RegExp(\"^https?:$\",\"i\"),i=0;i<o.length;i++)o[i].style.display=\"none\";for(i=0;i<a.length;i++)s=a[i],e.source===s.contentWindow&&(s.removeAttribute(\"style\"),\"height\"===t.message?(1e3<(r=parseInt(t.value,10))?r=1e3:~~r<200&&(r=200),s.height=r):\"link\"===t.message&&(r=new URL(s.getAttribute(\"src\")),n=new URL(t.value),c.test(n.protocol))&&n.host===r.host&&l.activeElement===s&&(d.top.location.href=t.value))}},d.addEventListener(\"message\",d.wp.receiveEmbedMessage,!1),l.addEventListener(\"DOMContentLoaded\",function(){for(var e,t,s=l.querySelectorAll(\"iframe.wp-embedded-content\"),r=0;r<s.length;r++)(t=(e=s[r]).getAttribute(\"data-secret\"))||(t=Math.random().toString(36).substring(2,12),e.src+=\"#?secret=\"+t,e.setAttribute(\"data-secret\",t)),e.contentWindow.postMessage({message:\"ready\",secret:t},\"*\")},!1)))}(window,document);\n\/\/# sourceURL=https:\/\/qtmm.org\/wp-includes\/js\/wp-embed.min.js\n<\/script>\n","thumbnail_url":"https:\/\/qtmm.org\/wp-content\/uploads\/2022\/09\/dzhelyal-foto-1536x1024-1.jpg","thumbnail_width":1536,"thumbnail_height":1024,"description":"Q\u0131r\u0131mda gaz a\u011f\u0131nda diversiya davas\u0131nda mak\u00fcm etilgen Meclisni\u00f1 ilk muavini Nariman Cel\u00e2l (vesiqalar\u011fa k\u00f6re, Cel\u00e2lov) S\u0130ZOdan mekt\u00fcp yazd\u0131. Frankfurter Allgemeine Zeitung alman gazetas\u0131 on\u0131 yay\u0131nlad\u0131. Q\u0131r\u0131m.Aqiqat bun\u0131 yazd\u0131. Mekt\u00fcbinde Cel\u00e2l a\u00f1latt\u0131 ki, &#8220;memuriy para cezalar\u0131 ve TFHni\u00f1 ma\u011fazlar\u0131nda tevqifler, insanlarn\u0131 tutuvlar ve azaplar, sahte cinaiy davalar ve aqiqiy adliyeni\u00f1 mevcut olmamas\u0131, insanlarn\u0131\u00f1 \u00f6z fikirlerini bildirmek [&hellip;]"}