




{"version":"1.0","provider_name":"\u041c\u0435\u0434\u0436\u043b\u0456\u0441","provider_url":"https:\/\/qtmm.org\/qt\/","author_name":"Developer","author_url":"https:\/\/qtmm.org\/qt\/author\/Developer\/","title":"Elvida, safda\u015f\u0131m\u0131z Adnan bey ... - \u041c\u0435\u0434\u0436\u043b\u0456\u0441","type":"rich","width":600,"height":338,"html":"<blockquote class=\"wp-embedded-content\" data-secret=\"SQ7kcGj5Xz\"><a href=\"https:\/\/qtmm.org\/qt\/elvida-safdasimiz-adnan-bey\/\">Elvida, safda\u015f\u0131m\u0131z Adnan bey &#8230;<\/a><\/blockquote><iframe sandbox=\"allow-scripts\" security=\"restricted\" src=\"https:\/\/qtmm.org\/qt\/elvida-safdasimiz-adnan-bey\/embed\/#?secret=SQ7kcGj5Xz\" width=\"600\" height=\"338\" title=\"&#8220;Elvida, safda\u015f\u0131m\u0131z Adnan bey &#8230;&#8221; &#8212; \u041c\u0435\u0434\u0436\u043b\u0456\u0441\" data-secret=\"SQ7kcGj5Xz\" frameborder=\"0\" marginwidth=\"0\" marginheight=\"0\" scrolling=\"no\" class=\"wp-embedded-content\"><\/iframe><script>\n\/*! This file is auto-generated *\/\n!function(d,l){\"use strict\";l.querySelector&&d.addEventListener&&\"undefined\"!=typeof URL&&(d.wp=d.wp||{},d.wp.receiveEmbedMessage||(d.wp.receiveEmbedMessage=function(e){var t=e.data;if((t||t.secret||t.message||t.value)&&!\/[^a-zA-Z0-9]\/.test(t.secret)){for(var s,r,n,a=l.querySelectorAll('iframe[data-secret=\"'+t.secret+'\"]'),o=l.querySelectorAll('blockquote[data-secret=\"'+t.secret+'\"]'),c=new RegExp(\"^https?:$\",\"i\"),i=0;i<o.length;i++)o[i].style.display=\"none\";for(i=0;i<a.length;i++)s=a[i],e.source===s.contentWindow&&(s.removeAttribute(\"style\"),\"height\"===t.message?(1e3<(r=parseInt(t.value,10))?r=1e3:~~r<200&&(r=200),s.height=r):\"link\"===t.message&&(r=new URL(s.getAttribute(\"src\")),n=new URL(t.value),c.test(n.protocol))&&n.host===r.host&&l.activeElement===s&&(d.top.location.href=t.value))}},d.addEventListener(\"message\",d.wp.receiveEmbedMessage,!1),l.addEventListener(\"DOMContentLoaded\",function(){for(var e,t,s=l.querySelectorAll(\"iframe.wp-embedded-content\"),r=0;r<s.length;r++)(t=(e=s[r]).getAttribute(\"data-secret\"))||(t=Math.random().toString(36).substring(2,12),e.src+=\"#?secret=\"+t,e.setAttribute(\"data-secret\",t)),e.contentWindow.postMessage({message:\"ready\",secret:t},\"*\")},!1)))}(window,document);\n\/\/# sourceURL=https:\/\/qtmm.org\/wp-includes\/js\/wp-embed.min.js\n<\/script>\n","description":"T\u00fcrkiyeni\u00f1 b\u00fcy\u00fck ve belli \u015feerlerinden biri \u2013 Bursadan qara haber keldi. Bursa q\u0131r\u0131mtatar dernegine \u00e7oq y\u0131llar devam\u0131nda yetek\u00e7ilik yapqan, bun\u0131\u00f1nen beraber milliy areketimizni\u00f1 faal i\u015ftirak\u00e7isi, Q\u0131r\u0131mn\u0131\u00f1 aqiqiy vatanperveri, ecdatlar\u0131 \u00d6zenba\u015f k\u00f6y\u00fcnden ol\u011fan Adnan Suyen apans\u0131zdan vefat etti. Y\u00fcregi inqiraz neticesinde bug\u00fcn, 5 ocaqta (yanvar) uruvdan toqta\u011fan dostum\u0131z, safda\u015f\u0131m\u0131z ale daa 59 ya\u015f\u0131nda edi. Ya\u015fl\u0131\u011f\u0131ndan milliy [&hellip;]","thumbnail_url":"https:\/\/qtmm.org\/wp-content\/uploads\/2022\/01\/adnan_s_yen.jpeg","thumbnail_width":650,"thumbnail_height":471}