




{"version":"1.0","provider_name":"\u041c\u0435\u0434\u0436\u043b\u0456\u0441","provider_url":"https:\/\/qtmm.org\/qt\/","author_name":"Developer","author_url":"https:\/\/qtmm.org\/qt\/author\/Developer\/","title":"D\u0131\u015fi\u015fleri Bakan\u0131 Davuto\u011flu K\u0131r\u0131m Dernekleri Temsilcileri'ni kabul etti - \u041c\u0435\u0434\u0436\u043b\u0456\u0441","type":"rich","width":600,"height":338,"html":"<blockquote class=\"wp-embedded-content\" data-secret=\"swXpvOcLb3\"><a href=\"https:\/\/qtmm.org\/qt\/disisleri-bakani-davutoglu-kirim-dernekleri-temsilcilerini-kabul-etti\/\">D\u0131\u015fi\u015fleri Bakan\u0131 Davuto\u011flu K\u0131r\u0131m Dernekleri Temsilcileri&#8217;ni kabul etti<\/a><\/blockquote><iframe sandbox=\"allow-scripts\" security=\"restricted\" src=\"https:\/\/qtmm.org\/qt\/disisleri-bakani-davutoglu-kirim-dernekleri-temsilcilerini-kabul-etti\/embed\/#?secret=swXpvOcLb3\" width=\"600\" height=\"338\" title=\"&#8220;D\u0131\u015fi\u015fleri Bakan\u0131 Davuto\u011flu K\u0131r\u0131m Dernekleri Temsilcileri&#8217;ni kabul etti&#8221; &#8212; \u041c\u0435\u0434\u0436\u043b\u0456\u0441\" data-secret=\"swXpvOcLb3\" frameborder=\"0\" marginwidth=\"0\" marginheight=\"0\" scrolling=\"no\" class=\"wp-embedded-content\"><\/iframe><script>\n\/*! This file is auto-generated *\/\n!function(d,l){\"use strict\";l.querySelector&&d.addEventListener&&\"undefined\"!=typeof URL&&(d.wp=d.wp||{},d.wp.receiveEmbedMessage||(d.wp.receiveEmbedMessage=function(e){var t=e.data;if((t||t.secret||t.message||t.value)&&!\/[^a-zA-Z0-9]\/.test(t.secret)){for(var s,r,n,a=l.querySelectorAll('iframe[data-secret=\"'+t.secret+'\"]'),o=l.querySelectorAll('blockquote[data-secret=\"'+t.secret+'\"]'),c=new RegExp(\"^https?:$\",\"i\"),i=0;i<o.length;i++)o[i].style.display=\"none\";for(i=0;i<a.length;i++)s=a[i],e.source===s.contentWindow&&(s.removeAttribute(\"style\"),\"height\"===t.message?(1e3<(r=parseInt(t.value,10))?r=1e3:~~r<200&&(r=200),s.height=r):\"link\"===t.message&&(r=new URL(s.getAttribute(\"src\")),n=new URL(t.value),c.test(n.protocol))&&n.host===r.host&&l.activeElement===s&&(d.top.location.href=t.value))}},d.addEventListener(\"message\",d.wp.receiveEmbedMessage,!1),l.addEventListener(\"DOMContentLoaded\",function(){for(var e,t,s=l.querySelectorAll(\"iframe.wp-embedded-content\"),r=0;r<s.length;r++)(t=(e=s[r]).getAttribute(\"data-secret\"))||(t=Math.random().toString(36).substring(2,12),e.src+=\"#?secret=\"+t,e.setAttribute(\"data-secret\",t)),e.contentWindow.postMessage({message:\"ready\",secret:t},\"*\")},!1)))}(window,document);\n\/\/# sourceURL=https:\/\/qtmm.org\/wp-includes\/js\/wp-embed.min.js\n<\/script>\n","description":"D\u0131\u015fi\u015fleri Bakan\u0131 Say\u0131n Ahmet Davuto\u011flu, 3 Mart 2014 tarihinde K\u0131r\u0131m T\u00fcrkleri K\u00fclt\u00fcr ve Yard\u0131mla\u015fma Derne\u011fi, Emel K\u0131r\u0131m Vakf\u0131, \u0130zmir K\u0131r\u0131m Derne\u011fi, D\u00fczce K\u0131r\u0131m Derne\u011fi, Ankara Polatl\u0131 K\u0131r\u0131m Derne\u011fi, K\u0131r\u0131m Geli\u015fim Vakf\u0131, Eski\u015fehir K\u0131r\u0131m Derne\u011fi, Kocaeli K\u0131r\u0131m Tatarlar\u0131 K\u00fclt\u00fcr ve Dayan\u0131\u015fma Derne\u011fi, K\u0131r\u0131m Tatar Dernekleri Federasyonu\u2019ndan yakla\u015f\u0131k 50 temsilciyi kabul etti. G\u00f6r\u00fc\u015fmede, K\u0131r\u0131m Tatarlar\u0131n\u0131n yak\u0131n d\u00f6nemde [&hellip;]"}