




{"version":"1.0","provider_name":"\u041c\u0435\u0434\u0436\u043b\u0456\u0441","provider_url":"https:\/\/qtmm.org\/qt\/","author_name":"Developer","author_url":"https:\/\/qtmm.org\/qt\/author\/Developer\/","title":"Cengiz Da\u011fc\u0131n\u0131\u00f1 cenaze merasimi aqq\u0131nda - \u041c\u0435\u0434\u0436\u043b\u0456\u0441","type":"rich","width":600,"height":338,"html":"<blockquote class=\"wp-embedded-content\" data-secret=\"x7d0DjWN3l\"><a href=\"https:\/\/qtmm.org\/qt\/cengiz-dagcinin-cenaze-merasimi-aqqinda\/\">Cengiz Da\u011fc\u0131n\u0131\u00f1 cenaze merasimi aqq\u0131nda<\/a><\/blockquote><iframe sandbox=\"allow-scripts\" security=\"restricted\" src=\"https:\/\/qtmm.org\/qt\/cengiz-dagcinin-cenaze-merasimi-aqqinda\/embed\/#?secret=x7d0DjWN3l\" width=\"600\" height=\"338\" title=\"&#8220;Cengiz Da\u011fc\u0131n\u0131\u00f1 cenaze merasimi aqq\u0131nda&#8221; &#8212; \u041c\u0435\u0434\u0436\u043b\u0456\u0441\" data-secret=\"x7d0DjWN3l\" frameborder=\"0\" marginwidth=\"0\" marginheight=\"0\" scrolling=\"no\" class=\"wp-embedded-content\"><\/iframe><script>\n\/*! This file is auto-generated *\/\n!function(d,l){\"use strict\";l.querySelector&&d.addEventListener&&\"undefined\"!=typeof URL&&(d.wp=d.wp||{},d.wp.receiveEmbedMessage||(d.wp.receiveEmbedMessage=function(e){var t=e.data;if((t||t.secret||t.message||t.value)&&!\/[^a-zA-Z0-9]\/.test(t.secret)){for(var s,r,n,a=l.querySelectorAll('iframe[data-secret=\"'+t.secret+'\"]'),o=l.querySelectorAll('blockquote[data-secret=\"'+t.secret+'\"]'),c=new RegExp(\"^https?:$\",\"i\"),i=0;i<o.length;i++)o[i].style.display=\"none\";for(i=0;i<a.length;i++)s=a[i],e.source===s.contentWindow&&(s.removeAttribute(\"style\"),\"height\"===t.message?(1e3<(r=parseInt(t.value,10))?r=1e3:~~r<200&&(r=200),s.height=r):\"link\"===t.message&&(r=new URL(s.getAttribute(\"src\")),n=new URL(t.value),c.test(n.protocol))&&n.host===r.host&&l.activeElement===s&&(d.top.location.href=t.value))}},d.addEventListener(\"message\",d.wp.receiveEmbedMessage,!1),l.addEventListener(\"DOMContentLoaded\",function(){for(var e,t,s=l.querySelectorAll(\"iframe.wp-embedded-content\"),r=0;r<s.length;r++)(t=(e=s[r]).getAttribute(\"data-secret\"))||(t=Math.random().toString(36).substring(2,12),e.src+=\"#?secret=\"+t,e.setAttribute(\"data-secret\",t)),e.contentWindow.postMessage({message:\"ready\",secret:t},\"*\")},!1)))}(window,document);\n\/\/# sourceURL=https:\/\/qtmm.org\/wp-includes\/js\/wp-embed.min.js\n<\/script>\n","description":"Q\u0131r\u0131mtatar halq\u0131 Meclisini\u00f1 reisi Mustafa Cemilevni\u00f1 qarar\u0131 ile me\u015fur q\u0131r\u0131mtatar yaz\u0131c\u0131s\u0131 Cengiz Da\u011fc\u0131n\u0131\u00f1 defn merasimini te\u015fkil et\u00fcv boyunca Komissiya meydan\u011fa ketirildi. C. Da\u011fc\u0131 sent\u00e2br 22 k\u00fcn\u00fc Londrada vefat etti. Sent\u00e2br 26 k\u00fcn\u00fc Komissiyan\u0131\u00f1 birinci topla\u015fuv\u0131 \u00f6tkerilip, onda yaz\u0131c\u0131n\u0131\u00f1 Aqmescit civar\u0131nda ya\u015fa\u011fan do\u011fmu\u015f qarda\u015f\u0131 Ay\u015fe han\u0131m da i\u015ftirak etti. Meclis reisi Mustafa Cemilev Cengiz Da\u011fc\u0131n\u0131\u00f1 yaq\u0131nlar\u0131 [&hellip;]"}