




{"version":"1.0","provider_name":"\u041c\u0435\u0434\u0436\u043b\u0456\u0441","provider_url":"https:\/\/qtmm.org\/qt\/","author_name":"Developer","author_url":"https:\/\/qtmm.org\/qt\/author\/Developer\/","title":"Bursa dernegi \u0130sl\u00e2m Terek rayon\u0131nda ya\u00f1\u0131 cami quracaq - \u041c\u0435\u0434\u0436\u043b\u0456\u0441","type":"rich","width":600,"height":338,"html":"<blockquote class=\"wp-embedded-content\" data-secret=\"SNo80NFZlx\"><a href=\"https:\/\/qtmm.org\/qt\/bursa-dernegi-islam-terek-rayoninda-yani-cami-quracaq\/\">Bursa dernegi \u0130sl\u00e2m Terek rayon\u0131nda ya\u00f1\u0131 cami quracaq<\/a><\/blockquote><iframe sandbox=\"allow-scripts\" security=\"restricted\" src=\"https:\/\/qtmm.org\/qt\/bursa-dernegi-islam-terek-rayoninda-yani-cami-quracaq\/embed\/#?secret=SNo80NFZlx\" width=\"600\" height=\"338\" title=\"&#8220;Bursa dernegi \u0130sl\u00e2m Terek rayon\u0131nda ya\u00f1\u0131 cami quracaq&#8221; &#8212; \u041c\u0435\u0434\u0436\u043b\u0456\u0441\" data-secret=\"SNo80NFZlx\" frameborder=\"0\" marginwidth=\"0\" marginheight=\"0\" scrolling=\"no\" class=\"wp-embedded-content\"><\/iframe><script>\n\/*! This file is auto-generated *\/\n!function(d,l){\"use strict\";l.querySelector&&d.addEventListener&&\"undefined\"!=typeof URL&&(d.wp=d.wp||{},d.wp.receiveEmbedMessage||(d.wp.receiveEmbedMessage=function(e){var t=e.data;if((t||t.secret||t.message||t.value)&&!\/[^a-zA-Z0-9]\/.test(t.secret)){for(var s,r,n,a=l.querySelectorAll('iframe[data-secret=\"'+t.secret+'\"]'),o=l.querySelectorAll('blockquote[data-secret=\"'+t.secret+'\"]'),c=new RegExp(\"^https?:$\",\"i\"),i=0;i<o.length;i++)o[i].style.display=\"none\";for(i=0;i<a.length;i++)s=a[i],e.source===s.contentWindow&&(s.removeAttribute(\"style\"),\"height\"===t.message?(1e3<(r=parseInt(t.value,10))?r=1e3:~~r<200&&(r=200),s.height=r):\"link\"===t.message&&(r=new URL(s.getAttribute(\"src\")),n=new URL(t.value),c.test(n.protocol))&&n.host===r.host&&l.activeElement===s&&(d.top.location.href=t.value))}},d.addEventListener(\"message\",d.wp.receiveEmbedMessage,!1),l.addEventListener(\"DOMContentLoaded\",function(){for(var e,t,s=l.querySelectorAll(\"iframe.wp-embedded-content\"),r=0;r<s.length;r++)(t=(e=s[r]).getAttribute(\"data-secret\"))||(t=Math.random().toString(36).substring(2,12),e.src+=\"#?secret=\"+t,e.setAttribute(\"data-secret\",t)),e.contentWindow.postMessage({message:\"ready\",secret:t},\"*\")},!1)))}(window,document);\n\/\/# sourceURL=https:\/\/qtmm.org\/wp-includes\/js\/wp-embed.min.js\n<\/script>\n","thumbnail_url":"https:\/\/qtmm.org\/wp-content\/uploads\/2022\/01\/kulechtemel01.jpeg","thumbnail_width":650,"thumbnail_height":440,"description":"Dekabr 11 k\u00fcn\u00fc \u0130sl\u00e2m Terek rayon\u0131n\u0131\u00f1 K\u00fcle\u00e7 Me\u00e7it k\u00f6y\u00fcnde qurulacaq camini\u00f1 temeline ta\u015f qoyuv merasimi ol\u0131p ke\u00e7ti. Cami Bursa q\u0131r\u0131mtatar medeniyet ve yard\u0131mla\u015fma dernegini\u00f1 maddiy qoltutuv\u0131nda qurulacaq. Merasimde Q\u0131r\u0131mtatar halq\u0131 meclisini\u00f1 reisi Refat \u00c7ubarov, Q\u0131r\u0131m musulmanlar\u0131 M\u00fcftiyini\u00f1 muavini Ayder \u0130smailov, Bursa q\u0131r\u0131mtatar medeniyet ve yard\u0131mla\u015fma dernegini\u00f1 reisi\u00a0Adnan S\u00fcyen, \u0130sl\u00e2m Terek regional meclis reisi Ekrem Abdulvatov, [&hellip;]"}