




{"version":"1.0","provider_name":"\u041c\u0435\u0434\u0436\u043b\u0456\u0441","provider_url":"https:\/\/qtmm.org\/qt\/","author_name":"Developer","author_url":"https:\/\/qtmm.org\/qt\/author\/Developer\/","title":"Bi\u015fkekte stalin s\u00fcrg\u00fcnligi qurbanlar\u0131n\u0131 a\u00f1d\u0131lar - \u041c\u0435\u0434\u0436\u043b\u0456\u0441","type":"rich","width":600,"height":338,"html":"<blockquote class=\"wp-embedded-content\" data-secret=\"AwYiZzak6y\"><a href=\"https:\/\/qtmm.org\/qt\/biskekte-stalin-surgunligi-qurbanlarini-andilar\/\">Bi\u015fkekte stalin s\u00fcrg\u00fcnligi qurbanlar\u0131n\u0131 a\u00f1d\u0131lar<\/a><\/blockquote><iframe sandbox=\"allow-scripts\" security=\"restricted\" src=\"https:\/\/qtmm.org\/qt\/biskekte-stalin-surgunligi-qurbanlarini-andilar\/embed\/#?secret=AwYiZzak6y\" width=\"600\" height=\"338\" title=\"&#8220;Bi\u015fkekte stalin s\u00fcrg\u00fcnligi qurbanlar\u0131n\u0131 a\u00f1d\u0131lar&#8221; &#8212; \u041c\u0435\u0434\u0436\u043b\u0456\u0441\" data-secret=\"AwYiZzak6y\" frameborder=\"0\" marginwidth=\"0\" marginheight=\"0\" scrolling=\"no\" class=\"wp-embedded-content\"><\/iframe><script>\n\/*! This file is auto-generated *\/\n!function(d,l){\"use strict\";l.querySelector&&d.addEventListener&&\"undefined\"!=typeof URL&&(d.wp=d.wp||{},d.wp.receiveEmbedMessage||(d.wp.receiveEmbedMessage=function(e){var t=e.data;if((t||t.secret||t.message||t.value)&&!\/[^a-zA-Z0-9]\/.test(t.secret)){for(var s,r,n,a=l.querySelectorAll('iframe[data-secret=\"'+t.secret+'\"]'),o=l.querySelectorAll('blockquote[data-secret=\"'+t.secret+'\"]'),c=new RegExp(\"^https?:$\",\"i\"),i=0;i<o.length;i++)o[i].style.display=\"none\";for(i=0;i<a.length;i++)s=a[i],e.source===s.contentWindow&&(s.removeAttribute(\"style\"),\"height\"===t.message?(1e3<(r=parseInt(t.value,10))?r=1e3:~~r<200&&(r=200),s.height=r):\"link\"===t.message&&(r=new URL(s.getAttribute(\"src\")),n=new URL(t.value),c.test(n.protocol))&&n.host===r.host&&l.activeElement===s&&(d.top.location.href=t.value))}},d.addEventListener(\"message\",d.wp.receiveEmbedMessage,!1),l.addEventListener(\"DOMContentLoaded\",function(){for(var e,t,s=l.querySelectorAll(\"iframe.wp-embedded-content\"),r=0;r<s.length;r++)(t=(e=s[r]).getAttribute(\"data-secret\"))||(t=Math.random().toString(36).substring(2,12),e.src+=\"#?secret=\"+t,e.setAttribute(\"data-secret\",t)),e.contentWindow.postMessage({message:\"ready\",secret:t},\"*\")},!1)))}(window,document);\n\/\/# sourceURL=https:\/\/qtmm.org\/wp-includes\/js\/wp-embed.min.js\n<\/script>\n","thumbnail_url":"https:\/\/qtmm.org\/wp-content\/uploads\/2022\/01\/img_0941.jpeg","thumbnail_width":700,"thumbnail_height":525,"description":"2013 senesi may\u0131s 18 \u2013 q\u0131r\u0131mtatar halq\u0131 i\u00e7\u00fcn matem k\u00fcn\u00fcnde Bi\u015fkekteki Alar\u00e7\u0131n mezarl\u0131\u011f\u0131nda q\u0131r\u0131mtatar diasporas\u0131 vekilleri toplan\u0131p, s\u00fcrg\u00fcnlik qurbanlar\u0131n\u0131\u00f1 ruhuna dua oqud\u0131lar. Bu aqta Q\u0131r\u011f\u0131zstan q\u0131r\u0131mtatar diasporas\u0131n\u0131\u00f1 vekili Enver Atamanov haber etti. Dua oqul\u011fan so\u00f1 s\u00fcrg\u00fcnlikni ba\u015f\u0131ndan ke\u00e7irgen qartlar ya\u015flar\u011fa o de\u015fetli k\u00fcnler, q\u0131r\u0131mtatarlarn\u0131\u00f1 s\u00fcrg\u00fcnlik yerlerinde \u00e7ekken azaplar\u0131 aqq\u0131nda ik\u00e2ye ettiler."}