




{"version":"1.0","provider_name":"\u041c\u0435\u0434\u0436\u043b\u0456\u0441","provider_url":"https:\/\/qtmm.org\/qt\/","author_name":"Developer","author_url":"https:\/\/qtmm.org\/qt\/author\/Developer\/","title":"Belli q\u0131r\u0131mtatar eykelt\u0131ra\u015f \u0130lmiy Ametov vefat etti - \u041c\u0435\u0434\u0436\u043b\u0456\u0441","type":"rich","width":600,"height":338,"html":"<blockquote class=\"wp-embedded-content\" data-secret=\"Dgd95PDlnG\"><a href=\"https:\/\/qtmm.org\/qt\/belli-qirimtatar-eykeltiras-ilmiy-ametov-vefat-etti\/\">Belli q\u0131r\u0131mtatar eykelt\u0131ra\u015f \u0130lmiy Ametov vefat etti<\/a><\/blockquote><iframe sandbox=\"allow-scripts\" security=\"restricted\" src=\"https:\/\/qtmm.org\/qt\/belli-qirimtatar-eykeltiras-ilmiy-ametov-vefat-etti\/embed\/#?secret=Dgd95PDlnG\" width=\"600\" height=\"338\" title=\"&#8220;Belli q\u0131r\u0131mtatar eykelt\u0131ra\u015f \u0130lmiy Ametov vefat etti&#8221; &#8212; \u041c\u0435\u0434\u0436\u043b\u0456\u0441\" data-secret=\"Dgd95PDlnG\" frameborder=\"0\" marginwidth=\"0\" marginheight=\"0\" scrolling=\"no\" class=\"wp-embedded-content\"><\/iframe><script>\n\/*! This file is auto-generated *\/\n!function(d,l){\"use strict\";l.querySelector&&d.addEventListener&&\"undefined\"!=typeof URL&&(d.wp=d.wp||{},d.wp.receiveEmbedMessage||(d.wp.receiveEmbedMessage=function(e){var t=e.data;if((t||t.secret||t.message||t.value)&&!\/[^a-zA-Z0-9]\/.test(t.secret)){for(var s,r,n,a=l.querySelectorAll('iframe[data-secret=\"'+t.secret+'\"]'),o=l.querySelectorAll('blockquote[data-secret=\"'+t.secret+'\"]'),c=new RegExp(\"^https?:$\",\"i\"),i=0;i<o.length;i++)o[i].style.display=\"none\";for(i=0;i<a.length;i++)s=a[i],e.source===s.contentWindow&&(s.removeAttribute(\"style\"),\"height\"===t.message?(1e3<(r=parseInt(t.value,10))?r=1e3:~~r<200&&(r=200),s.height=r):\"link\"===t.message&&(r=new URL(s.getAttribute(\"src\")),n=new URL(t.value),c.test(n.protocol))&&n.host===r.host&&l.activeElement===s&&(d.top.location.href=t.value))}},d.addEventListener(\"message\",d.wp.receiveEmbedMessage,!1),l.addEventListener(\"DOMContentLoaded\",function(){for(var e,t,s=l.querySelectorAll(\"iframe.wp-embedded-content\"),r=0;r<s.length;r++)(t=(e=s[r]).getAttribute(\"data-secret\"))||(t=Math.random().toString(36).substring(2,12),e.src+=\"#?secret=\"+t,e.setAttribute(\"data-secret\",t)),e.contentWindow.postMessage({message:\"ready\",secret:t},\"*\")},!1)))}(window,document);\n\/\/# sourceURL=https:\/\/qtmm.org\/wp-includes\/js\/wp-embed.min.js\n<\/script>\n","description":"T\u00fcnevin devaml\u0131 hastal\u0131qtan so\u00f1 istidatl\u0131 eykelt\u0131ra\u015f, Q\u0131r\u0131mtatar halq\u0131 milliy areketini\u00f1 faal \u0130lmiy Ametov vefat etti. Merhumn\u0131\u00f1 avgust 16 k\u00fcn\u00fc Aqmescitteki Kebir camide q\u0131l\u0131n\u011fan cenaze merasiminde Q\u0131r\u0131mtatar halq\u0131 Meclisini\u00f1 reisi Mustafa Cemilev, Q\u0131r\u0131m musulmanlar\u0131n\u0131\u00f1 m\u00fcftisi haci Emirali Ablayev, Meclis azalar\u0131, Milliy areket veteranlar\u0131, Q\u0131r\u0131m aikimiyet organlar\u0131n\u0131\u00f1 hadimleri, cemaat ve siyasiy erbaplar, \u00e7oqtan-\u00e7oq aqrabalar\u0131, dost-e\u015fleri ve tan\u0131\u015flar\u0131 [&hellip;]"}