




{"version":"1.0","provider_name":"\u041c\u0435\u0434\u0436\u043b\u0456\u0441","provider_url":"https:\/\/qtmm.org\/qt\/","author_name":"Developer","author_url":"https:\/\/qtmm.org\/qt\/author\/Developer\/","title":"Ba\u011f\u00e7asarayda Orta Camini\u00f1 tantanal\u0131 a\u00e7\u0131l\u0131\u015f\u0131 old\u0131 - \u041c\u0435\u0434\u0436\u043b\u0456\u0441","type":"rich","width":600,"height":338,"html":"<blockquote class=\"wp-embedded-content\" data-secret=\"E4uxqmIrGs\"><a href=\"https:\/\/qtmm.org\/qt\/bagcasarayda-orta-caminin-tantanali-acilisi-oldi\/\">Ba\u011f\u00e7asarayda Orta Camini\u00f1 tantanal\u0131 a\u00e7\u0131l\u0131\u015f\u0131 old\u0131<\/a><\/blockquote><iframe sandbox=\"allow-scripts\" security=\"restricted\" src=\"https:\/\/qtmm.org\/qt\/bagcasarayda-orta-caminin-tantanali-acilisi-oldi\/embed\/#?secret=E4uxqmIrGs\" width=\"600\" height=\"338\" title=\"&#8220;Ba\u011f\u00e7asarayda Orta Camini\u00f1 tantanal\u0131 a\u00e7\u0131l\u0131\u015f\u0131 old\u0131&#8221; &#8212; \u041c\u0435\u0434\u0436\u043b\u0456\u0441\" data-secret=\"E4uxqmIrGs\" frameborder=\"0\" marginwidth=\"0\" marginheight=\"0\" scrolling=\"no\" class=\"wp-embedded-content\"><\/iframe><script>\n\/*! This file is auto-generated *\/\n!function(d,l){\"use strict\";l.querySelector&&d.addEventListener&&\"undefined\"!=typeof URL&&(d.wp=d.wp||{},d.wp.receiveEmbedMessage||(d.wp.receiveEmbedMessage=function(e){var t=e.data;if((t||t.secret||t.message||t.value)&&!\/[^a-zA-Z0-9]\/.test(t.secret)){for(var s,r,n,a=l.querySelectorAll('iframe[data-secret=\"'+t.secret+'\"]'),o=l.querySelectorAll('blockquote[data-secret=\"'+t.secret+'\"]'),c=new RegExp(\"^https?:$\",\"i\"),i=0;i<o.length;i++)o[i].style.display=\"none\";for(i=0;i<a.length;i++)s=a[i],e.source===s.contentWindow&&(s.removeAttribute(\"style\"),\"height\"===t.message?(1e3<(r=parseInt(t.value,10))?r=1e3:~~r<200&&(r=200),s.height=r):\"link\"===t.message&&(r=new URL(s.getAttribute(\"src\")),n=new URL(t.value),c.test(n.protocol))&&n.host===r.host&&l.activeElement===s&&(d.top.location.href=t.value))}},d.addEventListener(\"message\",d.wp.receiveEmbedMessage,!1),l.addEventListener(\"DOMContentLoaded\",function(){for(var e,t,s=l.querySelectorAll(\"iframe.wp-embedded-content\"),r=0;r<s.length;r++)(t=(e=s[r]).getAttribute(\"data-secret\"))||(t=Math.random().toString(36).substring(2,12),e.src+=\"#?secret=\"+t,e.setAttribute(\"data-secret\",t)),e.contentWindow.postMessage({message:\"ready\",secret:t},\"*\")},!1)))}(window,document);\n\/\/# sourceURL=https:\/\/qtmm.org\/wp-includes\/js\/wp-embed.min.js\n<\/script>\n","thumbnail_url":"https:\/\/qtmm.org\/wp-content\/uploads\/2022\/01\/jm6u33x5k1c.jpeg","thumbnail_width":800,"thumbnail_height":462,"description":"Avgust 16 k\u00fcn\u00fc Ba\u011f\u00e7asarayda 95 y\u0131ldan berli qapal\u0131 tur\u011fan Orta cami tantanal\u0131 \u015fekilde a\u00e7\u0131ld\u0131. 18 as\u0131r mimarl\u0131q yadik\u00e2rl\u0131\u011f\u0131 \u00dcmerovlar qoorantas\u0131 \u2013 baba ac\u0131 Enver \u00dcmerov ve o\u011fullar\u0131 ac\u0131lar Aslan ve Rustemni\u00f1 \u015fahsiy paralar\u0131 esab\u0131na, Q\u0131r\u0131m m\u00fcftisi ac\u0131 Emirali Ablayev yolb\u015f\u00e7\u0131l\u0131\u011f\u0131nda restavratsiya yap\u0131l\u011fan so\u00f1 kene faaliyetke ke\u00e7ti. Camini\u00f1 resmiy a\u00e7\u0131l\u0131\u015f\u0131nda Milliy Meclis reisi Mustafa Cemilev, B\u00fct\u00fcnd\u00fcnya [&hellip;]"}