




{"version":"1.0","provider_name":"\u041c\u0435\u0434\u0436\u043b\u0456\u0441","provider_url":"https:\/\/qtmm.org\/qt\/","author_name":"Developer","author_url":"https:\/\/qtmm.org\/qt\/author\/Developer\/","title":"Avropa Birligini\u00f1 insan aqlar\u0131 boyunca Komissar\u0131 Q\u0131r\u0131mda - \u041c\u0435\u0434\u0436\u043b\u0456\u0441","type":"rich","width":600,"height":338,"html":"<blockquote class=\"wp-embedded-content\" data-secret=\"Cn8nSN2ekf\"><a href=\"https:\/\/qtmm.org\/qt\/avropa-birliginin-insan-aqlari-boyunca-komissari-qirimda\/\">Avropa Birligini\u00f1 insan aqlar\u0131 boyunca Komissar\u0131 Q\u0131r\u0131mda<\/a><\/blockquote><iframe sandbox=\"allow-scripts\" security=\"restricted\" src=\"https:\/\/qtmm.org\/qt\/avropa-birliginin-insan-aqlari-boyunca-komissari-qirimda\/embed\/#?secret=Cn8nSN2ekf\" width=\"600\" height=\"338\" title=\"&#8220;Avropa Birligini\u00f1 insan aqlar\u0131 boyunca Komissar\u0131 Q\u0131r\u0131mda&#8221; &#8212; \u041c\u0435\u0434\u0436\u043b\u0456\u0441\" data-secret=\"Cn8nSN2ekf\" frameborder=\"0\" marginwidth=\"0\" marginheight=\"0\" scrolling=\"no\" class=\"wp-embedded-content\"><\/iframe><script>\n\/*! This file is auto-generated *\/\n!function(d,l){\"use strict\";l.querySelector&&d.addEventListener&&\"undefined\"!=typeof URL&&(d.wp=d.wp||{},d.wp.receiveEmbedMessage||(d.wp.receiveEmbedMessage=function(e){var t=e.data;if((t||t.secret||t.message||t.value)&&!\/[^a-zA-Z0-9]\/.test(t.secret)){for(var s,r,n,a=l.querySelectorAll('iframe[data-secret=\"'+t.secret+'\"]'),o=l.querySelectorAll('blockquote[data-secret=\"'+t.secret+'\"]'),c=new RegExp(\"^https?:$\",\"i\"),i=0;i<o.length;i++)o[i].style.display=\"none\";for(i=0;i<a.length;i++)s=a[i],e.source===s.contentWindow&&(s.removeAttribute(\"style\"),\"height\"===t.message?(1e3<(r=parseInt(t.value,10))?r=1e3:~~r<200&&(r=200),s.height=r):\"link\"===t.message&&(r=new URL(s.getAttribute(\"src\")),n=new URL(t.value),c.test(n.protocol))&&n.host===r.host&&l.activeElement===s&&(d.top.location.href=t.value))}},d.addEventListener(\"message\",d.wp.receiveEmbedMessage,!1),l.addEventListener(\"DOMContentLoaded\",function(){for(var e,t,s=l.querySelectorAll(\"iframe.wp-embedded-content\"),r=0;r<s.length;r++)(t=(e=s[r]).getAttribute(\"data-secret\"))||(t=Math.random().toString(36).substring(2,12),e.src+=\"#?secret=\"+t,e.setAttribute(\"data-secret\",t)),e.contentWindow.postMessage({message:\"ready\",secret:t},\"*\")},!1)))}(window,document);\n\/\/# sourceURL=https:\/\/qtmm.org\/wp-includes\/js\/wp-embed.min.js\n<\/script>\n","thumbnail_url":"https:\/\/qtmm.org\/wp-content\/uploads\/2022\/01\/4ed8cda0d218b.jpeg","thumbnail_width":640,"thumbnail_height":480,"description":"Q\u0131r\u0131mda eki k\u00fcnl\u00fck i\u015f ziyaretinden bulun\u011fan Avropa Birligini\u00f1 insan aqlar\u0131 boyunca Komissar\u0131 Tomas Hammarberg noyabr 25 k\u00fcn\u00fcni\u00f1 ekinci yar\u0131s\u0131nda q\u0131r\u0131mtatar halq\u0131n\u0131\u00f1 vaziyetini \u00f6grendi. Avropa Birligini\u00f1 insan aqlar\u0131 boyunca Komissar\u0131 s\u0131fat\u0131nda Q\u0131r\u0131mda ilk sefer bulun\u011fan Tomas Hammarberg q\u0131r\u0131mtatar halq\u0131 meselesinen tan\u0131\u015fuv\u0131n\u0131 &#8220;Kr\u0131mavtogaz&#8221; qasabas\u0131nda topraq talap etken q\u0131r\u0131mtatarlarn\u0131\u00f1 naraz\u0131l\u0131q tarlas\u0131ndan ba\u015flad\u0131. Avropa Birligini\u00f1 insan aqlar\u0131 boyunca Komissar\u0131 [&hellip;]"}