




{"version":"1.0","provider_name":"\u041c\u0435\u0434\u0436\u043b\u0456\u0441","provider_url":"https:\/\/qtmm.org\/qt\/","author_name":"Developer","author_url":"https:\/\/qtmm.org\/qt\/author\/Developer\/","title":"Aslan \u00dcmerov Kiyevde Q\u0131r\u0131mtatarlar cemiyetini\u00f1 reisi olaraq sayland\u0131 - \u041c\u0435\u0434\u0436\u043b\u0456\u0441","type":"rich","width":600,"height":338,"html":"<blockquote class=\"wp-embedded-content\" data-secret=\"0gwz5owHoo\"><a href=\"https:\/\/qtmm.org\/qt\/aslan-umerov-kiyevde-qirimtatarlar-cemiyetinin-reisi-olaraq-saylandi\/\">Aslan \u00dcmerov Kiyevde Q\u0131r\u0131mtatarlar cemiyetini\u00f1 reisi olaraq sayland\u0131<\/a><\/blockquote><iframe sandbox=\"allow-scripts\" security=\"restricted\" src=\"https:\/\/qtmm.org\/qt\/aslan-umerov-kiyevde-qirimtatarlar-cemiyetinin-reisi-olaraq-saylandi\/embed\/#?secret=0gwz5owHoo\" width=\"600\" height=\"338\" title=\"&#8220;Aslan \u00dcmerov Kiyevde Q\u0131r\u0131mtatarlar cemiyetini\u00f1 reisi olaraq sayland\u0131&#8221; &#8212; \u041c\u0435\u0434\u0436\u043b\u0456\u0441\" data-secret=\"0gwz5owHoo\" frameborder=\"0\" marginwidth=\"0\" marginheight=\"0\" scrolling=\"no\" class=\"wp-embedded-content\"><\/iframe><script>\n\/*! This file is auto-generated *\/\n!function(d,l){\"use strict\";l.querySelector&&d.addEventListener&&\"undefined\"!=typeof URL&&(d.wp=d.wp||{},d.wp.receiveEmbedMessage||(d.wp.receiveEmbedMessage=function(e){var t=e.data;if((t||t.secret||t.message||t.value)&&!\/[^a-zA-Z0-9]\/.test(t.secret)){for(var s,r,n,a=l.querySelectorAll('iframe[data-secret=\"'+t.secret+'\"]'),o=l.querySelectorAll('blockquote[data-secret=\"'+t.secret+'\"]'),c=new RegExp(\"^https?:$\",\"i\"),i=0;i<o.length;i++)o[i].style.display=\"none\";for(i=0;i<a.length;i++)s=a[i],e.source===s.contentWindow&&(s.removeAttribute(\"style\"),\"height\"===t.message?(1e3<(r=parseInt(t.value,10))?r=1e3:~~r<200&&(r=200),s.height=r):\"link\"===t.message&&(r=new URL(s.getAttribute(\"src\")),n=new URL(t.value),c.test(n.protocol))&&n.host===r.host&&l.activeElement===s&&(d.top.location.href=t.value))}},d.addEventListener(\"message\",d.wp.receiveEmbedMessage,!1),l.addEventListener(\"DOMContentLoaded\",function(){for(var e,t,s=l.querySelectorAll(\"iframe.wp-embedded-content\"),r=0;r<s.length;r++)(t=(e=s[r]).getAttribute(\"data-secret\"))||(t=Math.random().toString(36).substring(2,12),e.src+=\"#?secret=\"+t,e.setAttribute(\"data-secret\",t)),e.contentWindow.postMessage({message:\"ready\",secret:t},\"*\")},!1)))}(window,document);\n\/\/# sourceURL=https:\/\/qtmm.org\/wp-includes\/js\/wp-embed.min.js\n<\/script>\n","description":"23 fevral k\u00fcn\u00fc Kiyevde Q\u0131r\u0131mtatar cemiyetini\u00f1 umumiy topla\u015fuv\u0131 ol\u0131p ke\u00e7ti. Topla\u015fuvdan evel belli cemaat erbab\u0131, Q\u0131r\u0131m cumhuriyetini\u00f1 reisi, Q\u0131r\u0131m, Poloniya ve Litva musulmanlar\u0131n\u0131\u00f1 m\u00fcftisi Noman \u00c7elebicihann\u0131\u00f1 hat\u0131ras\u0131 a\u00f1\u0131ld\u0131, dep\u00a0haber ete cemiyetni\u00f1 matbuat h\u0131zmeti. Topla\u015fuvda Q\u0131r\u0131mtatar halq\u0131 Meclisini\u00f1 azalar\u0131 Zair Smedl\u00e2yev, Ali Hamzin ve Zaur Smirnov i\u015ftirak ettiler. Qurultay delegatlar\u0131n\u0131 saylav boyunca Merkeziy saylav komissiyas\u0131n\u0131\u00f1 reisi [&hellip;]"}