




{"version":"1.0","provider_name":"\u041c\u0435\u0434\u0436\u043b\u0456\u0441","provider_url":"https:\/\/qtmm.org\/qt\/","author_name":"Developer","author_url":"https:\/\/qtmm.org\/qt\/author\/Developer\/","title":"Aqyarda Noman \u00c7elebicihan hat\u0131ras\u0131na miting \u00f6tkerildi - \u041c\u0435\u0434\u0436\u043b\u0456\u0441","type":"rich","width":600,"height":338,"html":"<blockquote class=\"wp-embedded-content\" data-secret=\"fr6cvXq0Dk\"><a href=\"https:\/\/qtmm.org\/qt\/aqyarda-noman-celebicihan-hatirasina-miting-otkerildi\/\">Aqyarda Noman \u00c7elebicihan hat\u0131ras\u0131na miting \u00f6tkerildi<\/a><\/blockquote><iframe sandbox=\"allow-scripts\" security=\"restricted\" src=\"https:\/\/qtmm.org\/qt\/aqyarda-noman-celebicihan-hatirasina-miting-otkerildi\/embed\/#?secret=fr6cvXq0Dk\" width=\"600\" height=\"338\" title=\"&#8220;Aqyarda Noman \u00c7elebicihan hat\u0131ras\u0131na miting \u00f6tkerildi&#8221; &#8212; \u041c\u0435\u0434\u0436\u043b\u0456\u0441\" data-secret=\"fr6cvXq0Dk\" frameborder=\"0\" marginwidth=\"0\" marginheight=\"0\" scrolling=\"no\" class=\"wp-embedded-content\"><\/iframe><script>\n\/*! This file is auto-generated *\/\n!function(d,l){\"use strict\";l.querySelector&&d.addEventListener&&\"undefined\"!=typeof URL&&(d.wp=d.wp||{},d.wp.receiveEmbedMessage||(d.wp.receiveEmbedMessage=function(e){var t=e.data;if((t||t.secret||t.message||t.value)&&!\/[^a-zA-Z0-9]\/.test(t.secret)){for(var s,r,n,a=l.querySelectorAll('iframe[data-secret=\"'+t.secret+'\"]'),o=l.querySelectorAll('blockquote[data-secret=\"'+t.secret+'\"]'),c=new RegExp(\"^https?:$\",\"i\"),i=0;i<o.length;i++)o[i].style.display=\"none\";for(i=0;i<a.length;i++)s=a[i],e.source===s.contentWindow&&(s.removeAttribute(\"style\"),\"height\"===t.message?(1e3<(r=parseInt(t.value,10))?r=1e3:~~r<200&&(r=200),s.height=r):\"link\"===t.message&&(r=new URL(s.getAttribute(\"src\")),n=new URL(t.value),c.test(n.protocol))&&n.host===r.host&&l.activeElement===s&&(d.top.location.href=t.value))}},d.addEventListener(\"message\",d.wp.receiveEmbedMessage,!1),l.addEventListener(\"DOMContentLoaded\",function(){for(var e,t,s=l.querySelectorAll(\"iframe.wp-embedded-content\"),r=0;r<s.length;r++)(t=(e=s[r]).getAttribute(\"data-secret\"))||(t=Math.random().toString(36).substring(2,12),e.src+=\"#?secret=\"+t,e.setAttribute(\"data-secret\",t)),e.contentWindow.postMessage({message:\"ready\",secret:t},\"*\")},!1)))}(window,document);\n\/\/# sourceURL=https:\/\/qtmm.org\/wp-includes\/js\/wp-embed.min.js\n<\/script>\n","description":"Q\u0131r\u0131mtatar halq\u0131n\u0131\u00f1 k\u00f6r\u00fcmli siyasiy ve cemaat erbab\u0131 Noman \u00c7elebicihan \u00f6ld\u00fcrilgenini\u00f1 95 y\u0131ll\u0131\u011f\u0131 munasebetinen Aqyarda Vosstav\u015fih meydan\u0131nda Milliy Meclis Aqyar ve Ba\u011f\u00e7asaray regional meclislernen birlikteki te\u015febb\u00fcsinen matem mitingi ke\u00e7irildi. Ulu insann\u0131\u00f1 hat\u0131ras\u0131n\u0131 a\u00f1maq i\u00e7\u00fcn fevral 23 k\u00fcn\u00fc m\u0131nda 1000-den ziyade insan topland\u0131 Tamam 95 y\u0131l evelsi &#8211; 1918 senesi 23 fevral k\u00fcn\u00fc Aqyarda \u015feer apshanesini\u00f1 divar\u0131 [&hellip;]"}