




{"version":"1.0","provider_name":"\u041c\u0435\u0434\u0436\u043b\u0456\u0441","provider_url":"https:\/\/qtmm.org\/qt\/","author_name":"Developer","author_url":"https:\/\/qtmm.org\/qt\/author\/Developer\/","title":"Aqyar regional meclisni\u00f1 reisi olaraq Enver Mamutdinov sayland\u0131 - \u041c\u0435\u0434\u0436\u043b\u0456\u0441","type":"rich","width":600,"height":338,"html":"<blockquote class=\"wp-embedded-content\" data-secret=\"mZLWZhq0Le\"><a href=\"https:\/\/qtmm.org\/qt\/aqyar-regional-meclisnin-reisi-olaraq-enver-mamutdinov-saylandi\/\">Aqyar regional meclisni\u00f1 reisi olaraq Enver Mamutdinov sayland\u0131<\/a><\/blockquote><iframe sandbox=\"allow-scripts\" security=\"restricted\" src=\"https:\/\/qtmm.org\/qt\/aqyar-regional-meclisnin-reisi-olaraq-enver-mamutdinov-saylandi\/embed\/#?secret=mZLWZhq0Le\" width=\"600\" height=\"338\" title=\"&#8220;Aqyar regional meclisni\u00f1 reisi olaraq Enver Mamutdinov sayland\u0131&#8221; &#8212; \u041c\u0435\u0434\u0436\u043b\u0456\u0441\" data-secret=\"mZLWZhq0Le\" frameborder=\"0\" marginwidth=\"0\" marginheight=\"0\" scrolling=\"no\" class=\"wp-embedded-content\"><\/iframe><script>\n\/*! This file is auto-generated *\/\n!function(d,l){\"use strict\";l.querySelector&&d.addEventListener&&\"undefined\"!=typeof URL&&(d.wp=d.wp||{},d.wp.receiveEmbedMessage||(d.wp.receiveEmbedMessage=function(e){var t=e.data;if((t||t.secret||t.message||t.value)&&!\/[^a-zA-Z0-9]\/.test(t.secret)){for(var s,r,n,a=l.querySelectorAll('iframe[data-secret=\"'+t.secret+'\"]'),o=l.querySelectorAll('blockquote[data-secret=\"'+t.secret+'\"]'),c=new RegExp(\"^https?:$\",\"i\"),i=0;i<o.length;i++)o[i].style.display=\"none\";for(i=0;i<a.length;i++)s=a[i],e.source===s.contentWindow&&(s.removeAttribute(\"style\"),\"height\"===t.message?(1e3<(r=parseInt(t.value,10))?r=1e3:~~r<200&&(r=200),s.height=r):\"link\"===t.message&&(r=new URL(s.getAttribute(\"src\")),n=new URL(t.value),c.test(n.protocol))&&n.host===r.host&&l.activeElement===s&&(d.top.location.href=t.value))}},d.addEventListener(\"message\",d.wp.receiveEmbedMessage,!1),l.addEventListener(\"DOMContentLoaded\",function(){for(var e,t,s=l.querySelectorAll(\"iframe.wp-embedded-content\"),r=0;r<s.length;r++)(t=(e=s[r]).getAttribute(\"data-secret\"))||(t=Math.random().toString(36).substring(2,12),e.src+=\"#?secret=\"+t,e.setAttribute(\"data-secret\",t)),e.contentWindow.postMessage({message:\"ready\",secret:t},\"*\")},!1)))}(window,document);\n\/\/# sourceURL=https:\/\/qtmm.org\/wp-includes\/js\/wp-embed.min.js\n<\/script>\n","description":"2012 senesi noyabr 24 k\u00fcn\u00fc \u00f6tkerilgen Aqyar region\u0131 q\u0131r\u0131mtatarlar\u0131 konferentsiyas\u0131n\u0131\u00f1 i\u015finde yerli meclislerni\u00f1 okt\u00e2br 20-de saylan\u011fan 38 azas\u0131ndan 36 neferi i\u015ftirak etti. Q\u0131r\u0131mtatar halq\u0131n\u0131\u00f1 \u00f6z \u00f6z\u00fcni idare et\u00fcv organlar\u0131 aqq\u0131ndaki nizam boyunca konferentsiyan\u0131 Yerli meclislerge saylavlarn\u0131 az\u0131rlav ve ke\u00e7ir\u00fcv boyunca komissiyan\u0131\u00f1 reisi Refat \u00c7ubarov al\u0131p bard\u0131. Konferentsiyada Q\u0131r\u0131mtatar halq\u0131 qurultay\u0131 Tefti\u015f komissiyas\u0131n\u0131\u00f1 reisi Qurtseit Abdullayev, [&hellip;]","thumbnail_url":"https:\/\/qtmm.org\/wp-content\/uploads\/2022\/01\/img_8707_1.jpeg","thumbnail_width":650,"thumbnail_height":300}